{"id":1302,"date":"2019-01-14T14:55:32","date_gmt":"2019-01-14T14:55:32","guid":{"rendered":"http:\/\/www.periodistasporlaigualdad.org\/?page_id=1302"},"modified":"2019-03-02T19:44:26","modified_gmt":"2019-03-02T19:44:26","slug":"laboratorio-de-titulares","status":"publish","type":"page","link":"http:\/\/www.periodistasporlaigualdad.org\/?page_id=1302","title":{"rendered":"Laboratorio de titulares"},"content":{"rendered":"<div id=\"pl-1302\"  class=\"panel-layout\" ><div id=\"pg-1302-0\"  class=\"panel-grid panel-no-style\" ><div id=\"pgc-1302-0-0\"  class=\"panel-grid-cell\" ><div id=\"panel-1302-0-0-0\" class=\"so-panel widget widget_sow-editor panel-first-child\" data-index=\"0\" ><div class=\"so-widget-sow-editor so-widget-sow-editor-base\"><h3 class=\"widget-title\">Laboratorio De Titulares<\/h3>\n<div class=\"siteorigin-widget-tinymce textwidget\">\n\t<p>El <a href=\"http:\/\/www.periodistasporlaigualdad.org\/2019\/02\/24\/laboratorio-de-periodismo-feminista\/\" target=\"_blank\" rel=\"noopener\"><strong>Laboratorio de Titulares<\/strong><\/a> es un espacio para la reflexi\u00f3n sobre la informaci\u00f3n que los medios de comunicaci\u00f3n publican sobre la mujer y, especialmente por su dramatismo, sobre los casos de violencia de g\u00e9nero.<\/p>\n<p>Desde la<a href=\"http:\/\/www.periodistasporlaigualdad.org\/objetivos\/\"><strong> Asociaci\u00f3n de Periodistas por la Igualdad<\/strong><\/a> queremos llamar la atenci\u00f3n sobre la importancia de la informaci\u00f3n con perspectiva de g\u00e9nero, de acuerdo con unas pautas consensuadas que se recogen en diferentes gu\u00edas y manuales.<\/p>\n<p>Nuestro objetivo es identificar los titulares que no responden a esta perspectiva de g\u00e9nero o al respeto a las v\u00edctimas, entre otros aspectos, y proponer redacciones alternativas que puedan servir a los medios de comunicaci\u00f3n como gu\u00eda en la elaboraci\u00f3n de sus informaciones.<\/p>\n<p><a href=\"http:\/\/www.periodistasporlaigualdad.org\/2019\/02\/24\/laboratorio-de-periodismo-feminista\/\" target=\"_blank\" rel=\"noopener\">El Laboratorio de Titulares es un <strong>espacio abierto a la colaboraci\u00f3n<\/strong><\/a> y las aportaciones de quienes quieran sumarse y debatir de forma constructiva, en positivo. OS INVITAMOS a participar aportando titulares a trav\u00e9s de Twitter con #labtitulares y vuestros comentarios.<\/p>\n<p>Adem\u00e1s de los titulares, nos fijaremos en los enfoques de la informaci\u00f3n, los recursos audiovisuales, los testimonios y otros elementos de las noticias que no est\u00e9n orientadas a denunciar, prevenir y terminar con la violencia machista o apoyen la desigualdad de g\u00e9nero.<\/p>\n<p>Para nuestras recomendaciones y titulares alternativos, nos apoyamos en una serie de gu\u00edas que elegimos por su claridad y concisi\u00f3n, aunque estamos abiertas a todas las referencias que pod\u00e1is sugerirnos.<\/p>\n<\/div>\n<\/div><\/div><div id=\"panel-1302-0-0-1\" class=\"so-panel widget widget_posts-list-widget panel-last-child\" data-index=\"1\" ><div class=\"panel-widget-style panel-widget-style-for-1302-0-0-1\" ><div class=\"so-widget-posts-list-widget so-widget-posts-list-widget-base\">\n<div class=\"row\">\n\t<ul class=\"isotope-grid isotope blog-grid\" data-sort-id=\"grid\">\n\n <li class=\"col-md-4 col-sm-6 grid-item post-1855 post type-post status-publish format-standard hentry category-laboratorio tag-el-pais tag-perspectiva-de-genero\">\t\t<div class=\"format-standard\">        \n                        <div class=\"grid-item-content\">\n                <h3><a href=\"http:\/\/www.periodistasporlaigualdad.org\/?p=1855\">Caso 9. Perspectiva de g\u00e9nero #labtitulares<\/a><\/h3>                <div class=\"grid-item-excerpt\"><p>\u00bfQui\u00e9n se suma a la batalla electoral contra Netanyahu? \u00bfun personaje de ficci\u00f3n o una mujer? Este titular de El Pa\u00eds\u00a0no s\u00f3lo invisibiliza a una<\/p><\/div>                <a href=\"http:\/\/www.periodistasporlaigualdad.org\/?p=1855\" class=\"pull-right basic-link\">Leer M\u00e1s<\/a>                                <div class=\"meta-data grid-item-meta\">\n                    <i class=\"fa fa-comments-o\"><\/i> <a href=\"http:\/\/www.periodistasporlaigualdad.org\/?p=1855#respond\" class=\"comments-link\" >0<\/a>                <\/div>\n                            <\/div>\n        <\/div>\n    <\/li>\n <li class=\"col-md-4 col-sm-6 grid-item post-1851 post type-post status-publish format-standard hentry category-laboratorio tag-heraldo tag-perspectiva-de-genero\">\t\t<div class=\"format-standard\">        \n                        <div class=\"grid-item-content\">\n                <h3><a href=\"http:\/\/www.periodistasporlaigualdad.org\/?p=1851\">Caso 8. Perspectiva de g\u00e9nero #labtitulares<\/a><\/h3>                <div class=\"grid-item-excerpt\"><p>&nbsp; La Real Academia de la Lengua recoge el t\u00e9rmino &#8220;Hombrada&#8221; defini\u00e9ndola como una &#8220;Acci\u00f3n muy meritoria y esforzada&#8221;. Desde el laboratorio de titulares consideramos<\/p><\/div>                <a href=\"http:\/\/www.periodistasporlaigualdad.org\/?p=1851\" class=\"pull-right basic-link\">Leer M\u00e1s<\/a>                                <div class=\"meta-data grid-item-meta\">\n                    <i class=\"fa fa-comments-o\"><\/i> <a href=\"http:\/\/www.periodistasporlaigualdad.org\/?p=1851#respond\" class=\"comments-link\" >0<\/a>                <\/div>\n                            <\/div>\n        <\/div>\n    <\/li>\n <li class=\"col-md-4 col-sm-6 grid-item post-1858 post type-post status-publish format-standard hentry category-laboratorio tag-cope tag-violencia-de-genero tag-violencia-machista\">\t\t<div class=\"format-standard\">        \n                        <div class=\"grid-item-content\">\n                <h3><a href=\"http:\/\/www.periodistasporlaigualdad.org\/?p=1858\">Caso 7. Violencia machista #labtitulares<\/a><\/h3>                <div class=\"grid-item-excerpt\"><p>&nbsp; La Cadena Cope public\u00f3 este titular el d\u00eda 28 de marzo y lo modific\u00f3 horas despu\u00e9s porque su redacci\u00f3n no respond\u00eda a las pautas<\/p><\/div>                <a href=\"http:\/\/www.periodistasporlaigualdad.org\/?p=1858\" class=\"pull-right basic-link\">Leer M\u00e1s<\/a>                                <div class=\"meta-data grid-item-meta\">\n                    <i class=\"fa fa-comments-o\"><\/i> <a href=\"http:\/\/www.periodistasporlaigualdad.org\/?p=1858#respond\" class=\"comments-link\" >0<\/a>                <\/div>\n                            <\/div>\n        <\/div>\n    <\/li>\n <li class=\"col-md-4 col-sm-6 grid-item post-1739 post type-post status-publish format-standard hentry category-laboratorio tag-europapress tag-heraldo tag-violencia-machista\">\t\t<div class=\"format-standard\">        \n                        <div class=\"grid-item-content\">\n                <h3><a href=\"http:\/\/www.periodistasporlaigualdad.org\/?p=1739\">Caso 6. Violencia machista #labtitulares<\/a><\/h3>                <div class=\"grid-item-excerpt\"><p>&nbsp; &nbsp; &nbsp; &nbsp; Analizamos tres titulares relacionados con el mismo asesinato. En el primero de ellos, de Heraldo de Arag\u00f3n \u00bfpara qu\u00e9 utilizar los<\/p><\/div>                <a href=\"http:\/\/www.periodistasporlaigualdad.org\/?p=1739\" class=\"pull-right basic-link\">Leer M\u00e1s<\/a>                                <div class=\"meta-data grid-item-meta\">\n                    <i class=\"fa fa-comments-o\"><\/i> <a href=\"http:\/\/www.periodistasporlaigualdad.org\/?p=1739#respond\" class=\"comments-link\" >0<\/a>                <\/div>\n                            <\/div>\n        <\/div>\n    <\/li>\n <li class=\"col-md-4 col-sm-6 grid-item post-1736 post type-post status-publish format-standard hentry category-laboratorio tag-corazon tag-igualdad tag-informacion tag-perspectiva-de-genero\">\t\t<div class=\"format-standard\">        \n                        <div class=\"grid-item-content\">\n                <h3><a href=\"http:\/\/www.periodistasporlaigualdad.org\/?p=1736\">Caso 7. Perspectiva de g\u00e9nero #labtitulares<\/a><\/h3>                <div class=\"grid-item-excerpt\"><p>&nbsp; Se utiliza un titular en portada que llama la atenci\u00f3n sobre la manida idea de \u201cuna mujer lleva a la ruina a un hombre\u201d.<\/p><\/div>                <a href=\"http:\/\/www.periodistasporlaigualdad.org\/?p=1736\" class=\"pull-right basic-link\">Leer M\u00e1s<\/a>                                <div class=\"meta-data grid-item-meta\">\n                    <i class=\"fa fa-comments-o\"><\/i> <a href=\"http:\/\/www.periodistasporlaigualdad.org\/?p=1736#respond\" class=\"comments-link\" >0<\/a>                <\/div>\n                            <\/div>\n        <\/div>\n    <\/li>\n <li class=\"col-md-4 col-sm-6 grid-item post-1733 post type-post status-publish format-standard hentry category-laboratorio tag-el-espanol tag-perspectiva-de-genero\">\t\t<div class=\"format-standard\">        \n                        <div class=\"grid-item-content\">\n                <h3><a href=\"http:\/\/www.periodistasporlaigualdad.org\/?p=1733\">Caso 6. Perspectiva de g\u00e9nero #labtitulares<\/a><\/h3>                <div class=\"grid-item-excerpt\"><p>&nbsp; Imaginemos este titular del El Espa\u00f1ol as\u00ed: \u2018Guaid\u00f3, un venezolano sin operar, el rostro fresco del pa\u00eds\u2019. Esto no pasar\u00eda nunca y, si embargo,<\/p><\/div>                <a href=\"http:\/\/www.periodistasporlaigualdad.org\/?p=1733\" class=\"pull-right basic-link\">Leer M\u00e1s<\/a>                                <div class=\"meta-data grid-item-meta\">\n                    <i class=\"fa fa-comments-o\"><\/i> <a href=\"http:\/\/www.periodistasporlaigualdad.org\/?p=1733#respond\" class=\"comments-link\" >0<\/a>                <\/div>\n                            <\/div>\n        <\/div>\n    <\/li>\n <li class=\"col-md-4 col-sm-6 grid-item post-1703 post type-post status-publish format-standard hentry category-laboratorio tag-el-econonomista tag-perspectiva-de-genero\">\t\t<div class=\"format-standard\">        \n                        <div class=\"grid-item-content\">\n                <h3><a href=\"http:\/\/www.periodistasporlaigualdad.org\/?p=1703\">Caso 5. Perspectiva de g\u00e9nero #labtitulares<\/a><\/h3>                <div class=\"grid-item-excerpt\"><p>Este art\u00edculo, publicado en El Economista, recibi\u00f3 cientos de cr\u00edticas en Twitter por la posici\u00f3n en la que situaba a Xisca Perell\u00f3 en relaci\u00f3n con<\/p><\/div>                <a href=\"http:\/\/www.periodistasporlaigualdad.org\/?p=1703\" class=\"pull-right basic-link\">Leer M\u00e1s<\/a>                                <div class=\"meta-data grid-item-meta\">\n                    <i class=\"fa fa-comments-o\"><\/i> <a href=\"http:\/\/www.periodistasporlaigualdad.org\/?p=1703#respond\" class=\"comments-link\" >0<\/a>                <\/div>\n                            <\/div>\n        <\/div>\n    <\/li>\n <li class=\"col-md-4 col-sm-6 grid-item post-1699 post type-post status-publish format-standard hentry category-laboratorio tag-abc tag-igualdad tag-perspectiva-de-genero\">\t\t<div class=\"format-standard\">        \n                        <div class=\"grid-item-content\">\n                <h3><a href=\"http:\/\/www.periodistasporlaigualdad.org\/?p=1699\">Caso 4. Perspectiva de g\u00e9nero #labtitulares<\/a><\/h3>                <div class=\"grid-item-excerpt\"><p>Es triste, pero en este caso desde ABC (informaci\u00f3n de la agencia EFE) se ha olvidado de Silvia Abril, la compa\u00f1era de Buenafuente en la<\/p><\/div>                <a href=\"http:\/\/www.periodistasporlaigualdad.org\/?p=1699\" class=\"pull-right basic-link\">Leer M\u00e1s<\/a>                                <div class=\"meta-data grid-item-meta\">\n                    <i class=\"fa fa-comments-o\"><\/i> <a href=\"http:\/\/www.periodistasporlaigualdad.org\/?p=1699#respond\" class=\"comments-link\" >0<\/a>                <\/div>\n                            <\/div>\n        <\/div>\n    <\/li>\n <li class=\"col-md-4 col-sm-6 grid-item post-1550 post type-post status-publish format-standard hentry category-laboratorio tag-el-pais tag-estados-unidos tag-la-sexta tag-violencia-machista\">\t\t<div class=\"format-standard\">        \n                        <div class=\"grid-item-content\">\n                <h3><a href=\"http:\/\/www.periodistasporlaigualdad.org\/?p=1550\">Caso 5. Violencia machista #labtitulares<\/a><\/h3>                <div class=\"grid-item-excerpt\"><p>&nbsp; Resulta llamativa la redacci\u00f3n en esta informaci\u00f3n de La Sexta, que pone el foco en el embarazo de la mujer y no en la<\/p><\/div>                <a href=\"http:\/\/www.periodistasporlaigualdad.org\/?p=1550\" class=\"pull-right basic-link\">Leer M\u00e1s<\/a>                                <div class=\"meta-data grid-item-meta\">\n                    <i class=\"fa fa-comments-o\"><\/i> <a href=\"http:\/\/www.periodistasporlaigualdad.org\/?p=1550#respond\" class=\"comments-link\" >0<\/a>                <\/div>\n                            <\/div>\n        <\/div>\n    <\/li>\n <li class=\"col-md-4 col-sm-6 grid-item post-1406 post type-post status-publish format-standard hentry category-laboratorio tag-el-periodico-de-aragon tag-violencia-machista\">\t\t<div class=\"format-standard\">        \n                        <div class=\"grid-item-content\">\n                <h3><a href=\"http:\/\/www.periodistasporlaigualdad.org\/?p=1406\">Caso 3. Perspectiva de g\u00e9nero #labtitulares<\/a><\/h3>                <div class=\"grid-item-excerpt\"><p>&nbsp; Queremos se\u00f1alar el mal uso de la imagen como elemento informativo. En este caso se ha utilizado el frame de un v\u00eddeo de manera<\/p><\/div>                <a href=\"http:\/\/www.periodistasporlaigualdad.org\/?p=1406\" class=\"pull-right basic-link\">Leer M\u00e1s<\/a>                                <div class=\"meta-data grid-item-meta\">\n                    <i class=\"fa fa-comments-o\"><\/i> <a href=\"http:\/\/www.periodistasporlaigualdad.org\/?p=1406#respond\" class=\"comments-link\" >0<\/a>                <\/div>\n                            <\/div>\n        <\/div>\n    <\/li>\n <li class=\"col-md-4 col-sm-6 grid-item post-1555 post type-post status-publish format-standard hentry category-laboratorio tag-mujer tag-perspctiva-de-genero tag-soyfutbol tag-vanitatis\">\t\t<div class=\"format-standard\">        \n                        <div class=\"grid-item-content\">\n                <h3><a href=\"http:\/\/www.periodistasporlaigualdad.org\/?p=1555\">Caso 2. Perspectiva de g\u00e9nero #labtitulares<\/a><\/h3>                <div class=\"grid-item-excerpt\"><p>Con frecuencia encontramos titulares que invisibilizan a la mujer, perpetuando la desigualdad entre hombre y mujeres. Se\u00f1alamos en esta publicaci\u00f3n dos casos publicados en medios<\/p><\/div>                <a href=\"http:\/\/www.periodistasporlaigualdad.org\/?p=1555\" class=\"pull-right basic-link\">Leer M\u00e1s<\/a>                                <div class=\"meta-data grid-item-meta\">\n                    <i class=\"fa fa-comments-o\"><\/i> <a href=\"http:\/\/www.periodistasporlaigualdad.org\/?p=1555#respond\" class=\"comments-link\" >0<\/a>                <\/div>\n                            <\/div>\n        <\/div>\n    <\/li>\n <li class=\"col-md-4 col-sm-6 grid-item post-1399 post type-post status-publish format-standard hentry category-laboratorio tag-diario-de-navarra tag-laredo tag-violencia-machista\">\t\t<div class=\"format-standard\">        \n                        <div class=\"grid-item-content\">\n                <h3><a href=\"http:\/\/www.periodistasporlaigualdad.org\/?p=1399\">Caso 4. Violencia Machista #labtitulares<\/a><\/h3>                <div class=\"grid-item-excerpt\"><p>&nbsp; Es necesario destacar en el titular que una mujer ha sido asesinada, sin eufemismos tan injustos como &#8216;morir a manos de&#8217;, una expresi\u00f3n empleada<\/p><\/div>                <a href=\"http:\/\/www.periodistasporlaigualdad.org\/?p=1399\" class=\"pull-right basic-link\">Leer M\u00e1s<\/a>                                <div class=\"meta-data grid-item-meta\">\n                    <i class=\"fa fa-comments-o\"><\/i> <a href=\"http:\/\/www.periodistasporlaigualdad.org\/?p=1399#respond\" class=\"comments-link\" >0<\/a>                <\/div>\n                            <\/div>\n        <\/div>\n    <\/li>\n <li class=\"col-md-4 col-sm-6 grid-item post-1409 post type-post status-publish format-standard hentry category-laboratorio tag-ecuador tag-la-sexta tag-violencia-machista\">\t\t<div class=\"format-standard\">        \n                        <div class=\"grid-item-content\">\n                <h3><a href=\"http:\/\/www.periodistasporlaigualdad.org\/?p=1409\">Caso 3. Violencia machista #labtitulares<\/a><\/h3>                <div class=\"grid-item-excerpt\"><p>&nbsp; En relaci\u00f3n a esta informaci\u00f3n de La Sexta, damos la voz de alarma por el v\u00eddeo que acompa\u00f1a a la noticia. Nos parece totalmente<\/p><\/div>                <a href=\"http:\/\/www.periodistasporlaigualdad.org\/?p=1409\" class=\"pull-right basic-link\">Leer M\u00e1s<\/a>                                <div class=\"meta-data grid-item-meta\">\n                    <i class=\"fa fa-comments-o\"><\/i> <a href=\"http:\/\/www.periodistasporlaigualdad.org\/?p=1409#respond\" class=\"comments-link\" >0<\/a>                <\/div>\n                            <\/div>\n        <\/div>\n    <\/li>\n <li class=\"col-md-4 col-sm-6 grid-item post-1379 post type-post status-publish format-standard hentry category-laboratorio tag-cadena-ser tag-el-pais tag-fuengirola tag-violencia-machista\">\t\t<div class=\"format-standard\">        \n                        <div class=\"grid-item-content\">\n                <h3><a href=\"http:\/\/www.periodistasporlaigualdad.org\/?p=1379\">Caso 2. Violencia machista #labtitulares<\/a><\/h3>                <div class=\"grid-item-excerpt\"><p>&nbsp; &nbsp; Sobre el mismo asesinato, valoramos dos titulares con enfoques diferentes En el titular de la Cadena Ser, al decir \u201cmuere apu\u00f1alada\u201d partimos de<\/p><\/div>                <a href=\"http:\/\/www.periodistasporlaigualdad.org\/?p=1379\" class=\"pull-right basic-link\">Leer M\u00e1s<\/a>                                <div class=\"meta-data grid-item-meta\">\n                    <i class=\"fa fa-comments-o\"><\/i> <a href=\"http:\/\/www.periodistasporlaigualdad.org\/?p=1379#respond\" class=\"comments-link\" >0<\/a>                <\/div>\n                            <\/div>\n        <\/div>\n    <\/li>\n <li class=\"col-md-4 col-sm-6 grid-item post-1387 post type-post status-publish format-standard hentry category-laboratorio\">\t\t<div class=\"format-standard\">        \n                        <div class=\"grid-item-content\">\n                <h3><a href=\"http:\/\/www.periodistasporlaigualdad.org\/?p=1387\">Caso 1. Violencia machista #labtitulares<\/a><\/h3>                <div class=\"grid-item-excerpt\"><p>&#8220;Muere una mujer por arma blanca&#8221;. A trav\u00e9s de una usuaria de Twitter vemos este r\u00f3tulo en el informativo de Antena 3 del d\u00eda 12<\/p><\/div>                <a href=\"http:\/\/www.periodistasporlaigualdad.org\/?p=1387\" class=\"pull-right basic-link\">Leer M\u00e1s<\/a>                                <div class=\"meta-data grid-item-meta\">\n                    <i class=\"fa fa-comments-o\"><\/i> <a href=\"http:\/\/www.periodistasporlaigualdad.org\/?p=1387#respond\" class=\"comments-link\" >0<\/a>                <\/div>\n                            <\/div>\n        <\/div>\n    <\/li>\n <li class=\"col-md-4 col-sm-6 grid-item post-1402 post type-post status-publish format-standard hentry category-laboratorio tag-la-verdad-de-murcia tag-violencia-machista\">\t\t<div class=\"format-standard\">        \n                        <div class=\"grid-item-content\">\n                <h3><a href=\"http:\/\/www.periodistasporlaigualdad.org\/?p=1402\">Caso 1. Perspectiva de g\u00e9nero #labtitulares<\/a><\/h3>                <div class=\"grid-item-excerpt\"><p>La redacci\u00f3n de este titular de La Verdad de Murcia figura en la l\u00ednea del lenguaje y pensamiento que, aparentemente neutro, aporta un segundo significado<\/p><\/div>                <a href=\"http:\/\/www.periodistasporlaigualdad.org\/?p=1402\" class=\"pull-right basic-link\">Leer M\u00e1s<\/a>                                <div class=\"meta-data grid-item-meta\">\n                    <i class=\"fa fa-comments-o\"><\/i> <a href=\"http:\/\/www.periodistasporlaigualdad.org\/?p=1402#respond\" class=\"comments-link\" >0<\/a>                <\/div>\n                            <\/div>\n        <\/div>\n    <\/li>\n\t<\/ul>\n <\/div>\n <\/div><\/div><\/div><\/div><div id=\"pgc-1302-0-1\"  class=\"panel-grid-cell\" ><div id=\"panel-1302-0-1-0\" class=\"so-panel widget widget_media_image panel-first-child\" data-index=\"2\" ><h3 class=\"widget-title\">Gu\u00eda para el tratamiento informativo de la violencia de g\u00e9nero. Consejo Audiovisual de Andaluc\u00eda<\/h3><a href=\"http:\/\/www.consejoaudiovisualdeandalucia.es\/sites\/default\/files\/recomendacion\/pdf\/1606\/guia_violencia_de_genero.pdf\"><img width=\"201\" height=\"300\" src=\"http:\/\/www.periodistasporlaigualdad.org\/wp-content\/uploads\/2019\/01\/Captura-de-pantalla-2019-01-24-a-las-19.32.39-201x300.png\" class=\"image wp-image-1352  attachment-medium size-medium\" alt=\"\" decoding=\"async\" loading=\"lazy\" style=\"max-width: 100%; height: auto;\" srcset=\"http:\/\/www.periodistasporlaigualdad.org\/wp-content\/uploads\/2019\/01\/Captura-de-pantalla-2019-01-24-a-las-19.32.39-201x300.png 201w, http:\/\/www.periodistasporlaigualdad.org\/wp-content\/uploads\/2019\/01\/Captura-de-pantalla-2019-01-24-a-las-19.32.39.png 500w\" sizes=\"(max-width: 201px) 100vw, 201px\" \/><\/a><\/div><div id=\"panel-1302-0-1-1\" class=\"so-panel widget widget_media_image\" data-index=\"3\" ><div class=\"widget-title panel-widget-style panel-widget-style-for-1302-0-1-1\" ><h3 class=\"widget-title\">P\u00edldora formativa sobre violencia de g\u00e9nero y medios de comunicaci\u00f3n. Colegio de periodistas de Castilla y Le\u00f3n<\/h3><a href=\"http:\/\/www.colegioperiodistascyl.es\/pildora-informativa\/#\"><img width=\"270\" height=\"270\" src=\"http:\/\/www.periodistasporlaigualdad.org\/wp-content\/uploads\/2019\/02\/bannerPildoraformativa.jpg\" class=\"image wp-image-1363  attachment-full size-full\" alt=\"P\u00edldora formativa medios de comunicaci\u00f3n\" decoding=\"async\" loading=\"lazy\" style=\"max-width: 100%; height: auto;\" srcset=\"http:\/\/www.periodistasporlaigualdad.org\/wp-content\/uploads\/2019\/02\/bannerPildoraformativa.jpg 270w, http:\/\/www.periodistasporlaigualdad.org\/wp-content\/uploads\/2019\/02\/bannerPildoraformativa-150x150.jpg 150w, http:\/\/www.periodistasporlaigualdad.org\/wp-content\/uploads\/2019\/02\/bannerPildoraformativa-100x100.jpg 100w, http:\/\/www.periodistasporlaigualdad.org\/wp-content\/uploads\/2019\/02\/bannerPildoraformativa-210x210.jpg 210w\" sizes=\"(max-width: 270px) 100vw, 270px\" \/><\/a><\/div><\/div><div id=\"panel-1302-0-1-2\" class=\"so-panel widget widget_media_image\" data-index=\"4\" ><h3 class=\"widget-title\">Taller de Comunicaci\u00f3n y G\u00e9nero. La Marea e Intermon Oxfam<\/h3><a href=\"https:\/\/www.informarsobreviolenciamachista.com\/\"><img width=\"300\" height=\"281\" src=\"http:\/\/www.periodistasporlaigualdad.org\/wp-content\/uploads\/2019\/02\/taller-comunicaci\u00f3n-300x281.jpg\" class=\"image wp-image-1364  attachment-medium size-medium\" alt=\"taller comunciaci\u00f3n y violencia de g\u00e9nero\" decoding=\"async\" loading=\"lazy\" style=\"max-width: 100%; height: auto;\" srcset=\"http:\/\/www.periodistasporlaigualdad.org\/wp-content\/uploads\/2019\/02\/taller-comunicaci\u00f3n-300x281.jpg 300w, http:\/\/www.periodistasporlaigualdad.org\/wp-content\/uploads\/2019\/02\/taller-comunicaci\u00f3n.jpg 571w\" sizes=\"(max-width: 300px) 100vw, 300px\" \/><\/a><\/div><div id=\"panel-1302-0-1-3\" class=\"so-panel widget widget_media_image\" data-index=\"5\" ><h3 class=\"widget-title\">Manual de estilo de la Uni\u00f3 de Periodistes Valencians<\/h3><a href=\"http:\/\/www.periodistasporlaigualdad.org\/wp-content\/uploads\/2019\/01\/manualupv-digital-2.pdf\"><img width=\"212\" height=\"300\" src=\"http:\/\/www.periodistasporlaigualdad.org\/wp-content\/uploads\/2019\/01\/Captura-de-pantalla-2019-01-24-a-las-19.30.45-212x300.png\" class=\"image wp-image-1353  attachment-medium size-medium\" alt=\"\" decoding=\"async\" loading=\"lazy\" style=\"max-width: 100%; height: auto;\" srcset=\"http:\/\/www.periodistasporlaigualdad.org\/wp-content\/uploads\/2019\/01\/Captura-de-pantalla-2019-01-24-a-las-19.30.45-212x300.png 212w, http:\/\/www.periodistasporlaigualdad.org\/wp-content\/uploads\/2019\/01\/Captura-de-pantalla-2019-01-24-a-las-19.30.45-600x849.png 600w, http:\/\/www.periodistasporlaigualdad.org\/wp-content\/uploads\/2019\/01\/Captura-de-pantalla-2019-01-24-a-las-19.30.45.png 664w\" sizes=\"(max-width: 212px) 100vw, 212px\" \/><\/a><\/div><div id=\"panel-1302-0-1-4\" class=\"so-panel widget widget_media_image\" data-index=\"6\" ><h3 class=\"widget-title\">Manual de estilo de RTVE: Tratamiento de la violencia contra las mujeres<\/h3><div style=\"width: 310px\" class=\"wp-caption alignnone\"><a href=\"http:\/\/manualdeestilo.rtve.es\/cuestiones-sensibles\/5-5-tratamiento-de-la-violencia-contra-las-mujeres\/\"><img width=\"300\" height=\"201\" src=\"http:\/\/www.periodistasporlaigualdad.org\/wp-content\/uploads\/2019\/03\/Captura-de-pantalla-2019-03-02-a-las-19.45.33-300x201.png\" class=\"image wp-image-1726  attachment-medium size-medium\" alt=\"Tratamiento de la violencia contra las mujeres\" decoding=\"async\" loading=\"lazy\" style=\"max-width: 100%; height: auto;\" srcset=\"http:\/\/www.periodistasporlaigualdad.org\/wp-content\/uploads\/2019\/03\/Captura-de-pantalla-2019-03-02-a-las-19.45.33-300x201.png 300w, http:\/\/www.periodistasporlaigualdad.org\/wp-content\/uploads\/2019\/03\/Captura-de-pantalla-2019-03-02-a-las-19.45.33-768x515.png 768w, http:\/\/www.periodistasporlaigualdad.org\/wp-content\/uploads\/2019\/03\/Captura-de-pantalla-2019-03-02-a-las-19.45.33-1024x686.png 1024w, http:\/\/www.periodistasporlaigualdad.org\/wp-content\/uploads\/2019\/03\/Captura-de-pantalla-2019-03-02-a-las-19.45.33-958x642.png 958w, http:\/\/www.periodistasporlaigualdad.org\/wp-content\/uploads\/2019\/03\/Captura-de-pantalla-2019-03-02-a-las-19.45.33-600x402.png 600w, http:\/\/www.periodistasporlaigualdad.org\/wp-content\/uploads\/2019\/03\/Captura-de-pantalla-2019-03-02-a-las-19.45.33-272x182.png 272w, http:\/\/www.periodistasporlaigualdad.org\/wp-content\/uploads\/2019\/03\/Captura-de-pantalla-2019-03-02-a-las-19.45.33.png 1988w\" sizes=\"(max-width: 300px) 100vw, 300px\" \/><\/a><p class=\"wp-caption-text\">Manual de estilo de RTVE: Tratamiento de la violencia contra las mujeres<\/p><\/div><\/div><div id=\"panel-1302-0-1-5\" class=\"so-panel widget widget_media_image panel-last-child\" data-index=\"7\" ><h3 class=\"widget-title\">C\u00f3mo informar sobre violencia contra la mujer en las relaciones de pareja: APM, VIU, EPC&#8230;<\/h3><a href=\"https:\/\/igualdade.xunta.gal\/sites\/default\/files\/files\/documentos\/como_informar_violencia_parella.pdf\"><img width=\"209\" height=\"300\" src=\"http:\/\/www.periodistasporlaigualdad.org\/wp-content\/uploads\/2019\/03\/Captura-de-pantalla-2019-01-24-a-las-19.34.08-209x300.png\" class=\"image wp-image-1729  attachment-medium size-medium\" alt=\"C\u00f3mo informar sobre violencia contra la mujer en las relaciones de pareja\" decoding=\"async\" loading=\"lazy\" style=\"max-width: 100%; height: auto;\" srcset=\"http:\/\/www.periodistasporlaigualdad.org\/wp-content\/uploads\/2019\/03\/Captura-de-pantalla-2019-01-24-a-las-19.34.08-209x300.png 209w, http:\/\/www.periodistasporlaigualdad.org\/wp-content\/uploads\/2019\/03\/Captura-de-pantalla-2019-01-24-a-las-19.34.08-712x1024.png 712w, http:\/\/www.periodistasporlaigualdad.org\/wp-content\/uploads\/2019\/03\/Captura-de-pantalla-2019-01-24-a-las-19.34.08-600x863.png 600w, http:\/\/www.periodistasporlaigualdad.org\/wp-content\/uploads\/2019\/03\/Captura-de-pantalla-2019-01-24-a-las-19.34.08.png 736w\" sizes=\"(max-width: 209px) 100vw, 209px\" \/><\/a><\/div><\/div><\/div><\/div>","protected":false},"excerpt":{"rendered":"<p>Laboratorio De Titulares El Laboratorio de Titulares es un espacio para la reflexi\u00f3n sobre la informaci\u00f3n que los medios de comunicaci\u00f3n publican sobre la mujer y, especialmente por su dramatismo, sobre los casos de violencia de g\u00e9nero. Desde la Asociaci\u00f3n de Periodistas por la Igualdad queremos llamar la atenci\u00f3n sobre la importancia de la informaci\u00f3n con perspectiva de g\u00e9nero, de acuerdo con unas pautas consensuadas que se recogen en diferentes gu\u00edas y manuales. Nuestro objetivo es identificar los titulares que no responden a esta perspectiva de g\u00e9nero o al respeto a las v\u00edctimas, entre otros aspectos, y proponer redacciones alternativas que puedan servir a los medios de comunicaci\u00f3n como gu\u00eda en la elaboraci\u00f3n de sus informaciones. El Laboratorio de Titulares es un espacio abierto a la colaboraci\u00f3n y las aportaciones de quienes quieran sumarse y debatir de forma constructiva, en positivo. OS INVITAMOS a participar aportando titulares a trav\u00e9s de Twitter con #labtitulares y vuestros comentarios. Adem\u00e1s de los titulares, nos fijaremos en los enfoques de la informaci\u00f3n, los recursos audiovisuales, los testimonios y otros elementos de las noticias que no est\u00e9n orientadas a denunciar, prevenir y terminar con la violencia machista o apoyen la desigualdad de g\u00e9nero. Para nuestras recomendaciones y titulares alternativos, nos apoyamos en una serie de gu\u00edas que elegimos por su claridad y concisi\u00f3n, aunque estamos abiertas a todas las referencias que pod\u00e1is sugerirnos.<\/p>\n","protected":false},"author":1,"featured_media":0,"parent":0,"menu_order":0,"comment_status":"closed","ping_status":"closed","template":"","meta":[],"_links":{"self":[{"href":"http:\/\/www.periodistasporlaigualdad.org\/index.php?rest_route=\/wp\/v2\/pages\/1302"}],"collection":[{"href":"http:\/\/www.periodistasporlaigualdad.org\/index.php?rest_route=\/wp\/v2\/pages"}],"about":[{"href":"http:\/\/www.periodistasporlaigualdad.org\/index.php?rest_route=\/wp\/v2\/types\/page"}],"author":[{"embeddable":true,"href":"http:\/\/www.periodistasporlaigualdad.org\/index.php?rest_route=\/wp\/v2\/users\/1"}],"replies":[{"embeddable":true,"href":"http:\/\/www.periodistasporlaigualdad.org\/index.php?rest_route=%2Fwp%2Fv2%2Fcomments&post=1302"}],"version-history":[{"count":125,"href":"http:\/\/www.periodistasporlaigualdad.org\/index.php?rest_route=\/wp\/v2\/pages\/1302\/revisions"}],"predecessor-version":[{"id":1731,"href":"http:\/\/www.periodistasporlaigualdad.org\/index.php?rest_route=\/wp\/v2\/pages\/1302\/revisions\/1731"}],"wp:attachment":[{"href":"http:\/\/www.periodistasporlaigualdad.org\/index.php?rest_route=%2Fwp%2Fv2%2Fmedia&parent=1302"}],"curies":[{"name":"wp","href":"https:\/\/api.w.org\/{rel}","templated":true}]}}