{"id":274,"date":"2015-07-20T14:17:09","date_gmt":"2015-07-20T14:17:09","guid":{"rendered":"http:\/\/localhost:8888\/vestige\/?page_id=274"},"modified":"2019-03-02T17:38:02","modified_gmt":"2019-03-02T17:38:02","slug":"portada-2","status":"publish","type":"page","link":"http:\/\/www.periodistasporlaigualdad.org\/?page_id=274","title":{"rendered":"Noticias"},"content":{"rendered":"<div id=\"pl-274\"  class=\"panel-layout\" ><div id=\"pg-274-0\"  class=\"panel-grid panel-no-style\" ><div id=\"pgc-274-0-0\"  class=\"panel-grid-cell\" ><div id=\"panel-274-0-0-0\" class=\"so-panel widget widget_posts-list-widget panel-first-child panel-last-child\" data-index=\"0\" ><div class=\"so-widget-posts-list-widget so-widget-posts-list-widget-base\">\n<div class=\"row\">\n\t<ul class=\"isotope-grid isotope blog-grid\" data-sort-id=\"grid\">\n\n <li class=\"col-md-4 col-sm-6 grid-item post-1873 post type-post status-publish format-standard hentry category-noticias category-victimas-violencia-de-genero category-violencia-de-genero tag-cifras-oficiales tag-contador tag-noticias tag-victimas tag-violencia-machista\">\t\t<div class=\"format-standard\">        \n                        <div class=\"grid-item-content\">\n                <h3><a href=\"http:\/\/www.periodistasporlaigualdad.org\/?p=1873\">1316 MUJERES ASESINADAS POR VIOLENCIA DE G\u00c9NERO y 65 MENORES<\/a><\/h3>                <div class=\"grid-item-excerpt\"><p>Seg\u00fan la estad\u00edstica de Feminicidios registrada por el Ministerio de Igualdad,\u00a0 son ya 1316 las mujeres asesinadas por violencia machista,\u00a0 violencia perpetrada contra las mujeres<\/p><\/div>                <a href=\"http:\/\/www.periodistasporlaigualdad.org\/?p=1873\" class=\"pull-right basic-link\">Leer M\u00e1s<\/a>                                <div class=\"meta-data grid-item-meta\">\n                    <i class=\"fa fa-comments-o\"><\/i> <a href=\"http:\/\/www.periodistasporlaigualdad.org\/?p=1873#respond\" class=\"comments-link\" >0<\/a>                <\/div>\n                            <\/div>\n        <\/div>\n    <\/li>\n <li class=\"col-md-4 col-sm-6 grid-item post-2929 post type-post status-publish format-standard has-post-thumbnail hentry category-noticias tag-ana-pardo-de-vera tag-cifras-oficiales tag-contador tag-maria-jose-pintor tag-maria-rey tag-mujeres-periodistas tag-noticias tag-rocio-ibarra tag-teresa-viejo tag-victimas tag-violencia-machista\">\t\t<div class=\"format-standard\">        \n            <a href=\"http:\/\/www.periodistasporlaigualdad.org\/?p=2929\" class=\"media-box grid-featured-img\">\n                <img src=\"http:\/\/www.periodistasporlaigualdad.org\/wp-content\/uploads\/2025\/07\/Debate-periodistas-600x400.png\" class=\"post-thumb wp-post-image\" alt=\"\" decoding=\"async\" loading=\"lazy\" srcset=\"http:\/\/www.periodistasporlaigualdad.org\/wp-content\/uploads\/2025\/07\/Debate-periodistas-600x400.png 600w, http:\/\/www.periodistasporlaigualdad.org\/wp-content\/uploads\/2025\/07\/Debate-periodistas-272x182.png 272w\" sizes=\"(max-width: 600px) 100vw, 600px\" \/>                <span class=\"grid-item-date\">\n                    <span class=\"grid-item-day\">20<\/span>\n                    <span class=\"grid-item-month\">Jun<\/span>\n                <\/span>\n            <\/a>            <div class=\"grid-item-content\">\n                <h3><a href=\"http:\/\/www.periodistasporlaigualdad.org\/?p=2929\">MUJERES PERIODISTAS: \u00bfUN CAMBIO DE PARADIGMA?<\/a><\/h3>                <div class=\"grid-item-excerpt\"><p>Con este sugerente t\u00edtulo, &#8220;Mujeres periodistas, \u00bfun cambio de paradigma? se celebr\u00f3 este pasado 16 de junio en Madrid este debate comisariado por\u00a0la periodista M\u00aa<\/p><\/div>                <a href=\"http:\/\/www.periodistasporlaigualdad.org\/?p=2929\" class=\"pull-right basic-link\">Leer M\u00e1s<\/a>                                <div class=\"meta-data grid-item-meta\">\n                    <i class=\"fa fa-comments-o\"><\/i> <a href=\"http:\/\/www.periodistasporlaigualdad.org\/?p=2929#respond\" class=\"comments-link\" >0<\/a>                <\/div>\n                            <\/div>\n        <\/div>\n    <\/li>\n <li class=\"col-md-4 col-sm-6 grid-item post-2805 post type-post status-publish format-standard has-post-thumbnail hentry category-eva-defior category-noticias tag-eva-defior tag-heraldo tag-la-comarca tag-luis-alegre\">\t\t<div class=\"format-standard\">        \n            <a href=\"http:\/\/www.periodistasporlaigualdad.org\/?p=2805\" class=\"media-box grid-featured-img\">\n                <img src=\"http:\/\/www.periodistasporlaigualdad.org\/wp-content\/uploads\/2024\/07\/eva-defior-250.jpg\" class=\"post-thumb wp-post-image\" alt=\"Eva Defior, directora del grupo de Comunicaci\u00f3n La Comarca de Alca\u00f1iz (Teruell)\" decoding=\"async\" loading=\"lazy\" srcset=\"http:\/\/www.periodistasporlaigualdad.org\/wp-content\/uploads\/2024\/07\/eva-defior-250.jpg 250w, http:\/\/www.periodistasporlaigualdad.org\/wp-content\/uploads\/2024\/07\/eva-defior-250-150x150.jpg 150w, http:\/\/www.periodistasporlaigualdad.org\/wp-content\/uploads\/2024\/07\/eva-defior-250-100x100.jpg 100w, http:\/\/www.periodistasporlaigualdad.org\/wp-content\/uploads\/2024\/07\/eva-defior-250-210x210.jpg 210w\" sizes=\"(max-width: 250px) 100vw, 250px\" \/>                <span class=\"grid-item-date\">\n                    <span class=\"grid-item-day\">25<\/span>\n                    <span class=\"grid-item-month\">Jul<\/span>\n                <\/span>\n            <\/a>            <div class=\"grid-item-content\">\n                <h3><a href=\"http:\/\/www.periodistasporlaigualdad.org\/?p=2805\">ENTREVISTA A NUESTRA SOCIA EVA DEFIOR EN HERALDO<\/a><\/h3>                <div class=\"grid-item-excerpt\"><p>Nuestra socia Eva Defior, directora del Grupo de Comunicaci\u00f3n&nbsp; La Comarca de Alca\u00f1iz, ha sido entrevistada por Luis Alegre para Heraldo de Arag\u00f3n. Eva es<\/p><\/div>                <a href=\"http:\/\/www.periodistasporlaigualdad.org\/?p=2805\" class=\"pull-right basic-link\">Leer M\u00e1s<\/a>                                <div class=\"meta-data grid-item-meta\">\n                    <i class=\"fa fa-comments-o\"><\/i> <a href=\"http:\/\/www.periodistasporlaigualdad.org\/?p=2805#respond\" class=\"comments-link\" >0<\/a>                <\/div>\n                            <\/div>\n        <\/div>\n    <\/li>\n <li class=\"col-md-4 col-sm-6 grid-item post-2774 post type-post status-publish format-standard has-post-thumbnail hentry category-noticias category-silvia-de-felix tag-democracia tag-destino-democracia tag-exposicion-iaacc tag-fotografias tag-silvia-de-felix\">\t\t<div class=\"format-standard\">        \n            <a href=\"http:\/\/www.periodistasporlaigualdad.org\/?p=2774\" class=\"media-box grid-featured-img\">\n                <img src=\"http:\/\/www.periodistasporlaigualdad.org\/wp-content\/uploads\/2024\/07\/Silvia-de-Felix-exposicion-Democracia-600x400.jpg\" class=\"post-thumb wp-post-image\" alt=\"Panel central de la exposici\u00f3n Destino Democracia, con su autora, Silvia de F\u00e9lix.\" decoding=\"async\" loading=\"lazy\" srcset=\"http:\/\/www.periodistasporlaigualdad.org\/wp-content\/uploads\/2024\/07\/Silvia-de-Felix-exposicion-Democracia-600x400.jpg 600w, http:\/\/www.periodistasporlaigualdad.org\/wp-content\/uploads\/2024\/07\/Silvia-de-Felix-exposicion-Democracia-272x182.jpg 272w\" sizes=\"(max-width: 600px) 100vw, 600px\" \/>                <span class=\"grid-item-date\">\n                    <span class=\"grid-item-day\">12<\/span>\n                    <span class=\"grid-item-month\">Jul<\/span>\n                <\/span>\n            <\/a>            <div class=\"grid-item-content\">\n                <h3><a href=\"http:\/\/www.periodistasporlaigualdad.org\/?p=2774\">LA OBSERVADORA INTERNACIONAL, SILVIA DE F\u00c9LIX, EMPRENDE UN VIAJE CON DESTINO &#8220;DEMOCRACIA&#8221;<\/a><\/h3>                <div class=\"grid-item-excerpt\"><p>El IAACC Pablo Serrano ofrece hasta el 1 de septiembre\u00a0 la exposici\u00f3n &#8216;Destino Democracia&#8217;, de la periodista y observadora internacional, Silvia de F\u00e9lix. Nuestra socia<\/p><\/div>                <a href=\"http:\/\/www.periodistasporlaigualdad.org\/?p=2774\" class=\"pull-right basic-link\">Leer M\u00e1s<\/a>                                <div class=\"meta-data grid-item-meta\">\n                    <i class=\"fa fa-comments-o\"><\/i> <a href=\"http:\/\/www.periodistasporlaigualdad.org\/?p=2774#respond\" class=\"comments-link\" >0<\/a>                <\/div>\n                            <\/div>\n        <\/div>\n    <\/li>\n <li class=\"col-md-4 col-sm-6 grid-item post-2766 post type-post status-publish format-standard has-post-thumbnail hentry category-marta-lopez-buesa category-noticias\">\t\t<div class=\"format-standard\">        \n            <a href=\"http:\/\/www.periodistasporlaigualdad.org\/?p=2766\" class=\"media-box grid-featured-img\">\n                <img src=\"http:\/\/www.periodistasporlaigualdad.org\/wp-content\/uploads\/2024\/05\/marta-lopez-buesa-600x400.png\" class=\"post-thumb wp-post-image\" alt=\"\" decoding=\"async\" loading=\"lazy\" srcset=\"http:\/\/www.periodistasporlaigualdad.org\/wp-content\/uploads\/2024\/05\/marta-lopez-buesa-600x400.png 600w, http:\/\/www.periodistasporlaigualdad.org\/wp-content\/uploads\/2024\/05\/marta-lopez-buesa-272x182.png 272w\" sizes=\"(max-width: 600px) 100vw, 600px\" \/>                <span class=\"grid-item-date\">\n                    <span class=\"grid-item-day\">19<\/span>\n                    <span class=\"grid-item-month\">Mayo<\/span>\n                <\/span>\n            <\/a>            <div class=\"grid-item-content\">\n                <h3><a href=\"http:\/\/www.periodistasporlaigualdad.org\/?p=2766\">Marta L\u00f3pez Buesa, secretaria general de CCOO en la cadena COPE<\/a><\/h3>                <div class=\"grid-item-excerpt\"><p>Nuestra compa\u00f1era Marta L\u00f3pez Buesa, periodista en COPE Arag\u00f3n,&nbsp; acaba de ser elegida por unanimidad secretaria general de CC.OO. en COPE. Marta es una grand\u00edsima<\/p><\/div>                <a href=\"http:\/\/www.periodistasporlaigualdad.org\/?p=2766\" class=\"pull-right basic-link\">Leer M\u00e1s<\/a>                                <div class=\"meta-data grid-item-meta\">\n                    <i class=\"fa fa-comments-o\"><\/i> <a href=\"http:\/\/www.periodistasporlaigualdad.org\/?p=2766#respond\" class=\"comments-link\" >0<\/a>                <\/div>\n                            <\/div>\n        <\/div>\n    <\/li>\n <li class=\"col-md-4 col-sm-6 grid-item post-2754 post type-post status-publish format-standard has-post-thumbnail hentry category-maria-bosque-senero category-noticias tag-diario-es tag-maria-bosque-senero tag-premio-periodista-rural\">\t\t<div class=\"format-standard\">        \n            <a href=\"http:\/\/www.periodistasporlaigualdad.org\/?p=2754\" class=\"media-box grid-featured-img\">\n                <img src=\"http:\/\/www.periodistasporlaigualdad.org\/wp-content\/uploads\/2024\/05\/Maria-Bosque-Senero-en-Aragon-TV-a-600x400.png\" class=\"post-thumb wp-post-image\" alt=\"\" decoding=\"async\" loading=\"lazy\" srcset=\"http:\/\/www.periodistasporlaigualdad.org\/wp-content\/uploads\/2024\/05\/Maria-Bosque-Senero-en-Aragon-TV-a-600x400.png 600w, http:\/\/www.periodistasporlaigualdad.org\/wp-content\/uploads\/2024\/05\/Maria-Bosque-Senero-en-Aragon-TV-a-272x182.png 272w\" sizes=\"(max-width: 600px) 100vw, 600px\" \/>                <span class=\"grid-item-date\">\n                    <span class=\"grid-item-day\">15<\/span>\n                    <span class=\"grid-item-month\">Mayo<\/span>\n                <\/span>\n            <\/a>            <div class=\"grid-item-content\">\n                <h3><a href=\"http:\/\/www.periodistasporlaigualdad.org\/?p=2754\">La periodista Mar\u00eda Bosque Senero galardonada con el primer premio de Periodismo Rural<\/a><\/h3>                <div class=\"grid-item-excerpt\"><p>El jurado del I Premio de Periodismo Rural impulsado por la Red de Periodistas Rurales ha determinado conceder a nuestra compa\u00f1era Mar\u00eda Bosque Senero el<\/p><\/div>                <a href=\"http:\/\/www.periodistasporlaigualdad.org\/?p=2754\" class=\"pull-right basic-link\">Leer M\u00e1s<\/a>                                <div class=\"meta-data grid-item-meta\">\n                    <i class=\"fa fa-comments-o\"><\/i> <a href=\"http:\/\/www.periodistasporlaigualdad.org\/?p=2754#respond\" class=\"comments-link\" >0<\/a>                <\/div>\n                            <\/div>\n        <\/div>\n    <\/li>\n <li class=\"col-md-4 col-sm-6 grid-item post-2745 post type-post status-publish format-standard has-post-thumbnail hentry category-noticias tag-aragon tag-ciencia tag-metodologia tag-rocio-ibarra tag-unizar\">\t\t<div class=\"format-standard\">        \n            <a href=\"http:\/\/www.periodistasporlaigualdad.org\/?p=2745\" class=\"media-box grid-featured-img\">\n                <img src=\"http:\/\/www.periodistasporlaigualdad.org\/wp-content\/uploads\/2024\/05\/Rocio-Ibarra-en-la-defensa-de-su-Tesis-Doctoral-600x400.jpeg\" class=\"post-thumb wp-post-image\" alt=\"Roc\u00edo Ibarra en la defensa de su tesis doctoral en la Universidad de Zaragoza. 11\/03\/2024\" decoding=\"async\" loading=\"lazy\" srcset=\"http:\/\/www.periodistasporlaigualdad.org\/wp-content\/uploads\/2024\/05\/Rocio-Ibarra-en-la-defensa-de-su-Tesis-Doctoral-600x400.jpeg 600w, http:\/\/www.periodistasporlaigualdad.org\/wp-content\/uploads\/2024\/05\/Rocio-Ibarra-en-la-defensa-de-su-Tesis-Doctoral-272x182.jpeg 272w\" sizes=\"(max-width: 600px) 100vw, 600px\" \/>                <span class=\"grid-item-date\">\n                    <span class=\"grid-item-day\">10<\/span>\n                    <span class=\"grid-item-month\">Mayo<\/span>\n                <\/span>\n            <\/a>            <div class=\"grid-item-content\">\n                <h3><a href=\"http:\/\/www.periodistasporlaigualdad.org\/?p=2745\">La investigaci\u00f3n de Roc\u00edo Ibarra concluye que solo el 0,9% de las noticias emitidas en Arag\u00f3n tratan de ciencia o tecnolog\u00eda<\/a><\/h3>                <div class=\"grid-item-excerpt\"><p>La tesis doctoral de nuestra compa\u00f1era en Periodistas por la Igualdad, Roc\u00edo Ibarra Arias ha analizado m\u00e1s de 200 informativos y categoriza casi 6.000 noticias<\/p><\/div>                <a href=\"http:\/\/www.periodistasporlaigualdad.org\/?p=2745\" class=\"pull-right basic-link\">Leer M\u00e1s<\/a>                                <div class=\"meta-data grid-item-meta\">\n                    <i class=\"fa fa-comments-o\"><\/i> <a href=\"http:\/\/www.periodistasporlaigualdad.org\/?p=2745#respond\" class=\"comments-link\" >0<\/a>                <\/div>\n                            <\/div>\n        <\/div>\n    <\/li>\n <li class=\"col-md-4 col-sm-6 grid-item post-2734 post type-post status-publish format-standard has-post-thumbnail hentry category-medios-de-comunicacion category-noticias category-perspectiva-de-genero tag-medios-de-comunicacion tag-perspectiva-de-genero\">\t\t<div class=\"format-standard\">        \n            <a href=\"http:\/\/www.periodistasporlaigualdad.org\/?p=2734\" class=\"media-box grid-featured-img\">\n                <img src=\"http:\/\/www.periodistasporlaigualdad.org\/wp-content\/uploads\/2023\/11\/perspectiva-de-g-nero-en-medios-de-comunicaci-n_l3-575x400.jpg\" class=\"post-thumb wp-post-image\" alt=\"\" decoding=\"async\" loading=\"lazy\" \/>                <span class=\"grid-item-date\">\n                    <span class=\"grid-item-day\">10<\/span>\n                    <span class=\"grid-item-month\">Nov<\/span>\n                <\/span>\n            <\/a>            <div class=\"grid-item-content\">\n                <h3><a href=\"http:\/\/www.periodistasporlaigualdad.org\/?p=2734\">Avances en la perspectiva de g\u00e9nero en los medios de comunicaci\u00f3n: iniciativas para su incorporaci\u00f3n en la prensa espa\u00f1ola<\/a><\/h3>                <div class=\"grid-item-excerpt\"><p>La adopci\u00f3n de la perspectiva de g\u00e9nero en los medios de comunicaci\u00f3n conlleva activar mecanismos para tratar la informaci\u00f3n de forma igualitaria. Tres investigadoras de<\/p><\/div>                <a href=\"http:\/\/www.periodistasporlaigualdad.org\/?p=2734\" class=\"pull-right basic-link\">Leer M\u00e1s<\/a>                                <div class=\"meta-data grid-item-meta\">\n                    <i class=\"fa fa-comments-o\"><\/i> <a href=\"http:\/\/www.periodistasporlaigualdad.org\/?p=2734#respond\" class=\"comments-link\" >0<\/a>                <\/div>\n                            <\/div>\n        <\/div>\n    <\/li>\n <li class=\"col-md-4 col-sm-6 grid-item post-2728 post type-post status-publish format-standard has-post-thumbnail hentry category-seacabo category-noticias tag-seacabo tag-abuso-de-poder-en-el-trabajo tag-el-acoso-sexual tag-sector-salud tag-sector-universitario tag-sexismo\">\t\t<div class=\"format-standard\">        \n            <a href=\"http:\/\/www.periodistasporlaigualdad.org\/?p=2728\" class=\"media-box grid-featured-img\">\n                <img src=\"http:\/\/www.periodistasporlaigualdad.org\/wp-content\/uploads\/2023\/10\/women-in-global-health-570x400.jpg\" class=\"post-thumb wp-post-image\" alt=\"\" decoding=\"async\" loading=\"lazy\" \/>                <span class=\"grid-item-date\">\n                    <span class=\"grid-item-day\">09<\/span>\n                    <span class=\"grid-item-month\">Oct<\/span>\n                <\/span>\n            <\/a>            <div class=\"grid-item-content\">\n                <h3><a href=\"http:\/\/www.periodistasporlaigualdad.org\/?p=2728\">\u201cYa basta\u201d: abordar el sexismo, el acoso sexual y el abuso de poder en el sector acad\u00e9mico y sanitario de Espa\u00f1a<\/a><\/h3>                <div class=\"grid-item-excerpt\"><p>Con el t\u00edtulo: \u201cYa basta\u201d: abordar el sexismo, el acoso sexual y el abuso de poder en el sector acad\u00e9mico y sanitario de Espa\u00f1a la<\/p><\/div>                <a href=\"http:\/\/www.periodistasporlaigualdad.org\/?p=2728\" class=\"pull-right basic-link\">Leer M\u00e1s<\/a>                                <div class=\"meta-data grid-item-meta\">\n                    <i class=\"fa fa-comments-o\"><\/i> <a href=\"http:\/\/www.periodistasporlaigualdad.org\/?p=2728#respond\" class=\"comments-link\" >0<\/a>                <\/div>\n                            <\/div>\n        <\/div>\n    <\/li>\n <li class=\"col-md-4 col-sm-6 grid-item post-2650 post type-post status-publish format-standard has-post-thumbnail hentry category-noticias tag-ateneo-de-madrid tag-club-de-lectura-y-cata tag-digitalizacion tag-editorial-random-house tag-el-pais tag-el-ultimo-hombre-blanco tag-medios-de-comunicacion tag-mercado-laboral tag-nuria-labari\">\t\t<div class=\"format-standard\">        \n            <a href=\"http:\/\/www.periodistasporlaigualdad.org\/?p=2650\" class=\"media-box grid-featured-img\">\n                <img src=\"http:\/\/www.periodistasporlaigualdad.org\/wp-content\/uploads\/2023\/07\/IMG-20230713-WA0003-600x400.jpg\" class=\"post-thumb wp-post-image\" alt=\"\" decoding=\"async\" loading=\"lazy\" srcset=\"http:\/\/www.periodistasporlaigualdad.org\/wp-content\/uploads\/2023\/07\/IMG-20230713-WA0003-600x400.jpg 600w, http:\/\/www.periodistasporlaigualdad.org\/wp-content\/uploads\/2023\/07\/IMG-20230713-WA0003-272x182.jpg 272w\" sizes=\"(max-width: 600px) 100vw, 600px\" \/>                <span class=\"grid-item-date\">\n                    <span class=\"grid-item-day\">17<\/span>\n                    <span class=\"grid-item-month\">Jul<\/span>\n                <\/span>\n            <\/a>            <div class=\"grid-item-content\">\n                <h3><a href=\"http:\/\/www.periodistasporlaigualdad.org\/?p=2650\">&#8216;EL \u00daLTIMO HOMBRE BLANCO&#8217; DE NURIA LABARI, EN EL CLUB DE LECTURA Y CATA<\/a><\/h3>                <div class=\"grid-item-excerpt\"><p>Nuevo t\u00edtulo para nuestro Club de Lectura y Cata: &#8216;El \u00faltimo hombre blanco&#8217;, de Nuria Labari, editado por Random House. Inscr\u00edbete ya y recibe en<\/p><\/div>                <a href=\"http:\/\/www.periodistasporlaigualdad.org\/?p=2650\" class=\"pull-right basic-link\">Leer M\u00e1s<\/a>                                <div class=\"meta-data grid-item-meta\">\n                    <i class=\"fa fa-comments-o\"><\/i> <a href=\"http:\/\/www.periodistasporlaigualdad.org\/?p=2650#respond\" class=\"comments-link\" >0<\/a>                <\/div>\n                            <\/div>\n        <\/div>\n    <\/li>\n <li class=\"col-md-4 col-sm-6 grid-item post-2642 post type-post status-publish format-video hentry category-ia category-noticias tag-cristina-aranda tag-ia tag-inteligencia-artificial post_format-post-format-video\">\t\t<div class=\"format-standard\">        \n                        <div class=\"grid-item-content\">\n                <h3><a href=\"http:\/\/www.periodistasporlaigualdad.org\/?p=2642\">&#8220;La  Inteligencia Artificial necesita perfiles de humanidades&#8221;, afirma Cristina Aranda<\/a><\/h3>                <div class=\"grid-item-excerpt\"><p>Inauguramos con este post nueva secci\u00f3n dedicada a la Inteligencia Artificial (IA), definida como el p rograma de computaci\u00f3n dise\u00f1ado para realizar determinadas operaciones que<\/p><\/div>                <a href=\"http:\/\/www.periodistasporlaigualdad.org\/?p=2642\" class=\"pull-right basic-link\">Leer M\u00e1s<\/a>                                <div class=\"meta-data grid-item-meta\">\n                    <i class=\"fa fa-comments-o\"><\/i> <a href=\"http:\/\/www.periodistasporlaigualdad.org\/?p=2642#respond\" class=\"comments-link\" >0<\/a>                <\/div>\n                            <\/div>\n        <\/div>\n    <\/li>\n <li class=\"col-md-4 col-sm-6 grid-item post-2603 post type-post status-publish format-standard has-post-thumbnail hentry category-maria-bosque-senero category-noticias tag-maria-bosque-senero\">\t\t<div class=\"format-standard\">        \n            <a href=\"http:\/\/www.periodistasporlaigualdad.org\/?p=2603\" class=\"media-box grid-featured-img\">\n                <img src=\"http:\/\/www.periodistasporlaigualdad.org\/wp-content\/uploads\/2023\/05\/maria-bosque-recoge-galardon-600x400.jpg\" class=\"post-thumb wp-post-image\" alt=\"\" decoding=\"async\" loading=\"lazy\" srcset=\"http:\/\/www.periodistasporlaigualdad.org\/wp-content\/uploads\/2023\/05\/maria-bosque-recoge-galardon-600x400.jpg 600w, http:\/\/www.periodistasporlaigualdad.org\/wp-content\/uploads\/2023\/05\/maria-bosque-recoge-galardon-272x182.jpg 272w\" sizes=\"(max-width: 600px) 100vw, 600px\" \/>                <span class=\"grid-item-date\">\n                    <span class=\"grid-item-day\">03<\/span>\n                    <span class=\"grid-item-month\">Mayo<\/span>\n                <\/span>\n            <\/a>            <div class=\"grid-item-content\">\n                <h3><a href=\"http:\/\/www.periodistasporlaigualdad.org\/?p=2603\">Mar\u00eda Bosque galardonada por la Asociaci\u00f3n y Colegio de Periodistas de Arag\u00f3n<\/a><\/h3>                <div class=\"grid-item-excerpt\"><p>Nuestra asociada Mar\u00eda Bosque ha sido tambi\u00e9n una de las galardonadas con el Sello de Calidad Comunicativa otorgado por el Colegio y Asociaci\u00f3n de Periodistas<\/p><\/div>                <a href=\"http:\/\/www.periodistasporlaigualdad.org\/?p=2603\" class=\"pull-right basic-link\">Leer M\u00e1s<\/a>                                <div class=\"meta-data grid-item-meta\">\n                    <i class=\"fa fa-comments-o\"><\/i> <a href=\"http:\/\/www.periodistasporlaigualdad.org\/?p=2603#respond\" class=\"comments-link\" >0<\/a>                <\/div>\n                            <\/div>\n        <\/div>\n    <\/li>\n <li class=\"col-md-4 col-sm-6 grid-item post-2581 post type-post status-publish format-standard has-post-thumbnail hentry category-noticias category-silvia-de-felix tag-premios-periodistas-aragon tag-silvia-de-felix\">\t\t<div class=\"format-standard\">        \n            <a href=\"http:\/\/www.periodistasporlaigualdad.org\/?p=2581\" class=\"media-box grid-featured-img\">\n                <img src=\"http:\/\/www.periodistasporlaigualdad.org\/wp-content\/uploads\/2023\/05\/silvia-de-felix-600x400.jpg\" class=\"post-thumb wp-post-image\" alt=\"Silvia de F\u00e9lix reunida con miembros de la Comisi\u00f3n Nacional de Telecomunicaciones de PARAGUAY, este 6 de abril, para abordar diferentes temas relacionados con la libertad de prensa y el acceso a la informaci\u00f3n durante las Elecciones 23 en Paraguay. (Foto tomada del twitter personal de Silvia de F\u00e9lix)\" decoding=\"async\" loading=\"lazy\" srcset=\"http:\/\/www.periodistasporlaigualdad.org\/wp-content\/uploads\/2023\/05\/silvia-de-felix-600x400.jpg 600w, http:\/\/www.periodistasporlaigualdad.org\/wp-content\/uploads\/2023\/05\/silvia-de-felix-272x182.jpg 272w\" sizes=\"(max-width: 600px) 100vw, 600px\" \/>                <span class=\"grid-item-date\">\n                    <span class=\"grid-item-day\">03<\/span>\n                    <span class=\"grid-item-month\">Mayo<\/span>\n                <\/span>\n            <\/a>            <div class=\"grid-item-content\">\n                <h3><a href=\"http:\/\/www.periodistasporlaigualdad.org\/?p=2581\">Nuestra socia, Silvia de F\u00e9lix, recibe el premio a la mejor periodista aragonesa en el extranjero<\/a><\/h3>                <div class=\"grid-item-excerpt\"><p>La Asociaci\u00f3n y el Colegio Profesional de Periodistas de Arag\u00f3n han otorgado el Premio a la mejor periodista aragonesa en el extranjero a Silvia de<\/p><\/div>                <a href=\"http:\/\/www.periodistasporlaigualdad.org\/?p=2581\" class=\"pull-right basic-link\">Leer M\u00e1s<\/a>                                <div class=\"meta-data grid-item-meta\">\n                    <i class=\"fa fa-comments-o\"><\/i> <a href=\"http:\/\/www.periodistasporlaigualdad.org\/?p=2581#respond\" class=\"comments-link\" >0<\/a>                <\/div>\n                            <\/div>\n        <\/div>\n    <\/li>\n <li class=\"col-md-4 col-sm-6 grid-item post-2566 post type-post status-publish format-standard has-post-thumbnail hentry category-cata-y-vino category-esther-puisac category-noticias tag-540 tag-cristina-yague tag-el-escoces-volante tag-esther-puisac tag-paula-figols tag-sharon-wade\">\t\t<div class=\"format-standard\">        \n            <a href=\"http:\/\/www.periodistasporlaigualdad.org\/?p=2566\" class=\"media-box grid-featured-img\">\n                <img src=\"http:\/\/www.periodistasporlaigualdad.org\/wp-content\/uploads\/2023\/03\/paula-figols-600x400.jpg\" class=\"post-thumb wp-post-image\" alt=\"\" decoding=\"async\" loading=\"lazy\" srcset=\"http:\/\/www.periodistasporlaigualdad.org\/wp-content\/uploads\/2023\/03\/paula-figols-600x400.jpg 600w, http:\/\/www.periodistasporlaigualdad.org\/wp-content\/uploads\/2023\/03\/paula-figols-272x182.jpg 272w\" sizes=\"(max-width: 600px) 100vw, 600px\" \/>                <span class=\"grid-item-date\">\n                    <span class=\"grid-item-day\">23<\/span>\n                    <span class=\"grid-item-month\">Mar<\/span>\n                <\/span>\n            <\/a>            <div class=\"grid-item-content\">\n                <h3><a href=\"http:\/\/www.periodistasporlaigualdad.org\/?p=2566\">NUEVO ENCUENTRO DEL CLUB DE CATA Y LECTURA CON PAULA FIGOLS Y EL VINO &#8220;MANGA DEL BRUJO&#8221;<\/a><\/h3>                <div class=\"grid-item-excerpt\"><p>La sesi\u00f3n se sigui\u00f3 tambi\u00e9n en directo en nuestro canal de Youtube.<\/p><\/div>                <a href=\"http:\/\/www.periodistasporlaigualdad.org\/?p=2566\" class=\"pull-right basic-link\">Leer M\u00e1s<\/a>                                <div class=\"meta-data grid-item-meta\">\n                    <i class=\"fa fa-comments-o\"><\/i> <a href=\"http:\/\/www.periodistasporlaigualdad.org\/?p=2566#respond\" class=\"comments-link\" >0<\/a>                <\/div>\n                            <\/div>\n        <\/div>\n    <\/li>\n <li class=\"col-md-4 col-sm-6 grid-item post-2542 post type-post status-publish format-standard has-post-thumbnail hentry category-esther-puisac category-huomantech category-noticias tag-estherpuisac tag-huesca tag-huomantech tag-mujeres tag-tecnologia\">\t\t<div class=\"format-standard\">        \n            <a href=\"http:\/\/www.periodistasporlaigualdad.org\/?p=2542\" class=\"media-box grid-featured-img\">\n                <img src=\"http:\/\/www.periodistasporlaigualdad.org\/wp-content\/uploads\/2023\/03\/huomantech-10-600x400.jpg\" class=\"post-thumb wp-post-image\" alt=\"\" decoding=\"async\" loading=\"lazy\" srcset=\"http:\/\/www.periodistasporlaigualdad.org\/wp-content\/uploads\/2023\/03\/huomantech-10-600x400.jpg 600w, http:\/\/www.periodistasporlaigualdad.org\/wp-content\/uploads\/2023\/03\/huomantech-10-272x182.jpg 272w\" sizes=\"(max-width: 600px) 100vw, 600px\" \/>                <span class=\"grid-item-date\">\n                    <span class=\"grid-item-day\">14<\/span>\n                    <span class=\"grid-item-month\">Mar<\/span>\n                <\/span>\n            <\/a>            <div class=\"grid-item-content\">\n                <h3><a href=\"http:\/\/www.periodistasporlaigualdad.org\/?p=2542\">Las jornadas de HuomanTech de Huesca muestran la potencia de las mujeres en la tecnolog\u00eda<\/a><\/h3>                <div class=\"grid-item-excerpt\"><p>Todav\u00eda hay pocas pero son muy potentes.<\/p><\/div>                <a href=\"http:\/\/www.periodistasporlaigualdad.org\/?p=2542\" class=\"pull-right basic-link\">Leer M\u00e1s<\/a>                                <div class=\"meta-data grid-item-meta\">\n                    <i class=\"fa fa-comments-o\"><\/i> <a href=\"http:\/\/www.periodistasporlaigualdad.org\/?p=2542#respond\" class=\"comments-link\" >0<\/a>                <\/div>\n                            <\/div>\n        <\/div>\n    <\/li>\n <li class=\"col-md-4 col-sm-6 grid-item post-2527 post type-post status-publish format-standard has-post-thumbnail hentry category-8m category-noticias tag-531 tag-8m tag-feminismo tag-igualdad tag-mujeres tag-periodistas\">\t\t<div class=\"format-standard\">        \n            <a href=\"http:\/\/www.periodistasporlaigualdad.org\/?p=2527\" class=\"media-box grid-featured-img\">\n                <img src=\"http:\/\/www.periodistasporlaigualdad.org\/wp-content\/uploads\/2023\/03\/Asoci.-Periodistas-por-la-Igualdad-8-marzo-2023-600x400.jpg\" class=\"post-thumb wp-post-image\" alt=\"\" decoding=\"async\" loading=\"lazy\" srcset=\"http:\/\/www.periodistasporlaigualdad.org\/wp-content\/uploads\/2023\/03\/Asoci.-Periodistas-por-la-Igualdad-8-marzo-2023-600x400.jpg 600w, http:\/\/www.periodistasporlaigualdad.org\/wp-content\/uploads\/2023\/03\/Asoci.-Periodistas-por-la-Igualdad-8-marzo-2023-300x200.jpg 300w, http:\/\/www.periodistasporlaigualdad.org\/wp-content\/uploads\/2023\/03\/Asoci.-Periodistas-por-la-Igualdad-8-marzo-2023-1024x683.jpg 1024w, http:\/\/www.periodistasporlaigualdad.org\/wp-content\/uploads\/2023\/03\/Asoci.-Periodistas-por-la-Igualdad-8-marzo-2023-768x512.jpg 768w, http:\/\/www.periodistasporlaigualdad.org\/wp-content\/uploads\/2023\/03\/Asoci.-Periodistas-por-la-Igualdad-8-marzo-2023-1536x1024.jpg 1536w, http:\/\/www.periodistasporlaigualdad.org\/wp-content\/uploads\/2023\/03\/Asoci.-Periodistas-por-la-Igualdad-8-marzo-2023-958x639.jpg 958w, http:\/\/www.periodistasporlaigualdad.org\/wp-content\/uploads\/2023\/03\/Asoci.-Periodistas-por-la-Igualdad-8-marzo-2023-272x182.jpg 272w, http:\/\/www.periodistasporlaigualdad.org\/wp-content\/uploads\/2023\/03\/Asoci.-Periodistas-por-la-Igualdad-8-marzo-2023.jpg 2048w\" sizes=\"(max-width: 600px) 100vw, 600px\" \/>                <span class=\"grid-item-date\">\n                    <span class=\"grid-item-day\">08<\/span>\n                    <span class=\"grid-item-month\">Mar<\/span>\n                <\/span>\n            <\/a>            <div class=\"grid-item-content\">\n                <h3><a href=\"http:\/\/www.periodistasporlaigualdad.org\/?p=2527\">Manifiesto 8M de Periodistas por la Igualdad, Periodistas y Fotoperiodistas Arag\u00f3n.<\/a><\/h3>                <div class=\"grid-item-excerpt\"><p>Este es el manifiesto elaborado por Carmen Serrano en nombre de nuestra Asociaci\u00f3n Periodistas por la Igualdad que hemos le\u00eddo este 8M en la concentraci\u00f3n<\/p><\/div>                <a href=\"http:\/\/www.periodistasporlaigualdad.org\/?p=2527\" class=\"pull-right basic-link\">Leer M\u00e1s<\/a>                                <div class=\"meta-data grid-item-meta\">\n                    <i class=\"fa fa-comments-o\"><\/i> <a href=\"http:\/\/www.periodistasporlaigualdad.org\/?p=2527#respond\" class=\"comments-link\" >0<\/a>                <\/div>\n                            <\/div>\n        <\/div>\n    <\/li>\n <li class=\"col-md-4 col-sm-6 grid-item post-2498 post type-post status-publish format-standard has-post-thumbnail hentry category-huoman-tech category-mujeres category-noticias category-tecnologia tag-estado-latente tag-huesca tag-huoman-tech tag-irene-luzan tag-patricia-heredia tag-salome-limon tag-valeria-corrales\">\t\t<div class=\"format-standard\">        \n            <a href=\"http:\/\/www.periodistasporlaigualdad.org\/?p=2498\" class=\"media-box grid-featured-img\">\n                <img src=\"http:\/\/www.periodistasporlaigualdad.org\/wp-content\/uploads\/2023\/02\/IMG-20230221-WA0018-600x400.jpg\" class=\"post-thumb wp-post-image\" alt=\"De izq. a dcha. Avelina Bellostas, vicepta AMEPHU. Sara Palacino, de La Colmena Creativa. Berta Fern\u00e1ndez Pueyo, diputada de tecnolog\u00eda\u00a0de\u00a0DPH. Cristina de la Hera, Cjla. Tecnolog\u00eda Ayto. de Huesca. Patricia Heredia, de ValPat Stream. Elena P\u00e9rez, Dtra. Provincial del IAM e Irene Luz\u00e1n, de Shu Digital.\" decoding=\"async\" loading=\"lazy\" srcset=\"http:\/\/www.periodistasporlaigualdad.org\/wp-content\/uploads\/2023\/02\/IMG-20230221-WA0018-600x400.jpg 600w, http:\/\/www.periodistasporlaigualdad.org\/wp-content\/uploads\/2023\/02\/IMG-20230221-WA0018-272x182.jpg 272w\" sizes=\"(max-width: 600px) 100vw, 600px\" \/>                <span class=\"grid-item-date\">\n                    <span class=\"grid-item-day\">22<\/span>\n                    <span class=\"grid-item-month\">Feb<\/span>\n                <\/span>\n            <\/a>            <div class=\"grid-item-content\">\n                <h3><a href=\"http:\/\/www.periodistasporlaigualdad.org\/?p=2498\">APOYAMOS LA CELEBRACI\u00d3N DE HUOMAN TECH, TECNOLOG\u00cdA Y HUMANISMO<\/a><\/h3>                <div class=\"grid-item-excerpt\"><p>Los d\u00edas 10 y 11 de marzo de 2023 se celebra en Huesca HUOMAN TECH, un evento tecnol\u00f3gico, cultural y de liderazgo. Porque los nuevos<\/p><\/div>                <a href=\"http:\/\/www.periodistasporlaigualdad.org\/?p=2498\" class=\"pull-right basic-link\">Leer M\u00e1s<\/a>                                <div class=\"meta-data grid-item-meta\">\n                    <i class=\"fa fa-comments-o\"><\/i> <a href=\"http:\/\/www.periodistasporlaigualdad.org\/?p=2498#respond\" class=\"comments-link\" >0<\/a>                <\/div>\n                            <\/div>\n        <\/div>\n    <\/li>\n <li class=\"col-md-4 col-sm-6 grid-item post-2512 post type-post status-publish format-standard has-post-thumbnail hentry category-concursos-tv category-elena-bandres category-noticias tag-colpisa tag-concursos-tv tag-elena-bandres\">\t\t<div class=\"format-standard\">        \n            <a href=\"http:\/\/www.periodistasporlaigualdad.org\/?p=2512\" class=\"media-box grid-featured-img\">\n                <img src=\"http:\/\/www.periodistasporlaigualdad.org\/wp-content\/uploads\/2023\/02\/pasapalabra-600x400.jpg\" class=\"post-thumb wp-post-image\" alt=\"\" decoding=\"async\" loading=\"lazy\" srcset=\"http:\/\/www.periodistasporlaigualdad.org\/wp-content\/uploads\/2023\/02\/pasapalabra-600x400.jpg 600w, http:\/\/www.periodistasporlaigualdad.org\/wp-content\/uploads\/2023\/02\/pasapalabra-272x182.jpg 272w\" sizes=\"(max-width: 600px) 100vw, 600px\" \/>                <span class=\"grid-item-date\">\n                    <span class=\"grid-item-day\">12<\/span>\n                    <span class=\"grid-item-month\">Feb<\/span>\n                <\/span>\n            <\/a>            <div class=\"grid-item-content\">\n                <h3><a href=\"http:\/\/www.periodistasporlaigualdad.org\/?p=2512\">Ellos reparten el juego: los concursos de televisi\u00f3n solo tienen rostro de var\u00f3n<\/a><\/h3>                <div class=\"grid-item-excerpt\"><p>Os traemos en este post la noticia sobre la llamativa ausencia de mujeres presentadoras en los concursos culturales de televisi\u00f3n. &#8220;Ning\u00fan programa en el que<\/p><\/div>                <a href=\"http:\/\/www.periodistasporlaigualdad.org\/?p=2512\" class=\"pull-right basic-link\">Leer M\u00e1s<\/a>                                <div class=\"meta-data grid-item-meta\">\n                    <i class=\"fa fa-comments-o\"><\/i> <a href=\"http:\/\/www.periodistasporlaigualdad.org\/?p=2512#respond\" class=\"comments-link\" >0<\/a>                <\/div>\n                            <\/div>\n        <\/div>\n    <\/li>\n <li class=\"col-md-4 col-sm-6 grid-item post-2495 post type-post status-publish format-standard has-post-thumbnail hentry category-carmen-serrano category-monica-lewinsky category-nevenka-fernandez category-noticias tag-carmen-serrano tag-monica-lewinsky tag-nevenka-fernandez\">\t\t<div class=\"format-standard\">        \n            <a href=\"http:\/\/www.periodistasporlaigualdad.org\/?p=2495\" class=\"media-box grid-featured-img\">\n                <img src=\"http:\/\/www.periodistasporlaigualdad.org\/wp-content\/uploads\/2023\/02\/carmen-600x400.jpg\" class=\"post-thumb wp-post-image\" alt=\"\" decoding=\"async\" loading=\"lazy\" srcset=\"http:\/\/www.periodistasporlaigualdad.org\/wp-content\/uploads\/2023\/02\/carmen-600x400.jpg 600w, http:\/\/www.periodistasporlaigualdad.org\/wp-content\/uploads\/2023\/02\/carmen-272x182.jpg 272w\" sizes=\"(max-width: 600px) 100vw, 600px\" \/>                <span class=\"grid-item-date\">\n                    <span class=\"grid-item-day\">01<\/span>\n                    <span class=\"grid-item-month\">Feb<\/span>\n                <\/span>\n            <\/a>            <div class=\"grid-item-content\">\n                <h3><a href=\"http:\/\/www.periodistasporlaigualdad.org\/?p=2495\">INTERVENCI\u00d3N DE CARMEN SERRANO SOBRE LOS CASOS LEWINSKY Y NEVENKA<\/a><\/h3>                <div class=\"grid-item-excerpt\"><p>Los casos de Monica Lewinsky y Nevenka Fern\u00e1ndez han vuelto a ser noticia al cumplirse 25 y 22 a\u00f1os, respectivamente, de su aparici\u00f3n. Carmen Serrano,<\/p><\/div>                <a href=\"http:\/\/www.periodistasporlaigualdad.org\/?p=2495\" class=\"pull-right basic-link\">Leer M\u00e1s<\/a>                                <div class=\"meta-data grid-item-meta\">\n                    <i class=\"fa fa-comments-o\"><\/i> <a href=\"http:\/\/www.periodistasporlaigualdad.org\/?p=2495#respond\" class=\"comments-link\" >0<\/a>                <\/div>\n                            <\/div>\n        <\/div>\n    <\/li>\n <li class=\"col-md-4 col-sm-6 grid-item post-2453 post type-post status-publish format-standard hentry category-noticias category-violencia-de-genero tag-comunicacion tag-feminicidios tag-medios\">\t\t<div class=\"format-standard\">        \n                        <div class=\"grid-item-content\">\n                <h3><a href=\"http:\/\/www.periodistasporlaigualdad.org\/?p=2453\">Los medios de comunicaci\u00f3n, protagonistas en la prevenci\u00f3n del femicidio<\/a><\/h3>                <div class=\"grid-item-excerpt\"><p>Compartimos este v\u00eddeo de la campa\u00f1a de FEM-United para sensibilizar a las plantillas de los medios de comunicaci\u00f3n, profesionales de primera l\u00ednea, a&nbsp; responsables pol\u00edticos<\/p><\/div>                <a href=\"http:\/\/www.periodistasporlaigualdad.org\/?p=2453\" class=\"pull-right basic-link\">Leer M\u00e1s<\/a>                                <div class=\"meta-data grid-item-meta\">\n                    <i class=\"fa fa-comments-o\"><\/i> <a href=\"http:\/\/www.periodistasporlaigualdad.org\/?p=2453#respond\" class=\"comments-link\" >0<\/a>                <\/div>\n                            <\/div>\n        <\/div>\n    <\/li>\n <li class=\"col-md-4 col-sm-6 grid-item post-2440 post type-post status-publish format-standard has-post-thumbnail hentry category-elena-bandres category-noticias tag-delegacion-del-gobierno-en-aragon tag-elena-bandres tag-estereotipos tag-feminismo tag-gobierno-de-espana tag-igualdad tag-onu tag-pedagogia tag-pornografia tag-premio-menina-2022 tag-violencia-de-genero tag-violencia-machista\">\t\t<div class=\"format-standard\">        \n            <a href=\"http:\/\/www.periodistasporlaigualdad.org\/?p=2440\" class=\"media-box grid-featured-img\">\n                <img src=\"http:\/\/www.periodistasporlaigualdad.org\/wp-content\/uploads\/2022\/11\/IMG-20221126-WA0000-600x400.jpg\" class=\"post-thumb wp-post-image\" alt=\"Elena Bandr\u00e9s y Fernando Beltr\u00e1n\" decoding=\"async\" loading=\"lazy\" srcset=\"http:\/\/www.periodistasporlaigualdad.org\/wp-content\/uploads\/2022\/11\/IMG-20221126-WA0000-600x400.jpg 600w, http:\/\/www.periodistasporlaigualdad.org\/wp-content\/uploads\/2022\/11\/IMG-20221126-WA0000-300x200.jpg 300w, http:\/\/www.periodistasporlaigualdad.org\/wp-content\/uploads\/2022\/11\/IMG-20221126-WA0000-768x512.jpg 768w, http:\/\/www.periodistasporlaigualdad.org\/wp-content\/uploads\/2022\/11\/IMG-20221126-WA0000-1024x682.jpg 1024w, http:\/\/www.periodistasporlaigualdad.org\/wp-content\/uploads\/2022\/11\/IMG-20221126-WA0000-958x638.jpg 958w, http:\/\/www.periodistasporlaigualdad.org\/wp-content\/uploads\/2022\/11\/IMG-20221126-WA0000-272x182.jpg 272w, http:\/\/www.periodistasporlaigualdad.org\/wp-content\/uploads\/2022\/11\/IMG-20221126-WA0000.jpg 1600w\" sizes=\"(max-width: 600px) 100vw, 600px\" \/>                <span class=\"grid-item-date\">\n                    <span class=\"grid-item-day\">30<\/span>\n                    <span class=\"grid-item-month\">Nov<\/span>\n                <\/span>\n            <\/a>            <div class=\"grid-item-content\">\n                <h3><a href=\"http:\/\/www.periodistasporlaigualdad.org\/?p=2440\">Elena Bandr\u00e9s: &#8220;Fue la ONU quien defini\u00f3 la violencia machista&#8221;<\/a><\/h3>                <div class=\"grid-item-excerpt\"><p>Elena Bandr\u00e9s: \"Fue la ONU quien defini\u00f3 la violencia machista\"<\/p><\/div>                <a href=\"http:\/\/www.periodistasporlaigualdad.org\/?p=2440\" class=\"pull-right basic-link\">Leer M\u00e1s<\/a>                                <div class=\"meta-data grid-item-meta\">\n                    <i class=\"fa fa-comments-o\"><\/i> <a href=\"http:\/\/www.periodistasporlaigualdad.org\/?p=2440#respond\" class=\"comments-link\" >0<\/a>                <\/div>\n                            <\/div>\n        <\/div>\n    <\/li>\n <li class=\"col-md-4 col-sm-6 grid-item post-2407 post type-post status-publish format-standard has-post-thumbnail hentry category-carmen-serrano category-debates-igualdad category-marta-lopez-buesa category-noticias tag-aragon-tv tag-ayuntamiento-de-zaragoza tag-cope tag-debate tag-igualdad tag-museo-pablo-gargallo tag-periodismo tag-tve tag-universidad-de-zaragoza\">\t\t<div class=\"format-standard\">        \n            <a href=\"http:\/\/www.periodistasporlaigualdad.org\/?p=2407\" class=\"media-box grid-featured-img\">\n                <img src=\"http:\/\/www.periodistasporlaigualdad.org\/wp-content\/uploads\/2022\/11\/MARTA-L\u00d3PEZ-BUESA-600x400.png\" class=\"post-thumb wp-post-image\" alt=\"\" decoding=\"async\" loading=\"lazy\" srcset=\"http:\/\/www.periodistasporlaigualdad.org\/wp-content\/uploads\/2022\/11\/MARTA-L\u00d3PEZ-BUESA-600x400.png 600w, http:\/\/www.periodistasporlaigualdad.org\/wp-content\/uploads\/2022\/11\/MARTA-L\u00d3PEZ-BUESA-272x182.png 272w\" sizes=\"(max-width: 600px) 100vw, 600px\" \/>                <span class=\"grid-item-date\">\n                    <span class=\"grid-item-day\">12<\/span>\n                    <span class=\"grid-item-month\">Nov<\/span>\n                <\/span>\n            <\/a>            <div class=\"grid-item-content\">\n                <h3><a href=\"http:\/\/www.periodistasporlaigualdad.org\/?p=2407\">\u00bfQu\u00e9 imagen, como periodistas, damos de las mujeres a trav\u00e9s de los medios? Debate en el Ayuntamiento de Zaragoza<\/a><\/h3>                <div class=\"grid-item-excerpt\"><p>&nbsp; Pese a que las redacciones de los medios de comunicaci\u00f3n est\u00e1n muy feminizadas, las mujeres aparecen mucho menos que los hombres en las p\u00e1ginas<\/p><\/div>                <a href=\"http:\/\/www.periodistasporlaigualdad.org\/?p=2407\" class=\"pull-right basic-link\">Leer M\u00e1s<\/a>                                <div class=\"meta-data grid-item-meta\">\n                    <i class=\"fa fa-comments-o\"><\/i> <a href=\"http:\/\/www.periodistasporlaigualdad.org\/?p=2407#respond\" class=\"comments-link\" >0<\/a>                <\/div>\n                            <\/div>\n        <\/div>\n    <\/li>\n <li class=\"col-md-4 col-sm-6 grid-item post-2311 post type-post status-publish format-standard has-post-thumbnail hentry category-noticias category-violencia-de-genero tag-aragon tag-genero tag-tsja tag-violencia\">\t\t<div class=\"format-standard\">        \n            <a href=\"http:\/\/www.periodistasporlaigualdad.org\/?p=2311\" class=\"media-box grid-featured-img\">\n                <img src=\"http:\/\/www.periodistasporlaigualdad.org\/wp-content\/uploads\/2022\/06\/Concentraci\u00f3n-Asoc.-Periodistas-por-la-Igualdad-el-8-de-marzo-de-2022-Zaragoza.-600x400.jpeg\" class=\"post-thumb wp-post-image\" alt=\"\" decoding=\"async\" loading=\"lazy\" srcset=\"http:\/\/www.periodistasporlaigualdad.org\/wp-content\/uploads\/2022\/06\/Concentraci\u00f3n-Asoc.-Periodistas-por-la-Igualdad-el-8-de-marzo-de-2022-Zaragoza.-600x400.jpeg 600w, http:\/\/www.periodistasporlaigualdad.org\/wp-content\/uploads\/2022\/06\/Concentraci\u00f3n-Asoc.-Periodistas-por-la-Igualdad-el-8-de-marzo-de-2022-Zaragoza.-272x182.jpeg 272w\" sizes=\"(max-width: 600px) 100vw, 600px\" \/>                <span class=\"grid-item-date\">\n                    <span class=\"grid-item-day\">26<\/span>\n                    <span class=\"grid-item-month\">Jun<\/span>\n                <\/span>\n            <\/a>            <div class=\"grid-item-content\">\n                <h3><a href=\"http:\/\/www.periodistasporlaigualdad.org\/?p=2311\">En Arag\u00f3n aumentan las v\u00edctimas de violencia de g\u00e9nero, las denuncias y las condenas<\/a><\/h3>                <div class=\"grid-item-excerpt\"><p>Las mujeres v\u00edctimas de violencia de g\u00e9nero han aumentado en Arag\u00f3n un 28,4% durante el primer trimestre del a\u00f1o. Aumentan tambi\u00e9n en un 21,3% las<\/p><\/div>                <a href=\"http:\/\/www.periodistasporlaigualdad.org\/?p=2311\" class=\"pull-right basic-link\">Leer M\u00e1s<\/a>                                <div class=\"meta-data grid-item-meta\">\n                    <i class=\"fa fa-comments-o\"><\/i> <a href=\"http:\/\/www.periodistasporlaigualdad.org\/?p=2311#respond\" class=\"comments-link\" >0<\/a>                <\/div>\n                            <\/div>\n        <\/div>\n    <\/li>\n <li class=\"col-md-4 col-sm-6 grid-item post-2265 post type-post status-publish format-standard has-post-thumbnail hentry category-noticias category-uncategorized tag-antiguas-pero-modernas tag-bala-perdida tag-cafe-manuela tag-club-de-lectura-y-cata tag-mar-abad tag-nietas-de-la-memoria tag-noemi-san-juan\">\t\t<div class=\"format-standard\">        \n            <a href=\"http:\/\/www.periodistasporlaigualdad.org\/?p=2265\" class=\"media-box grid-featured-img\">\n                <img src=\"http:\/\/www.periodistasporlaigualdad.org\/wp-content\/uploads\/2022\/04\/WhatsApp-Image-2022-04-27-at-11.09.40-AM-600x400.jpeg\" class=\"post-thumb wp-post-image\" alt=\"\" decoding=\"async\" loading=\"lazy\" srcset=\"http:\/\/www.periodistasporlaigualdad.org\/wp-content\/uploads\/2022\/04\/WhatsApp-Image-2022-04-27-at-11.09.40-AM-600x400.jpeg 600w, http:\/\/www.periodistasporlaigualdad.org\/wp-content\/uploads\/2022\/04\/WhatsApp-Image-2022-04-27-at-11.09.40-AM-272x182.jpeg 272w\" sizes=\"(max-width: 600px) 100vw, 600px\" \/>                <span class=\"grid-item-date\">\n                    <span class=\"grid-item-day\">29<\/span>\n                    <span class=\"grid-item-month\">Abr<\/span>\n                <\/span>\n            <\/a>            <div class=\"grid-item-content\">\n                <h3><a href=\"http:\/\/www.periodistasporlaigualdad.org\/?p=2265\">&#8216;Nietas de la Memoria&#8217;, segunda entrega del Club de Lectura y Cata<\/a><\/h3>                <div class=\"grid-item-excerpt\"><p>El Club de Lectura y Cata de la Asociaci\u00f3n de Periodistas por la Igualdad propone su segundo libro, &#8216;Nietas de la Memoria&#8217;, una obra coral<\/p><\/div>                <a href=\"http:\/\/www.periodistasporlaigualdad.org\/?p=2265\" class=\"pull-right basic-link\">Leer M\u00e1s<\/a>                                <div class=\"meta-data grid-item-meta\">\n                    <i class=\"fa fa-comments-o\"><\/i> <a href=\"http:\/\/www.periodistasporlaigualdad.org\/?p=2265#respond\" class=\"comments-link\" >0<\/a>                <\/div>\n                            <\/div>\n        <\/div>\n    <\/li>\n <li class=\"col-md-4 col-sm-6 grid-item post-2259 post type-post status-publish format-standard has-post-thumbnail hentry category-noticias category-rocio-jurado tag-ana-isabel-peces tag-rocio-jurado tag-tv\">\t\t<div class=\"format-standard\">        \n            <a href=\"http:\/\/www.periodistasporlaigualdad.org\/?p=2259\" class=\"media-box grid-featured-img\">\n                <img src=\"http:\/\/www.periodistasporlaigualdad.org\/wp-content\/uploads\/2022\/03\/Roc\u00edo-Jurado-600x400.jpg\" class=\"post-thumb wp-post-image\" alt=\"\" decoding=\"async\" loading=\"lazy\" srcset=\"http:\/\/www.periodistasporlaigualdad.org\/wp-content\/uploads\/2022\/03\/Roc\u00edo-Jurado-600x400.jpg 600w, http:\/\/www.periodistasporlaigualdad.org\/wp-content\/uploads\/2022\/03\/Roc\u00edo-Jurado-272x182.jpg 272w\" sizes=\"(max-width: 600px) 100vw, 600px\" \/>                <span class=\"grid-item-date\">\n                    <span class=\"grid-item-day\">15<\/span>\n                    <span class=\"grid-item-month\">Mar<\/span>\n                <\/span>\n            <\/a>            <div class=\"grid-item-content\">\n                <h3><a href=\"http:\/\/www.periodistasporlaigualdad.org\/?p=2259\">&#8216;Lo siento, mi amor&#8217;: el especial sobre Roc\u00edo Jurado dirigido por Ana Isabel Peces.<\/a><\/h3>                <div class=\"grid-item-excerpt\"><p>https:\/\/www.telecinco.es\/salvamedeluxe\/programas-on-line\/rocio-jurado-especial-feminista-siento-amor_18_3292549910.html 5\/03\/2022 Os dejamos el enlace al programa\u00a0 &#8216;Lo siento, mi amor&#8217;: el especial sobre Roc\u00edo Jurado, dirigido nuestra socia Ana Isabel Peces, reci\u00e9n premiada<\/p><\/div>                <a href=\"http:\/\/www.periodistasporlaigualdad.org\/?p=2259\" class=\"pull-right basic-link\">Leer M\u00e1s<\/a>                                <div class=\"meta-data grid-item-meta\">\n                    <i class=\"fa fa-comments-o\"><\/i> <a href=\"http:\/\/www.periodistasporlaigualdad.org\/?p=2259#respond\" class=\"comments-link\" >0<\/a>                <\/div>\n                            <\/div>\n        <\/div>\n    <\/li>\n <li class=\"col-md-4 col-sm-6 grid-item post-2251 post type-post status-publish format-standard has-post-thumbnail hentry category-agustin-alaman category-esther-puisac category-noticias tag-agustinalaman tag-aragones tag-artista tag-estherpuisac\">\t\t<div class=\"format-standard\">        \n            <a href=\"http:\/\/www.periodistasporlaigualdad.org\/?p=2251\" class=\"media-box grid-featured-img\">\n                <img src=\"http:\/\/www.periodistasporlaigualdad.org\/wp-content\/uploads\/2022\/03\/esther-puisac.jpg\" class=\"post-thumb wp-post-image\" alt=\"\" decoding=\"async\" loading=\"lazy\" srcset=\"http:\/\/www.periodistasporlaigualdad.org\/wp-content\/uploads\/2022\/03\/esther-puisac.jpg 200w, http:\/\/www.periodistasporlaigualdad.org\/wp-content\/uploads\/2022\/03\/esther-puisac-150x150.jpg 150w, http:\/\/www.periodistasporlaigualdad.org\/wp-content\/uploads\/2022\/03\/esther-puisac-100x100.jpg 100w\" sizes=\"(max-width: 200px) 100vw, 200px\" \/>                <span class=\"grid-item-date\">\n                    <span class=\"grid-item-day\">10<\/span>\n                    <span class=\"grid-item-month\">Mar<\/span>\n                <\/span>\n            <\/a>            <div class=\"grid-item-content\">\n                <h3><a href=\"http:\/\/www.periodistasporlaigualdad.org\/?p=2251\">ESTHER PUISAC NOGAROL HA RESCATADO DEL OLVIDO LA FIGURA DEL ARTISTA ARAGON\u00c9S AGUST\u00cdN ALAM\u00c1N<\/a><\/h3>                <div class=\"grid-item-excerpt\"><p>Nuestra socia, Esther Puisac Nogarol ha sido noticia en estas semanas por haber terminado una investigaci\u00f3n de m\u00e1s de tres a\u00f1os sobre la figura desconocida<\/p><\/div>                <a href=\"http:\/\/www.periodistasporlaigualdad.org\/?p=2251\" class=\"pull-right basic-link\">Leer M\u00e1s<\/a>                                <div class=\"meta-data grid-item-meta\">\n                    <i class=\"fa fa-comments-o\"><\/i> <a href=\"http:\/\/www.periodistasporlaigualdad.org\/?p=2251#respond\" class=\"comments-link\" >0<\/a>                <\/div>\n                            <\/div>\n        <\/div>\n    <\/li>\n <li class=\"col-md-4 col-sm-6 grid-item post-2246 post type-post status-publish format-standard has-post-thumbnail hentry category-noticias category-silvia-de-felix tag-consultora tag-internacional tag-silviadefelix\">\t\t<div class=\"format-standard\">        \n            <a href=\"http:\/\/www.periodistasporlaigualdad.org\/?p=2246\" class=\"media-box grid-featured-img\">\n                <img src=\"http:\/\/www.periodistasporlaigualdad.org\/wp-content\/uploads\/2022\/03\/Silvia-de-F\u00e9lix-376x400.jpg\" class=\"post-thumb wp-post-image\" alt=\"\" decoding=\"async\" loading=\"lazy\" \/>                <span class=\"grid-item-date\">\n                    <span class=\"grid-item-day\">09<\/span>\n                    <span class=\"grid-item-month\">Mar<\/span>\n                <\/span>\n            <\/a>            <div class=\"grid-item-content\">\n                <h3><a href=\"http:\/\/www.periodistasporlaigualdad.org\/?p=2246\">ENTREVISTA REALIZADA A SILVIA DE F\u00c9LIX EN LA REVISTA DE ACOP (ASOCIACI\u00d3N DE COMUNICACION POL\u00cdTICA)<\/a><\/h3>                <div class=\"grid-item-excerpt\"><p>ENTREVISTA A SILVIA DE F\u00c9LIX _Marzo 2022 Silvia de F\u00e9lix es periodista y consultora internacional en materia de medios de comunicaci\u00f3n y elecciones. Trabaja, desde<\/p><\/div>                <a href=\"http:\/\/www.periodistasporlaigualdad.org\/?p=2246\" class=\"pull-right basic-link\">Leer M\u00e1s<\/a>                                <div class=\"meta-data grid-item-meta\">\n                    <i class=\"fa fa-comments-o\"><\/i> <a href=\"http:\/\/www.periodistasporlaigualdad.org\/?p=2246#respond\" class=\"comments-link\" >0<\/a>                <\/div>\n                            <\/div>\n        <\/div>\n    <\/li>\n <li class=\"col-md-4 col-sm-6 grid-item post-2237 post type-post status-publish format-standard has-post-thumbnail hentry category-8m category-noticias tag-8m tag-aragon tag-feminismo tag-fotoperiodistas tag-igualdad tag-periodistas\">\t\t<div class=\"format-standard\">        \n            <a href=\"http:\/\/www.periodistasporlaigualdad.org\/?p=2237\" class=\"media-box grid-featured-img\">\n                <img src=\"http:\/\/www.periodistasporlaigualdad.org\/wp-content\/uploads\/2022\/03\/IMG-20220308-WA0052-600x400.jpg\" class=\"post-thumb wp-post-image\" alt=\"\" decoding=\"async\" loading=\"lazy\" srcset=\"http:\/\/www.periodistasporlaigualdad.org\/wp-content\/uploads\/2022\/03\/IMG-20220308-WA0052-600x400.jpg 600w, http:\/\/www.periodistasporlaigualdad.org\/wp-content\/uploads\/2022\/03\/IMG-20220308-WA0052-272x182.jpg 272w\" sizes=\"(max-width: 600px) 100vw, 600px\" \/>                <span class=\"grid-item-date\">\n                    <span class=\"grid-item-day\">08<\/span>\n                    <span class=\"grid-item-month\">Mar<\/span>\n                <\/span>\n            <\/a>            <div class=\"grid-item-content\">\n                <h3><a href=\"http:\/\/www.periodistasporlaigualdad.org\/?p=2237\">MANIFIESTO LEIDO POR PERIODISTAS POR LA IGUALDAD, COLEGIO DE PERIODISTAS ARAG\u00d3N Y FOTOPERIODISTAS ARAG\u00d3N EN ESTE 8M<\/a><\/h3>                <div class=\"grid-item-excerpt\"><p>A este 8M\u00a0 de 2022 se suma una nueva guerra declarada por Rusia a un pa\u00eds soberano. Estamos con las v\u00edctimas ucranianas que han visto<\/p><\/div>                <a href=\"http:\/\/www.periodistasporlaigualdad.org\/?p=2237\" class=\"pull-right basic-link\">Leer M\u00e1s<\/a>                                <div class=\"meta-data grid-item-meta\">\n                    <i class=\"fa fa-comments-o\"><\/i> <a href=\"http:\/\/www.periodistasporlaigualdad.org\/?p=2237#respond\" class=\"comments-link\" >0<\/a>                <\/div>\n                            <\/div>\n        <\/div>\n    <\/li>\n <li class=\"col-md-4 col-sm-6 grid-item post-2225 post type-post status-publish format-standard has-post-thumbnail hentry category-noticias category-uncategorized tag-434 tag-contabilidad tag-cuentas tag-transparencia\">\t\t<div class=\"format-standard\">        \n            <a href=\"http:\/\/www.periodistasporlaigualdad.org\/?p=2225\" class=\"media-box grid-featured-img\">\n                <img src=\"http:\/\/www.periodistasporlaigualdad.org\/wp-content\/uploads\/2022\/02\/Cuentas-api-II-2-600x400.jpg\" class=\"post-thumb wp-post-image\" alt=\"\" decoding=\"async\" loading=\"lazy\" srcset=\"http:\/\/www.periodistasporlaigualdad.org\/wp-content\/uploads\/2022\/02\/Cuentas-api-II-2-600x400.jpg 600w, http:\/\/www.periodistasporlaigualdad.org\/wp-content\/uploads\/2022\/02\/Cuentas-api-II-2-272x182.jpg 272w\" sizes=\"(max-width: 600px) 100vw, 600px\" \/>                <span class=\"grid-item-date\">\n                    <span class=\"grid-item-day\">23<\/span>\n                    <span class=\"grid-item-month\">Feb<\/span>\n                <\/span>\n            <\/a>            <div class=\"grid-item-content\">\n                <h3><a href=\"http:\/\/www.periodistasporlaigualdad.org\/?p=2225\">Las cuentas de la asociaci\u00f3n 2021<\/a><\/h3>                <div class=\"grid-item-excerpt\"><p>Aqu\u00ed ten\u00e9is las cuentas de 2021 de la Asociaci\u00f3n de Periodistas por la Igualdad: &nbsp; &nbsp; &nbsp; &nbsp; &nbsp; &nbsp; &nbsp; &nbsp; &nbsp; &nbsp; &nbsp;<\/p><\/div>                <a href=\"http:\/\/www.periodistasporlaigualdad.org\/?p=2225\" class=\"pull-right basic-link\">Leer M\u00e1s<\/a>                                <div class=\"meta-data grid-item-meta\">\n                    <i class=\"fa fa-comments-o\"><\/i> <a href=\"http:\/\/www.periodistasporlaigualdad.org\/?p=2225#respond\" class=\"comments-link\" >0<\/a>                <\/div>\n                            <\/div>\n        <\/div>\n    <\/li>\n <li class=\"col-md-4 col-sm-6 grid-item post-2211 post type-post status-publish format-standard hentry category-noticias tag-aurora-bertrana tag-carmen-de-burgos tag-club-de-lectura-y-cata tag-colombine tag-historia-del-feminismo tag-historia-del-periodismo tag-irene-abad tag-mar-abad tag-rosario-de-acuna tag-sofia-casanova\">\t\t<div class=\"format-standard\">        \n                        <div class=\"grid-item-content\">\n                <h3><a href=\"http:\/\/www.periodistasporlaigualdad.org\/?p=2211\">Primera reuni\u00f3n del Club de Lectura y Cata de la Asociaci\u00f3n de Periodistas por la Igualdad<\/a><\/h3>                <div class=\"grid-item-excerpt\"><p>Este martes 1 de febrero a las 19 horas se va a celebrar la primera reuni\u00f3n del Club de Lectura y Cata de la Asociaci\u00f3n<\/p><\/div>                <a href=\"http:\/\/www.periodistasporlaigualdad.org\/?p=2211\" class=\"pull-right basic-link\">Leer M\u00e1s<\/a>                                <div class=\"meta-data grid-item-meta\">\n                    <i class=\"fa fa-comments-o\"><\/i> <a href=\"http:\/\/www.periodistasporlaigualdad.org\/?p=2211#respond\" class=\"comments-link\" >0<\/a>                <\/div>\n                            <\/div>\n        <\/div>\n    <\/li>\n <li class=\"col-md-4 col-sm-6 grid-item post-2174 post type-post status-publish format-standard has-post-thumbnail hentry category-noticias tag-el-pais tag-feminismo tag-madrid tag-medios-de-comunicacion tag-mujer tag-universidad-de-zaragoza tag-zaragoza\">\t\t<div class=\"format-standard\">        \n            <a href=\"http:\/\/www.periodistasporlaigualdad.org\/?p=2174\" class=\"media-box grid-featured-img\">\n                <img src=\"http:\/\/www.periodistasporlaigualdad.org\/wp-content\/uploads\/2022\/01\/pepabueno-8233-600x400.jpg\" class=\"post-thumb wp-post-image\" alt=\"\" decoding=\"async\" loading=\"lazy\" srcset=\"http:\/\/www.periodistasporlaigualdad.org\/wp-content\/uploads\/2022\/01\/pepabueno-8233-600x400.jpg 600w, http:\/\/www.periodistasporlaigualdad.org\/wp-content\/uploads\/2022\/01\/pepabueno-8233-272x182.jpg 272w\" sizes=\"(max-width: 600px) 100vw, 600px\" \/>                <span class=\"grid-item-date\">\n                    <span class=\"grid-item-day\">17<\/span>\n                    <span class=\"grid-item-month\">En<\/span>\n                <\/span>\n            <\/a>            <div class=\"grid-item-content\">\n                <h3><a href=\"http:\/\/www.periodistasporlaigualdad.org\/?p=2174\">Pepa Bueno: \u201cLa deriva del acoso en redes podr\u00eda sacar de la opini\u00f3n p\u00fablica a muchas mujeres\u201d<\/a><\/h3>                <div class=\"grid-item-excerpt\"><p>La periodista Pepa Bueno pas\u00f3 por la capital del Ebro este mes de enero para compartir entresijos de su trayectoria profesional y personal dentro del<\/p><\/div>                <a href=\"http:\/\/www.periodistasporlaigualdad.org\/?p=2174\" class=\"pull-right basic-link\">Leer M\u00e1s<\/a>                                <div class=\"meta-data grid-item-meta\">\n                    <i class=\"fa fa-comments-o\"><\/i> <a href=\"http:\/\/www.periodistasporlaigualdad.org\/?p=2174#respond\" class=\"comments-link\" >0<\/a>                <\/div>\n                            <\/div>\n        <\/div>\n    <\/li>\n <li class=\"col-md-4 col-sm-6 grid-item post-2161 post type-post status-publish format-standard has-post-thumbnail hentry category-noticias category-uncategorized tag-alumnado tag-docentes tag-educacion-sexual tag-facultad-de-ciencias-sociales-y-del-trabajo-de-zaragoza tag-inclusiva tag-insex tag-integral tag-isabel-duque tag-laura-marcilla tag-psicologas tag-raquel-hurtado tag-rocio-ibarra tag-sexologas tag-universidad-de-zaragoza\">\t\t<div class=\"format-standard\">        \n            <a href=\"http:\/\/www.periodistasporlaigualdad.org\/?p=2161\" class=\"media-box grid-featured-img\">\n                <img src=\"http:\/\/www.periodistasporlaigualdad.org\/wp-content\/uploads\/2021\/12\/cartel-insex2-dina3-600x400.jpg\" class=\"post-thumb wp-post-image\" alt=\"\" decoding=\"async\" loading=\"lazy\" srcset=\"http:\/\/www.periodistasporlaigualdad.org\/wp-content\/uploads\/2021\/12\/cartel-insex2-dina3-600x400.jpg 600w, http:\/\/www.periodistasporlaigualdad.org\/wp-content\/uploads\/2021\/12\/cartel-insex2-dina3-272x182.jpg 272w\" sizes=\"(max-width: 600px) 100vw, 600px\" \/>                <span class=\"grid-item-date\">\n                    <span class=\"grid-item-day\">14<\/span>\n                    <span class=\"grid-item-month\">Dic<\/span>\n                <\/span>\n            <\/a>            <div class=\"grid-item-content\">\n                <h3><a href=\"http:\/\/www.periodistasporlaigualdad.org\/?p=2161\">Una educaci\u00f3n sexual integral e inclusiva. Nuevo foro InSex<\/a><\/h3>                <div class=\"grid-item-excerpt\"><p>Este jueves 16 de diciembre celebramos en la Facultad de Ciencia Sociales y del Trabajo de Zaragoza la segunda Jornada InSex, centrada en la educaci\u00f3n<\/p><\/div>                <a href=\"http:\/\/www.periodistasporlaigualdad.org\/?p=2161\" class=\"pull-right basic-link\">Leer M\u00e1s<\/a>                                <div class=\"meta-data grid-item-meta\">\n                    <i class=\"fa fa-comments-o\"><\/i> <a href=\"http:\/\/www.periodistasporlaigualdad.org\/?p=2161#respond\" class=\"comments-link\" >0<\/a>                <\/div>\n                            <\/div>\n        <\/div>\n    <\/li>\n <li class=\"col-md-4 col-sm-6 grid-item post-2124 post type-post status-publish format-standard has-post-thumbnail hentry category-noticias tag-antiguas-pero-modernas tag-cata tag-club-de-lectura tag-dop-carinena tag-escritoras tag-lectura tag-libro tag-literatura tag-periodistas tag-vino tag-zaragoza\">\t\t<div class=\"format-standard\">        \n            <a href=\"http:\/\/www.periodistasporlaigualdad.org\/?p=2124\" class=\"media-box grid-featured-img\">\n                <img src=\"http:\/\/www.periodistasporlaigualdad.org\/wp-content\/uploads\/2021\/11\/Libro-y-vino.-Primera-tertulia-600x400.jpg\" class=\"post-thumb wp-post-image\" alt=\"\" decoding=\"async\" loading=\"lazy\" srcset=\"http:\/\/www.periodistasporlaigualdad.org\/wp-content\/uploads\/2021\/11\/Libro-y-vino.-Primera-tertulia-600x400.jpg 600w, http:\/\/www.periodistasporlaigualdad.org\/wp-content\/uploads\/2021\/11\/Libro-y-vino.-Primera-tertulia-272x182.jpg 272w\" sizes=\"(max-width: 600px) 100vw, 600px\" \/>                <span class=\"grid-item-date\">\n                    <span class=\"grid-item-day\">17<\/span>\n                    <span class=\"grid-item-month\">Nov<\/span>\n                <\/span>\n            <\/a>            <div class=\"grid-item-content\">\n                <h3><a href=\"http:\/\/www.periodistasporlaigualdad.org\/?p=2124\">Periodistas y escritoras. Club de lectura y cata<\/a><\/h3>                <div class=\"grid-item-excerpt\"><p>&nbsp; \u00a1Qu\u00e9 placer disfrutar de un buen libro con una copa de buen vino! \u00bfY si te llevamos libro y botella a casa? Desde la<\/p><\/div>                <a href=\"http:\/\/www.periodistasporlaigualdad.org\/?p=2124\" class=\"pull-right basic-link\">Leer M\u00e1s<\/a>                                <div class=\"meta-data grid-item-meta\">\n                    <i class=\"fa fa-comments-o\"><\/i> <a href=\"http:\/\/www.periodistasporlaigualdad.org\/?p=2124#respond\" class=\"comments-link\" >0<\/a>                <\/div>\n                            <\/div>\n        <\/div>\n    <\/li>\n <li class=\"col-md-4 col-sm-6 grid-item post-2104 post type-post status-publish format-standard has-post-thumbnail hentry category-noticias tag-lenguaje-inclusivo\">\t\t<div class=\"format-standard\">        \n            <a href=\"http:\/\/www.periodistasporlaigualdad.org\/?p=2104\" class=\"media-box grid-featured-img\">\n                <img src=\"http:\/\/www.periodistasporlaigualdad.org\/wp-content\/uploads\/2021\/10\/66219082-2E9F-4FC7-9250-1D3D7E401EF7-600x400.jpeg\" class=\"post-thumb wp-post-image\" alt=\"\" decoding=\"async\" loading=\"lazy\" srcset=\"http:\/\/www.periodistasporlaigualdad.org\/wp-content\/uploads\/2021\/10\/66219082-2E9F-4FC7-9250-1D3D7E401EF7-600x399.jpeg 600w, http:\/\/www.periodistasporlaigualdad.org\/wp-content\/uploads\/2021\/10\/66219082-2E9F-4FC7-9250-1D3D7E401EF7-300x200.jpeg 300w, http:\/\/www.periodistasporlaigualdad.org\/wp-content\/uploads\/2021\/10\/66219082-2E9F-4FC7-9250-1D3D7E401EF7-768x511.jpeg 768w, http:\/\/www.periodistasporlaigualdad.org\/wp-content\/uploads\/2021\/10\/66219082-2E9F-4FC7-9250-1D3D7E401EF7-1024x681.jpeg 1024w, http:\/\/www.periodistasporlaigualdad.org\/wp-content\/uploads\/2021\/10\/66219082-2E9F-4FC7-9250-1D3D7E401EF7-958x637.jpeg 958w, http:\/\/www.periodistasporlaigualdad.org\/wp-content\/uploads\/2021\/10\/66219082-2E9F-4FC7-9250-1D3D7E401EF7-272x182.jpeg 272w, http:\/\/www.periodistasporlaigualdad.org\/wp-content\/uploads\/2021\/10\/66219082-2E9F-4FC7-9250-1D3D7E401EF7.jpeg 1920w\" sizes=\"(max-width: 600px) 100vw, 600px\" \/>                <span class=\"grid-item-date\">\n                    <span class=\"grid-item-day\">06<\/span>\n                    <span class=\"grid-item-month\">Oct<\/span>\n                <\/span>\n            <\/a>            <div class=\"grid-item-content\">\n                <h3><a href=\"http:\/\/www.periodistasporlaigualdad.org\/?p=2104\">Conocer mejor el lenguaje para hacerlo inclusivo<\/a><\/h3>                <div class=\"grid-item-excerpt\"><p>No puede ser que se siga utilizando la palabra &#8216;hombre&#8217; como t\u00e9rmino inclusivo para referirse a la mujer. Esta larga reivindicaci\u00f3n, que empez\u00f3 en nuestro<\/p><\/div>                <a href=\"http:\/\/www.periodistasporlaigualdad.org\/?p=2104\" class=\"pull-right basic-link\">Leer M\u00e1s<\/a>                                <div class=\"meta-data grid-item-meta\">\n                    <i class=\"fa fa-comments-o\"><\/i> <a href=\"http:\/\/www.periodistasporlaigualdad.org\/?p=2104#respond\" class=\"comments-link\" >0<\/a>                <\/div>\n                            <\/div>\n        <\/div>\n    <\/li>\n <li class=\"col-md-4 col-sm-6 grid-item post-2050 post type-post status-publish format-standard has-post-thumbnail hentry category-noticias tag-autoconocimiento tag-buen-trato tag-educacion-sexual tag-erotismo tag-goce tag-psicoterapia tag-sexualidad tag-yania-concepcion-vicente\">\t\t<div class=\"format-standard\">        \n            <a href=\"http:\/\/www.periodistasporlaigualdad.org\/?p=2050\" class=\"media-box grid-featured-img\">\n                <img src=\"http:\/\/www.periodistasporlaigualdad.org\/wp-content\/uploads\/2021\/05\/20210515_InSex04-600x400.jpg\" class=\"post-thumb wp-post-image\" alt=\"\" decoding=\"async\" loading=\"lazy\" srcset=\"http:\/\/www.periodistasporlaigualdad.org\/wp-content\/uploads\/2021\/05\/20210515_InSex04-600x400.jpg 600w, http:\/\/www.periodistasporlaigualdad.org\/wp-content\/uploads\/2021\/05\/20210515_InSex04-272x182.jpg 272w\" sizes=\"(max-width: 600px) 100vw, 600px\" \/>                <span class=\"grid-item-date\">\n                    <span class=\"grid-item-day\">22<\/span>\n                    <span class=\"grid-item-month\">Mayo<\/span>\n                <\/span>\n            <\/a>            <div class=\"grid-item-content\">\n                <h3><a href=\"http:\/\/www.periodistasporlaigualdad.org\/?p=2050\">Yania Concepci\u00f3n: &#8220;Tenemos una memoria corporal ancestral que se activa cuando se presenta un trauma&#8221;<\/a><\/h3>                <div class=\"grid-item-excerpt\"><p>\u201cLos medios no educan de manera adecuada en materia de sexualidad. Pero esto es un trabajo colectivo. De nosotros y de nosotras mismas en nuestros<\/p><\/div>                <a href=\"http:\/\/www.periodistasporlaigualdad.org\/?p=2050\" class=\"pull-right basic-link\">Leer M\u00e1s<\/a>                                <div class=\"meta-data grid-item-meta\">\n                    <i class=\"fa fa-comments-o\"><\/i> <a href=\"http:\/\/www.periodistasporlaigualdad.org\/?p=2050#respond\" class=\"comments-link\" >0<\/a>                <\/div>\n                            <\/div>\n        <\/div>\n    <\/li>\n <li class=\"col-md-4 col-sm-6 grid-item post-2046 post type-post status-publish format-standard has-post-thumbnail hentry category-noticias tag-atencion-psico-sexologica tag-centro-borobil tag-crecimiento-sexual tag-de-pareja tag-lola-gonzalez tag-resolucion-de-dificultades\">\t\t<div class=\"format-standard\">        \n            <a href=\"http:\/\/www.periodistasporlaigualdad.org\/?p=2046\" class=\"media-box grid-featured-img\">\n                <img src=\"http:\/\/www.periodistasporlaigualdad.org\/wp-content\/uploads\/2021\/05\/20210515_InSex02-600x400.jpg\" class=\"post-thumb wp-post-image\" alt=\"\" decoding=\"async\" loading=\"lazy\" srcset=\"http:\/\/www.periodistasporlaigualdad.org\/wp-content\/uploads\/2021\/05\/20210515_InSex02-600x400.jpg 600w, http:\/\/www.periodistasporlaigualdad.org\/wp-content\/uploads\/2021\/05\/20210515_InSex02-272x182.jpg 272w\" sizes=\"(max-width: 600px) 100vw, 600px\" \/>                <span class=\"grid-item-date\">\n                    <span class=\"grid-item-day\">21<\/span>\n                    <span class=\"grid-item-month\">Mayo<\/span>\n                <\/span>\n            <\/a>            <div class=\"grid-item-content\">\n                <h3><a href=\"http:\/\/www.periodistasporlaigualdad.org\/?p=2046\">Lola Gonz\u00e1lez: &#8220;A nuestros hijos les recordamos que Superm\u00e1n no existe, sin embargo, no les decimos que el porno no existe&#8221;<\/a><\/h3>                <div class=\"grid-item-excerpt\"><p>Hay malestares en materia de sexualidad que pueden surgir desde el trauma, pero la desinformaci\u00f3n juega un papel importante en el origen de todas esas<\/p><\/div>                <a href=\"http:\/\/www.periodistasporlaigualdad.org\/?p=2046\" class=\"pull-right basic-link\">Leer M\u00e1s<\/a>                                <div class=\"meta-data grid-item-meta\">\n                    <i class=\"fa fa-comments-o\"><\/i> <a href=\"http:\/\/www.periodistasporlaigualdad.org\/?p=2046#respond\" class=\"comments-link\" >0<\/a>                <\/div>\n                            <\/div>\n        <\/div>\n    <\/li>\n <li class=\"col-md-4 col-sm-6 grid-item post-2054 post type-post status-publish format-standard has-post-thumbnail hentry category-noticias tag-berkana tag-diana-moreu tag-estela-penaranda tag-fisioterapia tag-huesca tag-incontinencia-urinaria tag-insex tag-menstruacion tag-pelviperineologia tag-relaciones-sexuales tag-salud-femenina tag-suelo-pelvico\">\t\t<div class=\"format-standard\">        \n            <a href=\"http:\/\/www.periodistasporlaigualdad.org\/?p=2054\" class=\"media-box grid-featured-img\">\n                <img src=\"http:\/\/www.periodistasporlaigualdad.org\/wp-content\/uploads\/2021\/05\/20210515_InSex03-600x400.jpg\" class=\"post-thumb wp-post-image\" alt=\"\" decoding=\"async\" loading=\"lazy\" srcset=\"http:\/\/www.periodistasporlaigualdad.org\/wp-content\/uploads\/2021\/05\/20210515_InSex03-600x400.jpg 600w, http:\/\/www.periodistasporlaigualdad.org\/wp-content\/uploads\/2021\/05\/20210515_InSex03-272x182.jpg 272w\" sizes=\"(max-width: 600px) 100vw, 600px\" \/>                <span class=\"grid-item-date\">\n                    <span class=\"grid-item-day\">20<\/span>\n                    <span class=\"grid-item-month\">Mayo<\/span>\n                <\/span>\n            <\/a>            <div class=\"grid-item-content\">\n                <h3><a href=\"http:\/\/www.periodistasporlaigualdad.org\/?p=2054\">Estela Pe\u00f1aranda: &#8220;El sexo, en un momento determinado, puede consistir en un abrazo&#8221;<\/a><\/h3>                <div class=\"grid-item-excerpt\"><p>Cuerpo y mente est\u00e1n interconectados. Hoy es una verdad de Perogrullo pero a veces olvidamos que detr\u00e1s de muchas dolencias f\u00edsicas subyacen traumas sin resolver.<\/p><\/div>                <a href=\"http:\/\/www.periodistasporlaigualdad.org\/?p=2054\" class=\"pull-right basic-link\">Leer M\u00e1s<\/a>                                <div class=\"meta-data grid-item-meta\">\n                    <i class=\"fa fa-comments-o\"><\/i> <a href=\"http:\/\/www.periodistasporlaigualdad.org\/?p=2054#respond\" class=\"comments-link\" >0<\/a>                <\/div>\n                            <\/div>\n        <\/div>\n    <\/li>\n <li class=\"col-md-4 col-sm-6 grid-item post-2065 post type-post status-publish format-standard has-post-thumbnail hentry category-noticias tag-educacion-sexual tag-estereotipos tag-feminismo tag-huesca tag-informacion tag-insex tag-medios-de-comunicacion tag-periodismo tag-perspectiva-de-genero tag-relaciones-sexuales tag-sexualidad\">\t\t<div class=\"format-standard\">        \n            <a href=\"http:\/\/www.periodistasporlaigualdad.org\/?p=2065\" class=\"media-box grid-featured-img\">\n                <img src=\"http:\/\/www.periodistasporlaigualdad.org\/wp-content\/uploads\/2021\/05\/20210515_InSex05-600x400.jpg\" class=\"post-thumb wp-post-image\" alt=\"\" decoding=\"async\" loading=\"lazy\" srcset=\"http:\/\/www.periodistasporlaigualdad.org\/wp-content\/uploads\/2021\/05\/20210515_InSex05-600x400.jpg 600w, http:\/\/www.periodistasporlaigualdad.org\/wp-content\/uploads\/2021\/05\/20210515_InSex05-272x182.jpg 272w\" sizes=\"(max-width: 600px) 100vw, 600px\" \/>                <span class=\"grid-item-date\">\n                    <span class=\"grid-item-day\">19<\/span>\n                    <span class=\"grid-item-month\">Mayo<\/span>\n                <\/span>\n            <\/a>            <div class=\"grid-item-content\">\n                <h3><a href=\"http:\/\/www.periodistasporlaigualdad.org\/?p=2065\">\u201cHacemos educaci\u00f3n sexual a diario: desde el momento en el que pones a tu ni\u00f1o a orinar en plena calle y a tu ni\u00f1a, escondida entre dos coches\u201d<\/a><\/h3>                <div class=\"grid-item-excerpt\"><p>Ni\u00f1as, ni\u00f1os, adolescentes, adultos y personas de la tercera edad. \u00bfC\u00f3mo nos informamos sobre sexualidad? \u00bfC\u00f3mo informan los medios de comunicaci\u00f3n sobre esta faceta esencial<\/p><\/div>                <a href=\"http:\/\/www.periodistasporlaigualdad.org\/?p=2065\" class=\"pull-right basic-link\">Leer M\u00e1s<\/a>                                <div class=\"meta-data grid-item-meta\">\n                    <i class=\"fa fa-comments-o\"><\/i> <a href=\"http:\/\/www.periodistasporlaigualdad.org\/?p=2065#respond\" class=\"comments-link\" >0<\/a>                <\/div>\n                            <\/div>\n        <\/div>\n    <\/li>\n <li class=\"col-md-4 col-sm-6 grid-item post-2059 post type-post status-publish format-standard has-post-thumbnail hentry category-noticias tag-coito tag-desmontando-a-la-pili tag-estereotipos tag-feminismo tag-insex tag-orgasmo tag-relaciones-sexuales tag-roles tag-sexologia tag-sexualidad\">\t\t<div class=\"format-standard\">        \n            <a href=\"http:\/\/www.periodistasporlaigualdad.org\/?p=2059\" class=\"media-box grid-featured-img\">\n                <img src=\"http:\/\/www.periodistasporlaigualdad.org\/wp-content\/uploads\/2021\/05\/20210515_InSex09-600x400.jpg\" class=\"post-thumb wp-post-image\" alt=\"\" decoding=\"async\" loading=\"lazy\" srcset=\"http:\/\/www.periodistasporlaigualdad.org\/wp-content\/uploads\/2021\/05\/20210515_InSex09-600x400.jpg 600w, http:\/\/www.periodistasporlaigualdad.org\/wp-content\/uploads\/2021\/05\/20210515_InSex09-272x182.jpg 272w\" sizes=\"(max-width: 600px) 100vw, 600px\" \/>                <span class=\"grid-item-date\">\n                    <span class=\"grid-item-day\">17<\/span>\n                    <span class=\"grid-item-month\">Mayo<\/span>\n                <\/span>\n            <\/a>            <div class=\"grid-item-content\">\n                <h3><a href=\"http:\/\/www.periodistasporlaigualdad.org\/?p=2059\">Ni el coito est\u00e1 en el centro de todo ni el orgasmo es la finalidad<\/a><\/h3>                <div class=\"grid-item-excerpt\"><p>La Cooperativa Desmontando a la Pili ofreci\u00f3 el Taller Placeres sin Edad en la I Jornada inSEX de sexualidad organizada por la Asociaci\u00f3n de Periodistas<\/p><\/div>                <a href=\"http:\/\/www.periodistasporlaigualdad.org\/?p=2059\" class=\"pull-right basic-link\">Leer M\u00e1s<\/a>                                <div class=\"meta-data grid-item-meta\">\n                    <i class=\"fa fa-comments-o\"><\/i> <a href=\"http:\/\/www.periodistasporlaigualdad.org\/?p=2059#respond\" class=\"comments-link\" >0<\/a>                <\/div>\n                            <\/div>\n        <\/div>\n    <\/li>\n <li class=\"col-md-4 col-sm-6 grid-item post-2037 post type-post status-publish format-standard has-post-thumbnail hentry category-noticias category-uncategorized tag-tocate-mucho tag-ana-requena tag-ana-rosa-maza tag-asociacion-de-librerias-de-zaragoza tag-ayuntamiento-de-huesca tag-barreras tag-conocimiento tag-derecho-a-la-informacion tag-deseo tag-desmontando-a-la-pili tag-feminismo tag-foro tag-huesca tag-iam tag-informacion tag-insex tag-instituto-aragones-de-la-mujer tag-la-pantera-rossa tag-placer tag-reflexion tag-sexualidad tag-universidad-de-zaragoza tag-zaragoza\">\t\t<div class=\"format-standard\">        \n            <a href=\"http:\/\/www.periodistasporlaigualdad.org\/?p=2037\" class=\"media-box grid-featured-img\">\n                <img src=\"http:\/\/www.periodistasporlaigualdad.org\/wp-content\/uploads\/2021\/04\/cartel-inSEX-sin-programa-DEF-600x400.jpg\" class=\"post-thumb wp-post-image\" alt=\"\" decoding=\"async\" loading=\"lazy\" srcset=\"http:\/\/www.periodistasporlaigualdad.org\/wp-content\/uploads\/2021\/04\/cartel-inSEX-sin-programa-DEF-600x400.jpg 600w, http:\/\/www.periodistasporlaigualdad.org\/wp-content\/uploads\/2021\/04\/cartel-inSEX-sin-programa-DEF-272x182.jpg 272w\" sizes=\"(max-width: 600px) 100vw, 600px\" \/>                <span class=\"grid-item-date\">\n                    <span class=\"grid-item-day\">29<\/span>\n                    <span class=\"grid-item-month\">Abr<\/span>\n                <\/span>\n            <\/a>            <div class=\"grid-item-content\">\n                <h3><a href=\"http:\/\/www.periodistasporlaigualdad.org\/?p=2037\">Sexualidad. \u00bfC\u00f3mo (nos) informamos?<\/a><\/h3>                <div class=\"grid-item-excerpt\"><p>Con el t\u00edtulo inSEX se van a celebrar, los pr\u00f3ximos 14 y 15 de mayo, en Huesca y Zaragoza, las primeras Jornadas sobre sexualidad organizadas<\/p><\/div>                <a href=\"http:\/\/www.periodistasporlaigualdad.org\/?p=2037\" class=\"pull-right basic-link\">Leer M\u00e1s<\/a>                                <div class=\"meta-data grid-item-meta\">\n                    <i class=\"fa fa-comments-o\"><\/i> <a href=\"http:\/\/www.periodistasporlaigualdad.org\/?p=2037#respond\" class=\"comments-link\" >0<\/a>                <\/div>\n                            <\/div>\n        <\/div>\n    <\/li>\n <li class=\"col-md-4 col-sm-6 grid-item post-1968 post type-post status-publish format-standard has-post-thumbnail hentry category-noticias tag-asesinato tag-crisis-social tag-feminicidio tag-fuerzas-y-cuerpos-de-seguridad-del-estado tag-genero tag-machismo tag-mujer tag-ninas tag-violencia\">\t\t<div class=\"format-standard\">        \n            <a href=\"http:\/\/www.periodistasporlaigualdad.org\/?p=1968\" class=\"media-box grid-featured-img\">\n                <img src=\"http:\/\/www.periodistasporlaigualdad.org\/wp-content\/uploads\/2020\/05\/violencia-600x400.jpg\" class=\"post-thumb wp-post-image\" alt=\"\" decoding=\"async\" loading=\"lazy\" srcset=\"http:\/\/www.periodistasporlaigualdad.org\/wp-content\/uploads\/2020\/05\/violencia-600x400.jpg 600w, http:\/\/www.periodistasporlaigualdad.org\/wp-content\/uploads\/2020\/05\/violencia-272x182.jpg 272w\" sizes=\"(max-width: 600px) 100vw, 600px\" \/>                <span class=\"grid-item-date\">\n                    <span class=\"grid-item-day\">22<\/span>\n                    <span class=\"grid-item-month\">Mayo<\/span>\n                <\/span>\n            <\/a>            <div class=\"grid-item-content\">\n                <h3><a href=\"http:\/\/www.periodistasporlaigualdad.org\/?p=1968\">C\u00d3MO INFORMAR DE VIOLENCIA DE G\u00c9NERO EN PLENA CRISIS SOCIAL<\/a><\/h3>                <div class=\"grid-item-excerpt\"><p>Por Elena Bandr\u00e9s, profesora\u00a0 Grado de Periodismo-Universidad de Zaragoza La violencia contra las mujeres se est\u00e1 abordando desde numerosos frentes pero, desde el punto de<\/p><\/div>                <a href=\"http:\/\/www.periodistasporlaigualdad.org\/?p=1968\" class=\"pull-right basic-link\">Leer M\u00e1s<\/a>                                <div class=\"meta-data grid-item-meta\">\n                    <i class=\"fa fa-comments-o\"><\/i> <a href=\"http:\/\/www.periodistasporlaigualdad.org\/?p=1968#respond\" class=\"comments-link\" >0<\/a>                <\/div>\n                            <\/div>\n        <\/div>\n    <\/li>\n <li class=\"col-md-4 col-sm-6 grid-item post-1961 post type-post status-publish format-standard has-post-thumbnail hentry category-noticias tag-asesinato tag-conciencia-social tag-crimen tag-delito tag-elena-bandres tag-espana tag-feminicidio tag-gobiernos tag-medios-de-comunicacion tag-ministerio-del-interior tag-misoginia tag-nino-care tag-protocolo tag-sucesos tag-universidad-de-zaragoza tag-violencia-machista\">\t\t<div class=\"format-standard\">        \n            <a href=\"http:\/\/www.periodistasporlaigualdad.org\/?p=1961\" class=\"media-box grid-featured-img\">\n                <img src=\"http:\/\/www.periodistasporlaigualdad.org\/wp-content\/uploads\/2020\/05\/hand-1832921_1920-600x400.jpg\" class=\"post-thumb wp-post-image\" alt=\"\" decoding=\"async\" loading=\"lazy\" srcset=\"http:\/\/www.periodistasporlaigualdad.org\/wp-content\/uploads\/2020\/05\/hand-1832921_1920-600x400.jpg 600w, http:\/\/www.periodistasporlaigualdad.org\/wp-content\/uploads\/2020\/05\/hand-1832921_1920-300x200.jpg 300w, http:\/\/www.periodistasporlaigualdad.org\/wp-content\/uploads\/2020\/05\/hand-1832921_1920-768x512.jpg 768w, http:\/\/www.periodistasporlaigualdad.org\/wp-content\/uploads\/2020\/05\/hand-1832921_1920-1024x683.jpg 1024w, http:\/\/www.periodistasporlaigualdad.org\/wp-content\/uploads\/2020\/05\/hand-1832921_1920-958x639.jpg 958w, http:\/\/www.periodistasporlaigualdad.org\/wp-content\/uploads\/2020\/05\/hand-1832921_1920-272x182.jpg 272w, http:\/\/www.periodistasporlaigualdad.org\/wp-content\/uploads\/2020\/05\/hand-1832921_1920.jpg 1920w\" sizes=\"(max-width: 600px) 100vw, 600px\" \/>                <span class=\"grid-item-date\">\n                    <span class=\"grid-item-day\">10<\/span>\n                    <span class=\"grid-item-month\">Mayo<\/span>\n                <\/span>\n            <\/a>            <div class=\"grid-item-content\">\n                <h3><a href=\"http:\/\/www.periodistasporlaigualdad.org\/?p=1961\">ASESINATO DE UNA MUJER A MANOS DE UN HOMBRE POR MACHISMO O MISOGINIA<\/a><\/h3>                <div class=\"grid-item-excerpt\"><p>Por Elena Bandr\u00e9s @Meleban \u201cLa violencia contra las mujeres y ni\u00f1as es una de las violaciones de los derechos humanos m\u00e1s extendidas, persistentes y devastadoras<\/p><\/div>                <a href=\"http:\/\/www.periodistasporlaigualdad.org\/?p=1961\" class=\"pull-right basic-link\">Leer M\u00e1s<\/a>                                <div class=\"meta-data grid-item-meta\">\n                    <i class=\"fa fa-comments-o\"><\/i> <a href=\"http:\/\/www.periodistasporlaigualdad.org\/?p=1961#respond\" class=\"comments-link\" >0<\/a>                <\/div>\n                            <\/div>\n        <\/div>\n    <\/li>\n <li class=\"col-md-4 col-sm-6 grid-item post-1951 post type-post status-publish format-standard has-post-thumbnail hentry category-noticias\">\t\t<div class=\"format-standard\">        \n            <a href=\"http:\/\/www.periodistasporlaigualdad.org\/?p=1951\" class=\"media-box grid-featured-img\">\n                <img src=\"http:\/\/www.periodistasporlaigualdad.org\/wp-content\/uploads\/2020\/05\/cartel-ok-600x400.jpeg\" class=\"post-thumb wp-post-image\" alt=\"\" decoding=\"async\" loading=\"lazy\" srcset=\"http:\/\/www.periodistasporlaigualdad.org\/wp-content\/uploads\/2020\/05\/cartel-ok-600x400.jpeg 600w, http:\/\/www.periodistasporlaigualdad.org\/wp-content\/uploads\/2020\/05\/cartel-ok-272x182.jpeg 272w\" sizes=\"(max-width: 600px) 100vw, 600px\" \/>                <span class=\"grid-item-date\">\n                    <span class=\"grid-item-day\">01<\/span>\n                    <span class=\"grid-item-month\">Mayo<\/span>\n                <\/span>\n            <\/a>            <div class=\"grid-item-content\">\n                <h3><a href=\"http:\/\/www.periodistasporlaigualdad.org\/?p=1951\">D\u00eda Mundial por la Libertad de Prensa. Debate<\/a><\/h3>                <div class=\"grid-item-excerpt\"><p>Las periodistas Mavi Do\u00f1ate y Victoria Toro y la consultora Susana Romero participan en un debate sobre la independencia del periodismo y a igualdad de<\/p><\/div>                <a href=\"http:\/\/www.periodistasporlaigualdad.org\/?p=1951\" class=\"pull-right basic-link\">Leer M\u00e1s<\/a>                                <div class=\"meta-data grid-item-meta\">\n                    <i class=\"fa fa-comments-o\"><\/i> <a href=\"http:\/\/www.periodistasporlaigualdad.org\/?p=1951#respond\" class=\"comments-link\" >0<\/a>                <\/div>\n                            <\/div>\n        <\/div>\n    <\/li>\n <li class=\"col-md-4 col-sm-6 grid-item post-1942 post type-post status-publish format-standard has-post-thumbnail hentry category-noticias tag-apoyo tag-arame tag-asociacion-de-periodistas-por-la-igualdad tag-cambio tag-conciliacion tag-educacion tag-empresarias tag-feminismo tag-guarderias tag-medios-de-comunicacion tag-periodismo tag-residencias-de-mayores tag-suelo-pegajoso tag-techo-de-cristal tag-visibilizacion\">\t\t<div class=\"format-standard\">        \n            <a href=\"http:\/\/www.periodistasporlaigualdad.org\/?p=1942\" class=\"media-box grid-featured-img\">\n                <img src=\"http:\/\/www.periodistasporlaigualdad.org\/wp-content\/uploads\/2020\/03\/WhatsApp-Image-2020-03-12-at-15.44.35-600x400.jpeg\" class=\"post-thumb wp-post-image\" alt=\"\" decoding=\"async\" loading=\"lazy\" srcset=\"http:\/\/www.periodistasporlaigualdad.org\/wp-content\/uploads\/2020\/03\/WhatsApp-Image-2020-03-12-at-15.44.35-600x400.jpeg 600w, http:\/\/www.periodistasporlaigualdad.org\/wp-content\/uploads\/2020\/03\/WhatsApp-Image-2020-03-12-at-15.44.35-272x182.jpeg 272w\" sizes=\"(max-width: 600px) 100vw, 600px\" \/>                <span class=\"grid-item-date\">\n                    <span class=\"grid-item-day\">16<\/span>\n                    <span class=\"grid-item-month\">Mar<\/span>\n                <\/span>\n            <\/a>            <div class=\"grid-item-content\">\n                <h3><a href=\"http:\/\/www.periodistasporlaigualdad.org\/?p=1942\">Las empresarias, hartas de que los periodistas les preguntemos por la conciliaci\u00f3n<\/a><\/h3>                <div class=\"grid-item-excerpt\"><p>\u201cQue qu\u00e9 hacemos con los hijos, que al viajar tanto c\u00f3mo nos las apa\u00f1amos con la familia, c\u00f3mo conciliamos, tanto tiempo fuera de casa&#8230; Estamos<\/p><\/div>                <a href=\"http:\/\/www.periodistasporlaigualdad.org\/?p=1942\" class=\"pull-right basic-link\">Leer M\u00e1s<\/a>                                <div class=\"meta-data grid-item-meta\">\n                    <i class=\"fa fa-comments-o\"><\/i> <a href=\"http:\/\/www.periodistasporlaigualdad.org\/?p=1942#respond\" class=\"comments-link\" >0<\/a>                <\/div>\n                            <\/div>\n        <\/div>\n    <\/li>\n <li class=\"col-md-4 col-sm-6 grid-item post-1932 post type-post status-publish format-standard has-post-thumbnail hentry category-noticias tag-8m tag-comunicadoras tag-concentracion tag-consumo tag-derechos tag-huelga tag-lucha tag-manifestacion tag-marea tag-medios-de-comunicacion tag-mujeres tag-parar tag-redes-sociales tag-transicion\">\t\t<div class=\"format-standard\">        \n            <a href=\"http:\/\/www.periodistasporlaigualdad.org\/?p=1932\" class=\"media-box grid-featured-img\">\n                <img src=\"http:\/\/www.periodistasporlaigualdad.org\/wp-content\/uploads\/2020\/02\/8M2019-3856-600x400.jpg\" class=\"post-thumb wp-post-image\" alt=\"\" decoding=\"async\" loading=\"lazy\" srcset=\"http:\/\/www.periodistasporlaigualdad.org\/wp-content\/uploads\/2020\/02\/8M2019-3856-600x400.jpg 600w, http:\/\/www.periodistasporlaigualdad.org\/wp-content\/uploads\/2020\/02\/8M2019-3856-300x200.jpg 300w, http:\/\/www.periodistasporlaigualdad.org\/wp-content\/uploads\/2020\/02\/8M2019-3856-768x512.jpg 768w, http:\/\/www.periodistasporlaigualdad.org\/wp-content\/uploads\/2020\/02\/8M2019-3856-1024x683.jpg 1024w, http:\/\/www.periodistasporlaigualdad.org\/wp-content\/uploads\/2020\/02\/8M2019-3856-958x639.jpg 958w, http:\/\/www.periodistasporlaigualdad.org\/wp-content\/uploads\/2020\/02\/8M2019-3856-272x182.jpg 272w, http:\/\/www.periodistasporlaigualdad.org\/wp-content\/uploads\/2020\/02\/8M2019-3856.jpg 1200w\" sizes=\"(max-width: 600px) 100vw, 600px\" \/>                <span class=\"grid-item-date\">\n                    <span class=\"grid-item-day\">17<\/span>\n                    <span class=\"grid-item-month\">Feb<\/span>\n                <\/span>\n            <\/a>            <div class=\"grid-item-content\">\n                <h3><a href=\"http:\/\/www.periodistasporlaigualdad.org\/?p=1932\">SI NOSOTRAS PAR\u00c1RAMOS, SE PARAR\u00cdA EL MUNDO<\/a><\/h3>                <div class=\"grid-item-excerpt\"><p>Por Esther Puisac Dicen que fuimos 200.000. Algunas consideraban que hab\u00eda m\u00e1s gente incluso que en 2018. Y\u00a0eso que hace tres a\u00f1os se nos pod\u00eda<\/p><\/div>                <a href=\"http:\/\/www.periodistasporlaigualdad.org\/?p=1932\" class=\"pull-right basic-link\">Leer M\u00e1s<\/a>                                <div class=\"meta-data grid-item-meta\">\n                    <i class=\"fa fa-comments-o\"><\/i> <a href=\"http:\/\/www.periodistasporlaigualdad.org\/?p=1932#respond\" class=\"comments-link\" >0<\/a>                <\/div>\n                            <\/div>\n        <\/div>\n    <\/li>\n <li class=\"col-md-4 col-sm-6 grid-item post-1910 post type-post status-publish format-standard has-post-thumbnail hentry category-noticias\">\t\t<div class=\"format-standard\">        \n            <a href=\"http:\/\/www.periodistasporlaigualdad.org\/?p=1910\" class=\"media-box grid-featured-img\">\n                <img src=\"http:\/\/www.periodistasporlaigualdad.org\/wp-content\/uploads\/2020\/02\/WhatsApp-Image-2020-02-01-at-12.11.21-600x400.jpeg\" class=\"post-thumb wp-post-image\" alt=\"Expo Violencias contra las mujeres\" decoding=\"async\" loading=\"lazy\" srcset=\"http:\/\/www.periodistasporlaigualdad.org\/wp-content\/uploads\/2020\/02\/WhatsApp-Image-2020-02-01-at-12.11.21-600x400.jpeg 600w, http:\/\/www.periodistasporlaigualdad.org\/wp-content\/uploads\/2020\/02\/WhatsApp-Image-2020-02-01-at-12.11.21-272x182.jpeg 272w\" sizes=\"(max-width: 600px) 100vw, 600px\" \/>                <span class=\"grid-item-date\">\n                    <span class=\"grid-item-day\">01<\/span>\n                    <span class=\"grid-item-month\">Feb<\/span>\n                <\/span>\n            <\/a>            <div class=\"grid-item-content\">\n                <h3><a href=\"http:\/\/www.periodistasporlaigualdad.org\/?p=1910\">La violencia contra la mujer como arma de guerra. Las im\u00e1genes de Gervasio S\u00e1nchez<\/a><\/h3>                <div class=\"grid-item-excerpt\"><p>La violencia contra la mujer ha sido una de las m\u00e1s potentes armas de guerra desde que el hombre es hombre. Han cambiado las armas,<\/p><\/div>                <a href=\"http:\/\/www.periodistasporlaigualdad.org\/?p=1910\" class=\"pull-right basic-link\">Leer M\u00e1s<\/a>                                <div class=\"meta-data grid-item-meta\">\n                    <i class=\"fa fa-comments-o\"><\/i> <a href=\"http:\/\/www.periodistasporlaigualdad.org\/?p=1910#respond\" class=\"comments-link\" >0<\/a>                <\/div>\n                            <\/div>\n        <\/div>\n    <\/li>\n <li class=\"col-md-4 col-sm-6 grid-item post-1903 post type-post status-publish format-standard has-post-thumbnail hentry category-noticias\">\t\t<div class=\"format-standard\">        \n            <a href=\"http:\/\/www.periodistasporlaigualdad.org\/?p=1903\" class=\"media-box grid-featured-img\">\n                <img src=\"http:\/\/www.periodistasporlaigualdad.org\/wp-content\/uploads\/2019\/12\/JornadaIgualdad-5354-600x400.jpg\" class=\"post-thumb wp-post-image\" alt=\"JOrnada Periodistas por la Igualdad\" decoding=\"async\" loading=\"lazy\" srcset=\"http:\/\/www.periodistasporlaigualdad.org\/wp-content\/uploads\/2019\/12\/JornadaIgualdad-5354-600x400.jpg 600w, http:\/\/www.periodistasporlaigualdad.org\/wp-content\/uploads\/2019\/12\/JornadaIgualdad-5354-272x182.jpg 272w\" sizes=\"(max-width: 600px) 100vw, 600px\" \/>                <span class=\"grid-item-date\">\n                    <span class=\"grid-item-day\">11<\/span>\n                    <span class=\"grid-item-month\">Dic<\/span>\n                <\/span>\n            <\/a>            <div class=\"grid-item-content\">\n                <h3><a href=\"http:\/\/www.periodistasporlaigualdad.org\/?p=1903\">\u201cHay que cuidar la informaci\u00f3n porque las mujeres tienen que seguir viviendo, hay que pensar en la vida que viene despu\u00e9s\u201d<\/a><\/h3>                <div class=\"grid-item-excerpt\"><p>Empat\u00eda, reflexi\u00f3n, respetar los tiempos de las investigaciones y poner el foco en los maltratadores y no en las v\u00edctimas a la hora de informar<\/p><\/div>                <a href=\"http:\/\/www.periodistasporlaigualdad.org\/?p=1903\" class=\"pull-right basic-link\">Leer M\u00e1s<\/a>                                <div class=\"meta-data grid-item-meta\">\n                    <i class=\"fa fa-comments-o\"><\/i> <a href=\"http:\/\/www.periodistasporlaigualdad.org\/?p=1903#respond\" class=\"comments-link\" >0<\/a>                <\/div>\n                            <\/div>\n        <\/div>\n    <\/li>\n <li class=\"col-md-4 col-sm-6 grid-item post-1891 post type-post status-publish format-standard has-post-thumbnail hentry category-noticias\">\t\t<div class=\"format-standard\">        \n            <a href=\"http:\/\/www.periodistasporlaigualdad.org\/?p=1891\" class=\"media-box grid-featured-img\">\n                <img src=\"http:\/\/www.periodistasporlaigualdad.org\/wp-content\/uploads\/2019\/12\/comunicar-por-la-igualdad-programa-WEB_page-0001-600x400.jpg\" class=\"post-thumb wp-post-image\" alt=\"\" decoding=\"async\" loading=\"lazy\" srcset=\"http:\/\/www.periodistasporlaigualdad.org\/wp-content\/uploads\/2019\/12\/comunicar-por-la-igualdad-programa-WEB_page-0001-600x400.jpg 600w, http:\/\/www.periodistasporlaigualdad.org\/wp-content\/uploads\/2019\/12\/comunicar-por-la-igualdad-programa-WEB_page-0001-272x182.jpg 272w\" sizes=\"(max-width: 600px) 100vw, 600px\" \/>                <span class=\"grid-item-date\">\n                    <span class=\"grid-item-day\">01<\/span>\n                    <span class=\"grid-item-month\">Dic<\/span>\n                <\/span>\n            <\/a>            <div class=\"grid-item-content\">\n                <h3><a href=\"http:\/\/www.periodistasporlaigualdad.org\/?p=1891\">II Jornada Medios de comunicaci\u00f3n y eliminaci\u00f3n de las violencias contra las mujeres<\/a><\/h3>                <div class=\"grid-item-excerpt\"><p>El periodismo tiene un papel muy relevante en la lucha contra la violencia machista y en la protecci\u00f3n de las v\u00edctimas. Sin embargo, no siempre<\/p><\/div>                <a href=\"http:\/\/www.periodistasporlaigualdad.org\/?p=1891\" class=\"pull-right basic-link\">Leer M\u00e1s<\/a>                                <div class=\"meta-data grid-item-meta\">\n                    <i class=\"fa fa-comments-o\"><\/i> <a href=\"http:\/\/www.periodistasporlaigualdad.org\/?p=1891#respond\" class=\"comments-link\" >0<\/a>                <\/div>\n                            <\/div>\n        <\/div>\n    <\/li>\n <li class=\"col-md-4 col-sm-6 grid-item post-1744 post type-post status-publish format-standard has-post-thumbnail hentry category-noticias tag-acoso tag-brecha-mediatica tag-brecha-salarial tag-cis tag-comunicadoras tag-imagen-de-la-mujer tag-machismo tag-medios-de-comunicacion tag-opinion-publica tag-periodistas tag-perspectiva-de-genero tag-techo-de-cristal tag-techo-de-papel tag-violencia-de-genero\">\t\t<div class=\"format-standard\">        \n            <a href=\"http:\/\/www.periodistasporlaigualdad.org\/?p=1744\" class=\"media-box grid-featured-img\">\n                <img src=\"http:\/\/www.periodistasporlaigualdad.org\/wp-content\/uploads\/2019\/03\/VIOLENCIA-CONTRA-LA-MUJER-CIS.png\" class=\"post-thumb wp-post-image\" alt=\"\" decoding=\"async\" loading=\"lazy\" \/>                <span class=\"grid-item-date\">\n                    <span class=\"grid-item-day\">07<\/span>\n                    <span class=\"grid-item-month\">Mar<\/span>\n                <\/span>\n            <\/a>            <div class=\"grid-item-content\">\n                <h3><a href=\"http:\/\/www.periodistasporlaigualdad.org\/?p=1744\">La  violencia contra la mujer cae en la brecha de g\u00e9nero medi\u00e1tica<\/a><\/h3>                <div class=\"grid-item-excerpt\"><p>\u00bfAlguien se acuerda ya de Ana Orantes? Una mujer maltratada que acab\u00f3 siendo asesinada tras contar su relato en televisi\u00f3n. Una mujer valiente que se<\/p><\/div>                <a href=\"http:\/\/www.periodistasporlaigualdad.org\/?p=1744\" class=\"pull-right basic-link\">Leer M\u00e1s<\/a>                                <div class=\"meta-data grid-item-meta\">\n                    <i class=\"fa fa-comments-o\"><\/i> <a href=\"http:\/\/www.periodistasporlaigualdad.org\/?p=1744#respond\" class=\"comments-link\" >0<\/a>                <\/div>\n                            <\/div>\n        <\/div>\n    <\/li>\n <li class=\"col-md-4 col-sm-6 grid-item post-1604 post type-post status-publish format-standard has-post-thumbnail hentry category-noticias tag-labtitulares tag-ciudadania tag-igualdad tag-informaciones tag-laboratorio-de-titulares tag-machismo tag-medios-de-comunicacion tag-periodismo-feminista tag-periodistas tag-perspectiva-de-genero tag-xx-congreso-de-periodismo-digital\">\t\t<div class=\"format-standard\">        \n            <a href=\"http:\/\/www.periodistasporlaigualdad.org\/?p=1604\" class=\"media-box grid-featured-img\">\n                <img src=\"http:\/\/www.periodistasporlaigualdad.org\/wp-content\/uploads\/2019\/02\/Foto-Laboratorio-de-Titulares-600x400.jpeg\" class=\"post-thumb wp-post-image\" alt=\"\" decoding=\"async\" loading=\"lazy\" srcset=\"http:\/\/www.periodistasporlaigualdad.org\/wp-content\/uploads\/2019\/02\/Foto-Laboratorio-de-Titulares-600x400.jpeg 600w, http:\/\/www.periodistasporlaigualdad.org\/wp-content\/uploads\/2019\/02\/Foto-Laboratorio-de-Titulares-300x200.jpeg 300w, http:\/\/www.periodistasporlaigualdad.org\/wp-content\/uploads\/2019\/02\/Foto-Laboratorio-de-Titulares-768x512.jpeg 768w, http:\/\/www.periodistasporlaigualdad.org\/wp-content\/uploads\/2019\/02\/Foto-Laboratorio-de-Titulares-1024x682.jpeg 1024w, http:\/\/www.periodistasporlaigualdad.org\/wp-content\/uploads\/2019\/02\/Foto-Laboratorio-de-Titulares-958x638.jpeg 958w, http:\/\/www.periodistasporlaigualdad.org\/wp-content\/uploads\/2019\/02\/Foto-Laboratorio-de-Titulares-272x182.jpeg 272w, http:\/\/www.periodistasporlaigualdad.org\/wp-content\/uploads\/2019\/02\/Foto-Laboratorio-de-Titulares.jpeg 1280w\" sizes=\"(max-width: 600px) 100vw, 600px\" \/>                <span class=\"grid-item-date\">\n                    <span class=\"grid-item-day\">24<\/span>\n                    <span class=\"grid-item-month\">Feb<\/span>\n                <\/span>\n            <\/a>            <div class=\"grid-item-content\">\n                <h3><a href=\"http:\/\/www.periodistasporlaigualdad.org\/?p=1604\">Un laboratorio de periodismo feminista<\/a><\/h3>                <div class=\"grid-item-excerpt\"><p>La Asociaci\u00f3n de Periodistas por la Igualdad abre las puertas de su Laboratorio de Titulares. El objetivo: analizar actitudes machistas en las informaciones bajo una<\/p><\/div>                <a href=\"http:\/\/www.periodistasporlaigualdad.org\/?p=1604\" class=\"pull-right basic-link\">Leer M\u00e1s<\/a>                                <div class=\"meta-data grid-item-meta\">\n                    <i class=\"fa fa-comments-o\"><\/i> <a href=\"http:\/\/www.periodistasporlaigualdad.org\/?p=1604#respond\" class=\"comments-link\" >0<\/a>                <\/div>\n                            <\/div>\n        <\/div>\n    <\/li>\n <li class=\"col-md-4 col-sm-6 grid-item post-1565 post type-post status-publish format-standard has-post-thumbnail hentry category-noticias tag-genero-igualdad-periodismo\">\t\t<div class=\"format-standard\">        \n            <a href=\"http:\/\/www.periodistasporlaigualdad.org\/?p=1565\" class=\"media-box grid-featured-img\">\n                <img src=\"http:\/\/www.periodistasporlaigualdad.org\/wp-content\/uploads\/2019\/02\/20190218_101933-600x400.jpg\" class=\"post-thumb wp-post-image\" alt=\"Ana Requena: \u201cEl tratamiento informativo con perspectiva de g\u00e9nero es un criterio de calidad period\u00edstica\u201d\" decoding=\"async\" loading=\"lazy\" srcset=\"http:\/\/www.periodistasporlaigualdad.org\/wp-content\/uploads\/2019\/02\/20190218_101933-600x400.jpg 600w, http:\/\/www.periodistasporlaigualdad.org\/wp-content\/uploads\/2019\/02\/20190218_101933-272x182.jpg 272w\" sizes=\"(max-width: 600px) 100vw, 600px\" \/>                <span class=\"grid-item-date\">\n                    <span class=\"grid-item-day\">21<\/span>\n                    <span class=\"grid-item-month\">Feb<\/span>\n                <\/span>\n            <\/a>            <div class=\"grid-item-content\">\n                <h3><a href=\"http:\/\/www.periodistasporlaigualdad.org\/?p=1565\">Ana Requena: &#8220;El tratamiento informativo con perspectiva de g\u00e9nero es un criterio de calidad period\u00edstica&#8221;<\/a><\/h3>                <div class=\"grid-item-excerpt\"><p>Trazar un diagn\u00f3stico de la representaci\u00f3n de la mujer en los medios de comunicaci\u00f3n en Espa\u00f1a y preguntarse el porqu\u00e9 de los estereotipos de g\u00e9nero<\/p><\/div>                <a href=\"http:\/\/www.periodistasporlaigualdad.org\/?p=1565\" class=\"pull-right basic-link\">Leer M\u00e1s<\/a>                                <div class=\"meta-data grid-item-meta\">\n                    <i class=\"fa fa-comments-o\"><\/i> <a href=\"http:\/\/www.periodistasporlaigualdad.org\/?p=1565#respond\" class=\"comments-link\" >0<\/a>                <\/div>\n                            <\/div>\n        <\/div>\n    <\/li>\n <li class=\"col-md-4 col-sm-6 grid-item post-1534 post type-post status-publish format-standard has-post-thumbnail hentry category-noticias tag-amit tag-ana-lopez-navajas tag-ciencias tag-cientificas tag-editoriales tag-eso tag-estereotipos tag-iniciativa-11-de-febrero tag-jornadas-de-divulgacion-innovadora-di tag-justicia-social tag-laura-perez tag-libros-de-texto tag-maria-gracia tag-maria-villarroya tag-ninas tag-pablo-nacenta tag-perspectiva-de-genero tag-planetario-de-huesca tag-referentes tag-sm tag-stem tag-visibilidad\">\t\t<div class=\"format-standard\">        \n            <a href=\"http:\/\/www.periodistasporlaigualdad.org\/?p=1534\" class=\"media-box grid-featured-img\">\n                <img src=\"http:\/\/www.periodistasporlaigualdad.org\/wp-content\/uploads\/2019\/02\/Poster-matematicas-II-600x400.jpg\" class=\"post-thumb wp-post-image\" alt=\"\" decoding=\"async\" loading=\"lazy\" srcset=\"http:\/\/www.periodistasporlaigualdad.org\/wp-content\/uploads\/2019\/02\/Poster-matematicas-II-600x400.jpg 600w, http:\/\/www.periodistasporlaigualdad.org\/wp-content\/uploads\/2019\/02\/Poster-matematicas-II-272x182.jpg 272w\" sizes=\"(max-width: 600px) 100vw, 600px\" \/>                <span class=\"grid-item-date\">\n                    <span class=\"grid-item-day\">11<\/span>\n                    <span class=\"grid-item-month\">Feb<\/span>\n                <\/span>\n            <\/a>            <div class=\"grid-item-content\">\n                <h3><a href=\"http:\/\/www.periodistasporlaigualdad.org\/?p=1534\">Por fin unos libros de texto con mujeres<\/a><\/h3>                <div class=\"grid-item-excerpt\"><p>Las editoriales dedicadas al \u00e1mbito escolar est\u00e1n form\u00e1ndose en igualdad de g\u00e9nero y prometen cambios para el pr\u00f3ximo curso. Habr\u00e1 m\u00e1s cient\u00edficas en los libros<\/p><\/div>                <a href=\"http:\/\/www.periodistasporlaigualdad.org\/?p=1534\" class=\"pull-right basic-link\">Leer M\u00e1s<\/a>                                <div class=\"meta-data grid-item-meta\">\n                    <i class=\"fa fa-comments-o\"><\/i> <a href=\"http:\/\/www.periodistasporlaigualdad.org\/?p=1534#respond\" class=\"comments-link\" >0<\/a>                <\/div>\n                            <\/div>\n        <\/div>\n    <\/li>\n <li class=\"col-md-4 col-sm-6 grid-item post-1373 post type-post status-publish format-standard has-post-thumbnail hentry category-noticias tag-adolescencia tag-apoyo-familiar tag-carlota-albas tag-chus-garcia-ceballos tag-competiciones tag-deporte tag-discriminacion tag-el-sotano-magico tag-federaciones tag-fuerza tag-igualdad tag-madrid tag-maternidad tag-medios-de-comunicacion tag-mujer tag-paridad tag-paternalismo tag-periodismo tag-zaragoza\">\t\t<div class=\"format-standard\">        \n            <a href=\"http:\/\/www.periodistasporlaigualdad.org\/?p=1373\" class=\"media-box grid-featured-img\">\n                <img src=\"http:\/\/www.periodistasporlaigualdad.org\/wp-content\/uploads\/2019\/02\/Mujer-y-Deporte.jpg\" class=\"post-thumb wp-post-image\" alt=\"\" decoding=\"async\" loading=\"lazy\" srcset=\"http:\/\/www.periodistasporlaigualdad.org\/wp-content\/uploads\/2019\/02\/Mujer-y-Deporte.jpg 509w, http:\/\/www.periodistasporlaigualdad.org\/wp-content\/uploads\/2019\/02\/Mujer-y-Deporte-300x200.jpg 300w, http:\/\/www.periodistasporlaigualdad.org\/wp-content\/uploads\/2019\/02\/Mujer-y-Deporte-272x182.jpg 272w\" sizes=\"(max-width: 509px) 100vw, 509px\" \/>                <span class=\"grid-item-date\">\n                    <span class=\"grid-item-day\">02<\/span>\n                    <span class=\"grid-item-month\">Feb<\/span>\n                <\/span>\n            <\/a>            <div class=\"grid-item-content\">\n                <h3><a href=\"http:\/\/www.periodistasporlaigualdad.org\/?p=1373\">Las competiciones deportivas necesitan otro modelo que no discrimine a las mujeres<\/a><\/h3>                <div class=\"grid-item-excerpt\"><p>Por: Carmen Serrano \u00bfPor qu\u00e9 todas las pruebas deportivas est\u00e1n relacionadas con la fuerza? Seg\u00fan Chus Garc\u00eda Ceballos, asesora t\u00e9cnica de Deportes en el Gobierno<\/p><\/div>                <a href=\"http:\/\/www.periodistasporlaigualdad.org\/?p=1373\" class=\"pull-right basic-link\">Leer M\u00e1s<\/a>                                <div class=\"meta-data grid-item-meta\">\n                    <i class=\"fa fa-comments-o\"><\/i> <a href=\"http:\/\/www.periodistasporlaigualdad.org\/?p=1373#respond\" class=\"comments-link\" >0<\/a>                <\/div>\n                            <\/div>\n        <\/div>\n    <\/li>\n <li class=\"col-md-4 col-sm-6 grid-item post-1298 post type-post status-publish format-standard has-post-thumbnail hentry category-noticias\">\t\t<div class=\"format-standard\">        \n            <a href=\"http:\/\/www.periodistasporlaigualdad.org\/?p=1298\" class=\"media-box grid-featured-img\">\n                <img src=\"http:\/\/www.periodistasporlaigualdad.org\/wp-content\/uploads\/2018\/11\/01543621-600x400.jpg\" class=\"post-thumb wp-post-image\" alt=\"\" decoding=\"async\" loading=\"lazy\" srcset=\"http:\/\/www.periodistasporlaigualdad.org\/wp-content\/uploads\/2018\/11\/01543621-600x400.jpg 600w, http:\/\/www.periodistasporlaigualdad.org\/wp-content\/uploads\/2018\/11\/01543621-300x200.jpg 300w, http:\/\/www.periodistasporlaigualdad.org\/wp-content\/uploads\/2018\/11\/01543621-768x512.jpg 768w, http:\/\/www.periodistasporlaigualdad.org\/wp-content\/uploads\/2018\/11\/01543621-1024x683.jpg 1024w, http:\/\/www.periodistasporlaigualdad.org\/wp-content\/uploads\/2018\/11\/01543621-958x639.jpg 958w, http:\/\/www.periodistasporlaigualdad.org\/wp-content\/uploads\/2018\/11\/01543621-272x182.jpg 272w\" sizes=\"(max-width: 600px) 100vw, 600px\" \/>                <span class=\"grid-item-date\">\n                    <span class=\"grid-item-day\">16<\/span>\n                    <span class=\"grid-item-month\">Nov<\/span>\n                <\/span>\n            <\/a>            <div class=\"grid-item-content\">\n                <h3><a href=\"http:\/\/www.periodistasporlaigualdad.org\/?p=1298\">Mujeres que divulgan ciencia sin exhibicionismo ni competici\u00f3n<\/a><\/h3>                <div class=\"grid-item-excerpt\"><p>Carmen Serrano Periodista y divulgadora cient\u00edfica Cofundadora de la Asociaci\u00f3n de Periodistas por la Igualdad &nbsp; Ya son muchas las divulgadoras y las iniciativas con<\/p><\/div>                <a href=\"http:\/\/www.periodistasporlaigualdad.org\/?p=1298\" class=\"pull-right basic-link\">Leer M\u00e1s<\/a>                                <div class=\"meta-data grid-item-meta\">\n                    <i class=\"fa fa-comments-o\"><\/i> <a href=\"http:\/\/www.periodistasporlaigualdad.org\/?p=1298#respond\" class=\"comments-link\" >0<\/a>                <\/div>\n                            <\/div>\n        <\/div>\n    <\/li>\n <li class=\"col-md-4 col-sm-6 grid-item post-1286 post type-post status-publish format-standard has-post-thumbnail hentry category-noticias tag-igualdad tag-paraguay tag-paridad tag-politica\">\t\t<div class=\"format-standard\">        \n            <a href=\"http:\/\/www.periodistasporlaigualdad.org\/?p=1286\" class=\"media-box grid-featured-img\">\n                <img src=\"http:\/\/www.periodistasporlaigualdad.org\/wp-content\/uploads\/2018\/09\/Captura-516x400.png\" class=\"post-thumb wp-post-image\" alt=\"\" decoding=\"async\" loading=\"lazy\" \/>                <span class=\"grid-item-date\">\n                    <span class=\"grid-item-day\">17<\/span>\n                    <span class=\"grid-item-month\">Sep<\/span>\n                <\/span>\n            <\/a>            <div class=\"grid-item-content\">\n                <h3><a href=\"http:\/\/www.periodistasporlaigualdad.org\/?p=1286\">El debate sobre la paridad en cargos pol\u00edticos deja al descubierto la cara machista de Paraguay<\/a><\/h3>                <div class=\"grid-item-excerpt\"><p>El cine paraguayo nunca lleg\u00f3 tan lejos como con \u2018Las Herederas\u2019, una pel\u00edcula protagonizada por una pareja lesbiana galardonada con dos premios \u2018Oso de Plata\u2019<\/p><\/div>                <a href=\"http:\/\/www.periodistasporlaigualdad.org\/?p=1286\" class=\"pull-right basic-link\">Leer M\u00e1s<\/a>                                <div class=\"meta-data grid-item-meta\">\n                    <i class=\"fa fa-comments-o\"><\/i> <a href=\"http:\/\/www.periodistasporlaigualdad.org\/?p=1286#respond\" class=\"comments-link\" >0<\/a>                <\/div>\n                            <\/div>\n        <\/div>\n    <\/li>\n <li class=\"col-md-4 col-sm-6 grid-item post-1275 post type-post status-publish format-standard has-post-thumbnail hentry category-noticias\">\t\t<div class=\"format-standard\">        \n            <a href=\"http:\/\/www.periodistasporlaigualdad.org\/?p=1275\" class=\"media-box grid-featured-img\">\n                <img src=\"http:\/\/www.periodistasporlaigualdad.org\/wp-content\/uploads\/2018\/07\/1531396785489-600x400.jpeg\" class=\"post-thumb wp-post-image\" alt=\"\" decoding=\"async\" loading=\"lazy\" srcset=\"http:\/\/www.periodistasporlaigualdad.org\/wp-content\/uploads\/2018\/07\/1531396785489-600x400.jpeg 600w, http:\/\/www.periodistasporlaigualdad.org\/wp-content\/uploads\/2018\/07\/1531396785489-272x182.jpeg 272w\" sizes=\"(max-width: 600px) 100vw, 600px\" \/>                <span class=\"grid-item-date\">\n                    <span class=\"grid-item-day\">12<\/span>\n                    <span class=\"grid-item-month\">Jul<\/span>\n                <\/span>\n            <\/a>            <div class=\"grid-item-content\">\n                <h3><a href=\"http:\/\/www.periodistasporlaigualdad.org\/?p=1275\">Formaci\u00f3n para esquivar el machismo<\/a><\/h3>                <div class=\"grid-item-excerpt\"><p>Formaci\u00f3n y pacto de Estado fueron los t\u00e9rminos m\u00e1s repetidos durante el debate sobre medios de comunicaci\u00f3n y violencia machista que celebramos el pasado 25<\/p><\/div>                <a href=\"http:\/\/www.periodistasporlaigualdad.org\/?p=1275\" class=\"pull-right basic-link\">Leer M\u00e1s<\/a>                                <div class=\"meta-data grid-item-meta\">\n                    <i class=\"fa fa-comments-o\"><\/i> <a href=\"http:\/\/www.periodistasporlaigualdad.org\/?p=1275#respond\" class=\"comments-link\" >0<\/a>                <\/div>\n                            <\/div>\n        <\/div>\n    <\/li>\n <li class=\"col-md-4 col-sm-6 grid-item post-1230 post type-post status-publish format-standard has-post-thumbnail hentry category-noticias\">\t\t<div class=\"format-standard\">        \n            <a href=\"http:\/\/www.periodistasporlaigualdad.org\/?p=1230\" class=\"media-box grid-featured-img\">\n                <img src=\"http:\/\/www.periodistasporlaigualdad.org\/wp-content\/uploads\/2018\/06\/Captura-de-pantalla-2018-06-20-a-las-8.39.22-600x400.png\" class=\"post-thumb wp-post-image\" alt=\"\" decoding=\"async\" loading=\"lazy\" srcset=\"http:\/\/www.periodistasporlaigualdad.org\/wp-content\/uploads\/2018\/06\/Captura-de-pantalla-2018-06-20-a-las-8.39.22-600x400.png 600w, http:\/\/www.periodistasporlaigualdad.org\/wp-content\/uploads\/2018\/06\/Captura-de-pantalla-2018-06-20-a-las-8.39.22-272x182.png 272w\" sizes=\"(max-width: 600px) 100vw, 600px\" \/>                <span class=\"grid-item-date\">\n                    <span class=\"grid-item-day\">20<\/span>\n                    <span class=\"grid-item-month\">Jun<\/span>\n                <\/span>\n            <\/a>            <div class=\"grid-item-content\">\n                <h3><a href=\"http:\/\/www.periodistasporlaigualdad.org\/?p=1230\">Presentaci\u00f3n  Asociaci\u00f3n de Periodistas por la Igualdad en Arag\u00f3n<\/a><\/h3>                <div class=\"grid-item-excerpt\"><p>El 25 de junio presentaremos la Asociaci\u00f3n de Periodistas por la Igualdad en la Biblioteca de Arag\u00f3n. Aprovecharemos\u00a0esta cita para debatir con profesionales de diversos<\/p><\/div>                <a href=\"http:\/\/www.periodistasporlaigualdad.org\/?p=1230\" class=\"pull-right basic-link\">Leer M\u00e1s<\/a>                                <div class=\"meta-data grid-item-meta\">\n                    <i class=\"fa fa-comments-o\"><\/i> <a href=\"http:\/\/www.periodistasporlaigualdad.org\/?p=1230#respond\" class=\"comments-link\" >0<\/a>                <\/div>\n                            <\/div>\n        <\/div>\n    <\/li>\n <li class=\"col-md-4 col-sm-6 grid-item post-1220 post type-post status-publish format-standard has-post-thumbnail hentry category-noticias\">\t\t<div class=\"format-standard\">        \n            <a href=\"http:\/\/www.periodistasporlaigualdad.org\/?p=1220\" class=\"media-box grid-featured-img\">\n                <img src=\"http:\/\/www.periodistasporlaigualdad.org\/wp-content\/uploads\/2018\/06\/1529431858225-600x400.jpeg\" class=\"post-thumb wp-post-image\" alt=\"\" decoding=\"async\" loading=\"lazy\" srcset=\"http:\/\/www.periodistasporlaigualdad.org\/wp-content\/uploads\/2018\/06\/1529431858225-600x400.jpeg 600w, http:\/\/www.periodistasporlaigualdad.org\/wp-content\/uploads\/2018\/06\/1529431858225-272x182.jpeg 272w\" sizes=\"(max-width: 600px) 100vw, 600px\" \/>                <span class=\"grid-item-date\">\n                    <span class=\"grid-item-day\">19<\/span>\n                    <span class=\"grid-item-month\">Jun<\/span>\n                <\/span>\n            <\/a>            <div class=\"grid-item-content\">\n                <h3><a href=\"http:\/\/www.periodistasporlaigualdad.org\/?p=1220\">Conclusiones Debate: \u00bfQu\u00e9 pueden hacer los medios contra la violencia machista?<\/a><\/h3>                <div class=\"grid-item-excerpt\"><p>Existen deca\u0301logos y herramientas deontolo\u0301gicas que podri\u0301an guiar el trabajo de los periodistas en temas de igualdad, pero esas herramientas \u201cno llegan a las redacciones\u201d,<\/p><\/div>                <a href=\"http:\/\/www.periodistasporlaigualdad.org\/?p=1220\" class=\"pull-right basic-link\">Leer M\u00e1s<\/a>                                <div class=\"meta-data grid-item-meta\">\n                    <i class=\"fa fa-comments-o\"><\/i> <a href=\"http:\/\/www.periodistasporlaigualdad.org\/?p=1220#comments\" class=\"comments-link\" >1<\/a>                <\/div>\n                            <\/div>\n        <\/div>\n    <\/li>\n <li class=\"col-md-4 col-sm-6 grid-item post-1214 post type-post status-publish format-standard has-post-thumbnail hentry category-noticias tag-ana-requena tag-asociacion tag-ateneo-de-madrid tag-carmen-serrano tag-cristina-hernandez tag-debate tag-estereotipos tag-eva-herrero tag-lenguaje tag-marisa-soleto tag-medios-de-comunicacion tag-pedro-de-alzaga tag-presentacion tag-rocio-ibarra tag-violencia-machista\">\t\t<div class=\"format-standard\">        \n            <a href=\"http:\/\/www.periodistasporlaigualdad.org\/?p=1214\" class=\"media-box grid-featured-img\">\n                <img src=\"http:\/\/www.periodistasporlaigualdad.org\/wp-content\/uploads\/2018\/06\/DfGoMOSXUAAUsLI-600x400.jpg\" class=\"post-thumb wp-post-image\" alt=\"\" decoding=\"async\" loading=\"lazy\" srcset=\"http:\/\/www.periodistasporlaigualdad.org\/wp-content\/uploads\/2018\/06\/DfGoMOSXUAAUsLI-600x400.jpg 600w, http:\/\/www.periodistasporlaigualdad.org\/wp-content\/uploads\/2018\/06\/DfGoMOSXUAAUsLI-272x182.jpg 272w\" sizes=\"(max-width: 600px) 100vw, 600px\" \/>                <span class=\"grid-item-date\">\n                    <span class=\"grid-item-day\">10<\/span>\n                    <span class=\"grid-item-month\">Jun<\/span>\n                <\/span>\n            <\/a>            <div class=\"grid-item-content\">\n                <h3><a href=\"http:\/\/www.periodistasporlaigualdad.org\/?p=1214\">\u00bfQu\u00e9 pueden hacer los medios de comunicaci\u00f3n contra la violencia machista?<\/a><\/h3>                <div class=\"grid-item-excerpt\"><p>Carmen Serrano Cuidar el lenguaje, evitar los eufemismos, huir de los estereotipos, dedicar m\u00e1s espacio a los casos de violencia machista, portadas, no pedir declaraciones<\/p><\/div>                <a href=\"http:\/\/www.periodistasporlaigualdad.org\/?p=1214\" class=\"pull-right basic-link\">Leer M\u00e1s<\/a>                                <div class=\"meta-data grid-item-meta\">\n                    <i class=\"fa fa-comments-o\"><\/i> <a href=\"http:\/\/www.periodistasporlaigualdad.org\/?p=1214#comments\" class=\"comments-link\" >1<\/a>                <\/div>\n                            <\/div>\n        <\/div>\n    <\/li>\n\t<\/ul>\n <\/div>\n <\/div><\/div><\/div><\/div><\/div>","protected":false},"excerpt":{"rendered":"","protected":false},"author":1,"featured_media":0,"parent":0,"menu_order":0,"comment_status":"closed","ping_status":"open","template":"","meta":[],"_links":{"self":[{"href":"http:\/\/www.periodistasporlaigualdad.org\/index.php?rest_route=\/wp\/v2\/pages\/274"}],"collection":[{"href":"http:\/\/www.periodistasporlaigualdad.org\/index.php?rest_route=\/wp\/v2\/pages"}],"about":[{"href":"http:\/\/www.periodistasporlaigualdad.org\/index.php?rest_route=\/wp\/v2\/types\/page"}],"author":[{"embeddable":true,"href":"http:\/\/www.periodistasporlaigualdad.org\/index.php?rest_route=\/wp\/v2\/users\/1"}],"replies":[{"embeddable":true,"href":"http:\/\/www.periodistasporlaigualdad.org\/index.php?rest_route=%2Fwp%2Fv2%2Fcomments&post=274"}],"version-history":[{"count":15,"href":"http:\/\/www.periodistasporlaigualdad.org\/index.php?rest_route=\/wp\/v2\/pages\/274\/revisions"}],"predecessor-version":[{"id":1722,"href":"http:\/\/www.periodistasporlaigualdad.org\/index.php?rest_route=\/wp\/v2\/pages\/274\/revisions\/1722"}],"wp:attachment":[{"href":"http:\/\/www.periodistasporlaigualdad.org\/index.php?rest_route=%2Fwp%2Fv2%2Fmedia&parent=274"}],"curies":[{"name":"wp","href":"https:\/\/api.w.org\/{rel}","templated":true}]}}