{"id":774,"date":"2018-04-05T22:03:39","date_gmt":"2018-04-05T22:03:39","guid":{"rendered":"http:\/\/www.periodistasporlaigualdad.org\/?page_id=774"},"modified":"2025-09-26T09:31:54","modified_gmt":"2025-09-26T09:31:54","slug":"asociacion-2","status":"publish","type":"page","link":"http:\/\/www.periodistasporlaigualdad.org\/","title":{"rendered":"\u00a1As\u00f3ciate!"},"content":{"rendered":"<div id=\"pl-774\"  class=\"panel-layout\" ><div id=\"pg-774-0\"  class=\"panel-grid panel-no-style\" ><div id=\"pgc-774-0-0\"  class=\"panel-grid-cell\" ><div id=\"panel-774-0-0-0\" class=\"so-panel widget widget_posts-list-widget panel-first-child panel-last-child\" data-index=\"0\" ><div class=\"so-widget-posts-list-widget so-widget-posts-list-widget-base\">\n<div class=\"row\">\n\t<ul class=\"isotope-grid isotope blog-grid\" data-sort-id=\"grid\">\n\n <li class=\"col-md-4 col-sm-6 grid-item post-2985 post type-post status-publish format-standard has-post-thumbnail hentry category-mujeres category-tecnologia category-violencia-machista tag-mujeres tag-tecnologia tag-violencias\">\t\t<div class=\"format-standard\">        \n            <a href=\"http:\/\/www.periodistasporlaigualdad.org\/?p=2985\" class=\"media-box grid-featured-img\">\n                <img src=\"http:\/\/www.periodistasporlaigualdad.org\/wp-content\/uploads\/2023\/05\/elena-lazaro-1-600x400.jpg\" class=\"post-thumb wp-post-image\" alt=\"\" decoding=\"async\" loading=\"lazy\" srcset=\"http:\/\/www.periodistasporlaigualdad.org\/wp-content\/uploads\/2023\/05\/elena-lazaro-1-600x400.jpg 600w, http:\/\/www.periodistasporlaigualdad.org\/wp-content\/uploads\/2023\/05\/elena-lazaro-1-272x182.jpg 272w\" sizes=\"(max-width: 600px) 100vw, 600px\" \/>                <span class=\"grid-item-date\">\n                    <span class=\"grid-item-day\">24<\/span>\n                    <span class=\"grid-item-month\">Nov<\/span>\n                <\/span>\n            <\/a>            <div class=\"grid-item-content\">\n                <h3><a href=\"http:\/\/www.periodistasporlaigualdad.org\/?p=2985\">Vivas de milagro: violencias m\u00e9dicas contra las mujeres del siglo XIX<\/a><\/h3>                <div class=\"grid-item-excerpt\"><p>Art\u00edculo publicado en The Conversation por nuestra socia, Elena L\u00e1zaro Real. Investigadora colaboradora en el<\/p><\/div>                <a href=\"http:\/\/www.periodistasporlaigualdad.org\/?p=2985\" class=\"pull-right basic-link\">Leer M\u00e1s<\/a>                                <div class=\"meta-data grid-item-meta\">\n                    <i class=\"fa fa-comments-o\"><\/i> <a href=\"http:\/\/www.periodistasporlaigualdad.org\/?p=2985#respond\" class=\"comments-link\" >0<\/a>                <\/div>\n                            <\/div>\n        <\/div>\n    <\/li>\n <li class=\"col-md-4 col-sm-6 grid-item post-2973 post type-post status-publish format-standard has-post-thumbnail hentry category-curso-de-periodismo-de-alcaniz category-periodismo category-salud-mental tag-curso-periodismo-alcaniz tag-elena-bandres tag-eva-defior tag-rocio-ibarra tag-santiago-boira\">\t\t<div class=\"format-standard\">        \n            <a href=\"http:\/\/www.periodistasporlaigualdad.org\/?p=2973\" class=\"media-box grid-featured-img\">\n                <img src=\"http:\/\/www.periodistasporlaigualdad.org\/wp-content\/uploads\/2025\/09\/38113E63-04A9-40AD-98BA-42471ED1FEE2-600x400.jpeg\" class=\"post-thumb wp-post-image\" alt=\"\" decoding=\"async\" loading=\"lazy\" srcset=\"http:\/\/www.periodistasporlaigualdad.org\/wp-content\/uploads\/2025\/09\/38113E63-04A9-40AD-98BA-42471ED1FEE2-600x401.jpeg 600w, http:\/\/www.periodistasporlaigualdad.org\/wp-content\/uploads\/2025\/09\/38113E63-04A9-40AD-98BA-42471ED1FEE2-300x200.jpeg 300w, http:\/\/www.periodistasporlaigualdad.org\/wp-content\/uploads\/2025\/09\/38113E63-04A9-40AD-98BA-42471ED1FEE2-1024x684.jpeg 1024w, http:\/\/www.periodistasporlaigualdad.org\/wp-content\/uploads\/2025\/09\/38113E63-04A9-40AD-98BA-42471ED1FEE2-768x513.jpeg 768w, http:\/\/www.periodistasporlaigualdad.org\/wp-content\/uploads\/2025\/09\/38113E63-04A9-40AD-98BA-42471ED1FEE2-1536x1026.jpeg 1536w, http:\/\/www.periodistasporlaigualdad.org\/wp-content\/uploads\/2025\/09\/38113E63-04A9-40AD-98BA-42471ED1FEE2-2048x1368.jpeg 2048w, http:\/\/www.periodistasporlaigualdad.org\/wp-content\/uploads\/2025\/09\/38113E63-04A9-40AD-98BA-42471ED1FEE2-958x640.jpeg 958w, http:\/\/www.periodistasporlaigualdad.org\/wp-content\/uploads\/2025\/09\/38113E63-04A9-40AD-98BA-42471ED1FEE2-272x182.jpeg 272w\" sizes=\"(max-width: 600px) 100vw, 600px\" \/>                <span class=\"grid-item-date\">\n                    <span class=\"grid-item-day\">20<\/span>\n                    <span class=\"grid-item-month\">Sep<\/span>\n                <\/span>\n            <\/a>            <div class=\"grid-item-content\">\n                <h3><a href=\"http:\/\/www.periodistasporlaigualdad.org\/?p=2973\">PERIODISTAS POR LA IGUALDAD INTERVIENE EN EL VII CURSO DE PERIODISMO ESPECIALIZADO DE ALCA\u00d1IZ 2025<\/a><\/h3>                <div class=\"grid-item-excerpt\"><p>Pod\u00eda haber sido un curso m\u00e1s, un congreso m\u00e1s. Pero no lo fue. El VII<\/p><\/div>                <a href=\"http:\/\/www.periodistasporlaigualdad.org\/?p=2973\" class=\"pull-right basic-link\">Leer M\u00e1s<\/a>                                <div class=\"meta-data grid-item-meta\">\n                    <i class=\"fa fa-comments-o\"><\/i> <a href=\"http:\/\/www.periodistasporlaigualdad.org\/?p=2973#respond\" class=\"comments-link\" >0<\/a>                <\/div>\n                            <\/div>\n        <\/div>\n    <\/li>\n <li class=\"col-md-4 col-sm-6 grid-item post-2960 post type-post status-publish format-standard has-post-thumbnail hentry category-juana-rivas category-maria-jose-pintor category-opinion tag-hijos tag-juana-rivas tag-maria-jose-pintor tag-opinion\">\t\t<div class=\"format-standard\">        \n            <a href=\"http:\/\/www.periodistasporlaigualdad.org\/?p=2960\" class=\"media-box grid-featured-img\">\n                <img src=\"http:\/\/www.periodistasporlaigualdad.org\/wp-content\/uploads\/2025\/07\/maria-jose-pintor.jpeg.256x256_q100_crop-smart-458449625.jpg\" class=\"post-thumb wp-post-image\" alt=\"\" decoding=\"async\" loading=\"lazy\" srcset=\"http:\/\/www.periodistasporlaigualdad.org\/wp-content\/uploads\/2025\/07\/maria-jose-pintor.jpeg.256x256_q100_crop-smart-458449625.jpg 256w, http:\/\/www.periodistasporlaigualdad.org\/wp-content\/uploads\/2025\/07\/maria-jose-pintor.jpeg.256x256_q100_crop-smart-458449625-150x150.jpg 150w, http:\/\/www.periodistasporlaigualdad.org\/wp-content\/uploads\/2025\/07\/maria-jose-pintor.jpeg.256x256_q100_crop-smart-458449625-100x100.jpg 100w, http:\/\/www.periodistasporlaigualdad.org\/wp-content\/uploads\/2025\/07\/maria-jose-pintor.jpeg.256x256_q100_crop-smart-458449625-210x210.jpg 210w\" sizes=\"(max-width: 256px) 100vw, 256px\" \/>                <span class=\"grid-item-date\">\n                    <span class=\"grid-item-day\">24<\/span>\n                    <span class=\"grid-item-month\">Jul<\/span>\n                <\/span>\n            <\/a>            <div class=\"grid-item-content\">\n                <h3><a href=\"http:\/\/www.periodistasporlaigualdad.org\/?p=2960\">EL HIJO MENOR DE JUANA RIVAS, EL EJEMPLO DEL FRACASO INSTITUCIONAL DE PROTECCI\u00d3N AL MENOR<\/a><\/h3>                <div class=\"grid-item-excerpt\"><p>Por Mar\u00eda Jos\u00e9 Pintor.&#8211; El caso de Juana Rivas es uno de los mejores ejemplos<\/p><\/div>                <a href=\"http:\/\/www.periodistasporlaigualdad.org\/?p=2960\" class=\"pull-right basic-link\">Leer M\u00e1s<\/a>                                <div class=\"meta-data grid-item-meta\">\n                    <i class=\"fa fa-comments-o\"><\/i> <a href=\"http:\/\/www.periodistasporlaigualdad.org\/?p=2960#respond\" class=\"comments-link\" >0<\/a>                <\/div>\n                            <\/div>\n        <\/div>\n    <\/li>\n <li class=\"col-md-4 col-sm-6 grid-item post-1873 post type-post status-publish format-standard hentry category-noticias category-victimas-violencia-de-genero category-violencia-de-genero tag-cifras-oficiales tag-contador tag-noticias tag-victimas tag-violencia-machista\">\t\t<div class=\"format-standard\">        \n                        <div class=\"grid-item-content\">\n                <h3><a href=\"http:\/\/www.periodistasporlaigualdad.org\/?p=1873\">1316 MUJERES ASESINADAS POR VIOLENCIA DE G\u00c9NERO y 65 MENORES<\/a><\/h3>                <div class=\"grid-item-excerpt\"><p>Seg\u00fan la estad\u00edstica de Feminicidios registrada por el Ministerio de Igualdad,\u00a0 son ya 1316 las<\/p><\/div>                <a href=\"http:\/\/www.periodistasporlaigualdad.org\/?p=1873\" class=\"pull-right basic-link\">Leer M\u00e1s<\/a>                                <div class=\"meta-data grid-item-meta\">\n                    <i class=\"fa fa-comments-o\"><\/i> <a href=\"http:\/\/www.periodistasporlaigualdad.org\/?p=1873#respond\" class=\"comments-link\" >0<\/a>                <\/div>\n                            <\/div>\n        <\/div>\n    <\/li>\n <li class=\"col-md-4 col-sm-6 grid-item post-2951 post type-post status-publish format-standard has-post-thumbnail hentry category-opinion category-prostitucion-abolicion tag-abalos tag-koldo tag-mujeres-en-situacion-de-prostitucion tag-opinion\">\t\t<div class=\"format-standard\">        \n            <a href=\"http:\/\/www.periodistasporlaigualdad.org\/?p=2951\" class=\"media-box grid-featured-img\">\n                <img src=\"http:\/\/www.periodistasporlaigualdad.org\/wp-content\/uploads\/2025\/07\/EBG-cv-600x400.png\" class=\"post-thumb wp-post-image\" alt=\"\" decoding=\"async\" loading=\"lazy\" srcset=\"http:\/\/www.periodistasporlaigualdad.org\/wp-content\/uploads\/2025\/07\/EBG-cv-600x400.png 600w, http:\/\/www.periodistasporlaigualdad.org\/wp-content\/uploads\/2025\/07\/EBG-cv-272x182.png 272w\" sizes=\"(max-width: 600px) 100vw, 600px\" \/>                <span class=\"grid-item-date\">\n                    <span class=\"grid-item-day\">02<\/span>\n                    <span class=\"grid-item-month\">Jul<\/span>\n                <\/span>\n            <\/a>            <div class=\"grid-item-content\">\n                <h3><a href=\"http:\/\/www.periodistasporlaigualdad.org\/?p=2951\">A LOS \u00c1BALOS Y KOLDOS DE MANUAL<\/a><\/h3>                <div class=\"grid-item-excerpt\"><p>So\u00f1aba con una vida pero se me torcieron los planes y acab\u00e9 aqu\u00ed, en esta<\/p><\/div>                <a href=\"http:\/\/www.periodistasporlaigualdad.org\/?p=2951\" class=\"pull-right basic-link\">Leer M\u00e1s<\/a>                                <div class=\"meta-data grid-item-meta\">\n                    <i class=\"fa fa-comments-o\"><\/i> <a href=\"http:\/\/www.periodistasporlaigualdad.org\/?p=2951#respond\" class=\"comments-link\" >0<\/a>                <\/div>\n                            <\/div>\n        <\/div>\n    <\/li>\n <li class=\"col-md-4 col-sm-6 grid-item post-2929 post type-post status-publish format-standard has-post-thumbnail hentry category-noticias tag-ana-pardo-de-vera tag-cifras-oficiales tag-contador tag-maria-jose-pintor tag-maria-rey tag-mujeres-periodistas tag-noticias tag-rocio-ibarra tag-teresa-viejo tag-victimas tag-violencia-machista\">\t\t<div class=\"format-standard\">        \n            <a href=\"http:\/\/www.periodistasporlaigualdad.org\/?p=2929\" class=\"media-box grid-featured-img\">\n                <img src=\"http:\/\/www.periodistasporlaigualdad.org\/wp-content\/uploads\/2025\/07\/Debate-periodistas-600x400.png\" class=\"post-thumb wp-post-image\" alt=\"\" decoding=\"async\" loading=\"lazy\" srcset=\"http:\/\/www.periodistasporlaigualdad.org\/wp-content\/uploads\/2025\/07\/Debate-periodistas-600x400.png 600w, http:\/\/www.periodistasporlaigualdad.org\/wp-content\/uploads\/2025\/07\/Debate-periodistas-272x182.png 272w\" sizes=\"(max-width: 600px) 100vw, 600px\" \/>                <span class=\"grid-item-date\">\n                    <span class=\"grid-item-day\">20<\/span>\n                    <span class=\"grid-item-month\">Jun<\/span>\n                <\/span>\n            <\/a>            <div class=\"grid-item-content\">\n                <h3><a href=\"http:\/\/www.periodistasporlaigualdad.org\/?p=2929\">MUJERES PERIODISTAS: \u00bfUN CAMBIO DE PARADIGMA?<\/a><\/h3>                <div class=\"grid-item-excerpt\"><p>Con este sugerente t\u00edtulo, &#8220;Mujeres periodistas, \u00bfun cambio de paradigma? se celebr\u00f3 este pasado 16<\/p><\/div>                <a href=\"http:\/\/www.periodistasporlaigualdad.org\/?p=2929\" class=\"pull-right basic-link\">Leer M\u00e1s<\/a>                                <div class=\"meta-data grid-item-meta\">\n                    <i class=\"fa fa-comments-o\"><\/i> <a href=\"http:\/\/www.periodistasporlaigualdad.org\/?p=2929#respond\" class=\"comments-link\" >0<\/a>                <\/div>\n                            <\/div>\n        <\/div>\n    <\/li>\n <li class=\"col-md-4 col-sm-6 grid-item post-2900 post type-post status-publish format-standard has-post-thumbnail hentry category-periodismo category-perspectiva-de-genero category-sentencias tag-altamiragonzalo tag-danialves tag-perspectivadegenero tag-sentencia\">\t\t<div class=\"format-standard\">        \n            <a href=\"http:\/\/www.periodistasporlaigualdad.org\/?p=2900\" class=\"media-box grid-featured-img\">\n                <img src=\"http:\/\/www.periodistasporlaigualdad.org\/wp-content\/uploads\/2025\/05\/articulo-Altamira-Gonzalo-600x400.png\" class=\"post-thumb wp-post-image\" alt=\"\" decoding=\"async\" loading=\"lazy\" srcset=\"http:\/\/www.periodistasporlaigualdad.org\/wp-content\/uploads\/2025\/05\/articulo-Altamira-Gonzalo-600x400.png 600w, http:\/\/www.periodistasporlaigualdad.org\/wp-content\/uploads\/2025\/05\/articulo-Altamira-Gonzalo-272x182.png 272w\" sizes=\"(max-width: 600px) 100vw, 600px\" \/>                <span class=\"grid-item-date\">\n                    <span class=\"grid-item-day\">31<\/span>\n                    <span class=\"grid-item-month\">Mar<\/span>\n                <\/span>\n            <\/a>            <div class=\"grid-item-content\">\n                <h3><a href=\"http:\/\/www.periodistasporlaigualdad.org\/?p=2900\">CASO DANI ALVES: La formaci\u00f3n en perspectiva de igualdad de la judicatura es fundamental para que las mujeres conf\u00eden en la Justicia y decidan denunciar<\/a><\/h3>                <div class=\"grid-item-excerpt\"><p>Desde la Asociaci\u00f3n de Periodistas por la Igualdad, nos hacemos eco del art\u00edculo\u00a0 de la<\/p><\/div>                <a href=\"http:\/\/www.periodistasporlaigualdad.org\/?p=2900\" class=\"pull-right basic-link\">Leer M\u00e1s<\/a>                                <div class=\"meta-data grid-item-meta\">\n                    <i class=\"fa fa-comments-o\"><\/i> <a href=\"http:\/\/www.periodistasporlaigualdad.org\/?p=2900#respond\" class=\"comments-link\" >0<\/a>                <\/div>\n                            <\/div>\n        <\/div>\n    <\/li>\n <li class=\"col-md-4 col-sm-6 grid-item post-2896 post type-post status-publish format-standard has-post-thumbnail hentry category-periodismo tag-gaza tag-gazaties tag-genocidio tag-periodistas\">\t\t<div class=\"format-standard\">        \n            <a href=\"http:\/\/www.periodistasporlaigualdad.org\/?p=2896\" class=\"media-box grid-featured-img\">\n                <img src=\"http:\/\/www.periodistasporlaigualdad.org\/wp-content\/uploads\/2025\/05\/gaza-press-600x400.webp\" class=\"post-thumb wp-post-image\" alt=\"\" decoding=\"async\" loading=\"lazy\" srcset=\"http:\/\/www.periodistasporlaigualdad.org\/wp-content\/uploads\/2025\/05\/gaza-press-600x400.webp 600w, http:\/\/www.periodistasporlaigualdad.org\/wp-content\/uploads\/2025\/05\/gaza-press-272x182.webp 272w\" sizes=\"(max-width: 600px) 100vw, 600px\" \/>                <span class=\"grid-item-date\">\n                    <span class=\"grid-item-day\">25<\/span>\n                    <span class=\"grid-item-month\">Mar<\/span>\n                <\/span>\n            <\/a>            <div class=\"grid-item-content\">\n                <h3><a href=\"http:\/\/www.periodistasporlaigualdad.org\/?p=2896\">The Manifesto: \u201cSTOP KILLING JOURNALISTS IN GAZA\u201d\/ &#8220;CONTRA EL ASESINATO DE PERIODISTAS EN GAZA&#8221;<\/a><\/h3>                <div class=\"grid-item-excerpt\"><p>Manifiesto: &#8220;CONTRA EL ASESINATO DE PERIODISTAS EN GAZA&#8221;. Puedes firmarlo aqu\u00ed. Desde que comenz\u00f3 la<\/p><\/div>                <a href=\"http:\/\/www.periodistasporlaigualdad.org\/?p=2896\" class=\"pull-right basic-link\">Leer M\u00e1s<\/a>                                <div class=\"meta-data grid-item-meta\">\n                    <i class=\"fa fa-comments-o\"><\/i> <a href=\"http:\/\/www.periodistasporlaigualdad.org\/?p=2896#respond\" class=\"comments-link\" >0<\/a>                <\/div>\n                            <\/div>\n        <\/div>\n    <\/li>\n <li class=\"col-md-4 col-sm-6 grid-item post-2887 post type-post status-publish format-standard has-post-thumbnail hentry category-8m tag-8m tag-aragon tag-mujeres tag-periodistas\">\t\t<div class=\"format-standard\">        \n            <a href=\"http:\/\/www.periodistasporlaigualdad.org\/?p=2887\" class=\"media-box grid-featured-img\">\n                <img src=\"http:\/\/www.periodistasporlaigualdad.org\/wp-content\/uploads\/2025\/05\/periodistas-en-Aragon-por-la-igualdad-real-8-marzo-2025-600x400.jpeg\" class=\"post-thumb wp-post-image\" alt=\"\" decoding=\"async\" loading=\"lazy\" srcset=\"http:\/\/www.periodistasporlaigualdad.org\/wp-content\/uploads\/2025\/05\/periodistas-en-Aragon-por-la-igualdad-real-8-marzo-2025-600x400.jpeg 600w, http:\/\/www.periodistasporlaigualdad.org\/wp-content\/uploads\/2025\/05\/periodistas-en-Aragon-por-la-igualdad-real-8-marzo-2025-272x182.jpeg 272w\" sizes=\"(max-width: 600px) 100vw, 600px\" \/>                <span class=\"grid-item-date\">\n                    <span class=\"grid-item-day\">08<\/span>\n                    <span class=\"grid-item-month\">Mar<\/span>\n                <\/span>\n            <\/a>            <div class=\"grid-item-content\">\n                <h3><a href=\"http:\/\/www.periodistasporlaigualdad.org\/?p=2887\">MANIFIESTO DE PERIODISTAS DE ARAG\u00d3N A PROP\u00d3SITO DEL 8 DE MARZO DE 2025<\/a><\/h3>                <div class=\"grid-item-excerpt\"><p>Nuestra asociaci\u00f3n, Periodistas por la Igualdad se ha unido a la Asociaci\u00f3n de Periodistas de<\/p><\/div>                <a href=\"http:\/\/www.periodistasporlaigualdad.org\/?p=2887\" class=\"pull-right basic-link\">Leer M\u00e1s<\/a>                                <div class=\"meta-data grid-item-meta\">\n                    <i class=\"fa fa-comments-o\"><\/i> <a href=\"http:\/\/www.periodistasporlaigualdad.org\/?p=2887#respond\" class=\"comments-link\" >0<\/a>                <\/div>\n                            <\/div>\n        <\/div>\n    <\/li>\n <li class=\"col-md-4 col-sm-6 grid-item post-2878 post type-post status-publish format-standard has-post-thumbnail hentry category-25n category-violencia-de-genero tag-25noviembre tag-25n tag-dia-internacional-contra-la-violencia-machista tag-manifiesto tag-violencia-contra-las-mujeres\">\t\t<div class=\"format-standard\">        \n            <a href=\"http:\/\/www.periodistasporlaigualdad.org\/?p=2878\" class=\"media-box grid-featured-img\">\n                <img src=\"http:\/\/www.periodistasporlaigualdad.org\/wp-content\/uploads\/2024\/11\/banner-campana-NO-HAY-EXCUSA-600x400.jpg\" class=\"post-thumb wp-post-image\" alt=\"Imagen dise\u00f1ada por Asociaci\u00f3n de Periodistas por la Igualdad, en la que aparece el lema &quot;No hay excusa&quot;, sobre un fondo de color naranja en el que puede leerse en un segundo plano, &quot;no hay excusa para la violencia contra las mujeres y las ni\u00f1as&quot;\" decoding=\"async\" loading=\"lazy\" srcset=\"http:\/\/www.periodistasporlaigualdad.org\/wp-content\/uploads\/2024\/11\/banner-campana-NO-HAY-EXCUSA-600x400.jpg 600w, http:\/\/www.periodistasporlaigualdad.org\/wp-content\/uploads\/2024\/11\/banner-campana-NO-HAY-EXCUSA-272x182.jpg 272w\" sizes=\"(max-width: 600px) 100vw, 600px\" \/>                <span class=\"grid-item-date\">\n                    <span class=\"grid-item-day\">25<\/span>\n                    <span class=\"grid-item-month\">Nov<\/span>\n                <\/span>\n            <\/a>            <div class=\"grid-item-content\">\n                <h3><a href=\"http:\/\/www.periodistasporlaigualdad.org\/?p=2878\">MANIFIESTO DE &#8220;PERIODIODISTAS POR LA IGUALDAD&#8221; CON MOTIVO DEL 25 DE NOVIEMBRE, D\u00cdA INTERNACIONAL CONTRA LA VIOLENCIA MACHISTA<\/a><\/h3>                <div class=\"grid-item-excerpt\"><p>Este 25 N seguimos repitiendo lo mismo: \u201cBasta ya\u201d, \u201cNi una menos\u201d, \u201cQue la verg\u00fcenza<\/p><\/div>                <a href=\"http:\/\/www.periodistasporlaigualdad.org\/?p=2878\" class=\"pull-right basic-link\">Leer M\u00e1s<\/a>                                <div class=\"meta-data grid-item-meta\">\n                    <i class=\"fa fa-comments-o\"><\/i> <a href=\"http:\/\/www.periodistasporlaigualdad.org\/?p=2878#respond\" class=\"comments-link\" >0<\/a>                <\/div>\n                            <\/div>\n        <\/div>\n    <\/li>\n\t<\/ul>\n <\/div>\n <!-- Pagination -->\n<ul class=\"pagination\"><li><a href=\"http:\/\/www.periodistasporlaigualdad.org\/index.php?rest_route=%2Fwp%2Fv2%2Fpages%2F774\" title=\"First\"><i class=\"fa fa-chevron-left\"><\/i><\/a><\/li><li class=\"active\"><span>1<\/span><\/li><li><a href='http:\/\/www.periodistasporlaigualdad.org\/index.php?rest_route=%2Fwp%2Fv2%2Fpages%2F774&#038;paged=2' class=\"\">2<\/a><\/li><li><a href='http:\/\/www.periodistasporlaigualdad.org\/index.php?rest_route=%2Fwp%2Fv2%2Fpages%2F774&#038;paged=3' class=\"\">3<\/a><\/li><li><a href='http:\/\/www.periodistasporlaigualdad.org\/index.php?rest_route=%2Fwp%2Fv2%2Fpages%2F774&#038;paged=4' class=\"\">4<\/a><\/li><li><a href='http:\/\/www.periodistasporlaigualdad.org\/index.php?rest_route=%2Fwp%2Fv2%2Fpages%2F774&#038;paged=5' class=\"\">5<\/a><\/li><li><a href='http:\/\/www.periodistasporlaigualdad.org\/index.php?rest_route=%2Fwp%2Fv2%2Fpages%2F774&#038;paged=6' class=\"\">6<\/a><\/li><li><a href='http:\/\/www.periodistasporlaigualdad.org\/index.php?rest_route=%2Fwp%2Fv2%2Fpages%2F774&#038;paged=7' class=\"\">7<\/a><\/li><li><a href=\"http:\/\/www.periodistasporlaigualdad.org\/index.php?rest_route=%2Fwp%2Fv2%2Fpages%2F774&#038;paged=12\" title=\"Last\"><i class=\"fa fa-chevron-right\"><\/i><\/a><\/li><\/ul><\/div><\/div><\/div><\/div><div id=\"pg-774-1\"  class=\"panel-grid panel-no-style\" ><div id=\"pgc-774-1-0\"  class=\"panel-grid-cell\" ><div id=\"panel-774-1-0-0\" class=\"so-panel widget widget_spacer-widget panel-first-child\" data-index=\"1\" ><div class=\"so-widget-spacer-widget so-widget-spacer-widget-base\">\n<div class=\"clearfix\" style=\"height:7px\"><\/div><\/div><\/div><div id=\"panel-774-1-0-1\" class=\"so-panel widget widget_media_image panel-last-child\" data-index=\"2\" ><img width=\"287\" height=\"205\" src=\"http:\/\/www.periodistasporlaigualdad.org\/wp-content\/uploads\/2018\/04\/PeriodistasPorLaIgualdad_simbolo.png\" class=\"image wp-image-777  attachment-full size-full\" alt=\"\" decoding=\"async\" loading=\"lazy\" style=\"max-width: 100%; height: auto;\" \/><\/div><\/div><div id=\"pgc-774-1-1\"  class=\"panel-grid-cell\" ><div id=\"panel-774-1-1-0\" class=\"so-panel widget widget_black-studio-tinymce widget_black_studio_tinymce panel-first-child panel-last-child\" data-index=\"3\" ><h3 class=\"widget-title\">\u00bfQU\u00c9?<\/h3><div class=\"textwidget\"><p class=\"Standard\">La Asociaci\u00f3n de Periodistas por la Igualdad quiere acabar con todas las diferencias que separan a mujeres y hombres en el ejercicio de su profesi\u00f3n. Y pretende dignificar el periodismo a trav\u00e9s de buenas pr\u00e1cticas en la construcci\u00f3n de la imagen de la mujer.<\/p>\n<\/div><\/div><\/div><\/div><div id=\"pg-774-2\"  class=\"panel-grid panel-no-style\" ><div id=\"pgc-774-2-0\"  class=\"panel-grid-cell\" ><div id=\"panel-774-2-0-0\" class=\"so-panel widget widget_spacer-widget panel-first-child\" data-index=\"4\" ><div class=\"so-widget-spacer-widget so-widget-spacer-widget-base\">\n<div class=\"clearfix\" style=\"height:7px\"><\/div><\/div><\/div><div id=\"panel-774-2-0-1\" class=\"so-panel widget widget_media_image panel-last-child\" data-index=\"5\" ><img width=\"287\" height=\"205\" src=\"http:\/\/www.periodistasporlaigualdad.org\/wp-content\/uploads\/2018\/04\/PeriodistasPorLaIgualdad_simbolo.png\" class=\"image wp-image-777  attachment-full size-full\" alt=\"\" decoding=\"async\" loading=\"lazy\" style=\"max-width: 100%; height: auto;\" \/><\/div><\/div><div id=\"pgc-774-2-1\"  class=\"panel-grid-cell\" ><div id=\"panel-774-2-1-0\" class=\"so-panel widget widget_black-studio-tinymce widget_black_studio_tinymce panel-first-child panel-last-child\" data-index=\"6\" ><h3 class=\"widget-title\">\u00bfQUI\u00c9N?<\/h3><div class=\"textwidget\"><p class=\"Standard\">Todas las personas dedicadas a la comunicaci\u00f3n pueden formar parte de esta asociaci\u00f3n. La ciudadan\u00eda tambi\u00e9n est\u00e1 invitada; es receptora y acreedora de nuestro trabajo. Feminismo para un mejor periodismo.<\/p>\n<\/div><\/div><\/div><\/div><div id=\"pg-774-3\"  class=\"panel-grid panel-no-style\" ><div id=\"pgc-774-3-0\"  class=\"panel-grid-cell\" ><div id=\"panel-774-3-0-0\" class=\"so-panel widget widget_spacer-widget panel-first-child\" data-index=\"7\" ><div class=\"so-widget-spacer-widget so-widget-spacer-widget-base\">\n<div class=\"clearfix\" style=\"height:7px\"><\/div><\/div><\/div><div id=\"panel-774-3-0-1\" class=\"so-panel widget widget_media_image panel-last-child\" data-index=\"8\" ><img width=\"287\" height=\"205\" src=\"http:\/\/www.periodistasporlaigualdad.org\/wp-content\/uploads\/2018\/04\/PeriodistasPorLaIgualdad_simbolo.png\" class=\"image wp-image-777  attachment-full size-full\" alt=\"\" decoding=\"async\" loading=\"lazy\" style=\"max-width: 100%; height: auto;\" \/><\/div><\/div><div id=\"pgc-774-3-1\"  class=\"panel-grid-cell\" ><div id=\"panel-774-3-1-0\" class=\"so-panel widget widget_black-studio-tinymce widget_black_studio_tinymce panel-first-child panel-last-child\" data-index=\"9\" ><h3 class=\"widget-title\">\u00bfC\u00d3MO?<\/h3><div class=\"textwidget\"><p class=\"Standard\">Visibilizando el trabajo de las periodistas, reivindicando los mismos sueldos, denunciando casos de discriminaci\u00f3n, acoso y cosificaci\u00f3n de la mujer en los medios, generando debate sobre la ausencia de mujeres en puestos de decisi\u00f3n, creando grupos de trabajo para investigar en periodismo feminista...<\/p>\n<\/div><\/div><\/div><\/div><div id=\"pg-774-4\"  class=\"panel-grid panel-no-style\" ><div id=\"pgc-774-4-0\"  class=\"panel-grid-cell\" ><div id=\"panel-774-4-0-0\" class=\"so-panel widget widget_spacer-widget panel-first-child\" data-index=\"10\" ><div class=\"so-widget-spacer-widget so-widget-spacer-widget-base\">\n<div class=\"clearfix\" style=\"height:7px\"><\/div><\/div><\/div><div id=\"panel-774-4-0-1\" class=\"so-panel widget widget_media_image panel-last-child\" data-index=\"11\" ><img width=\"287\" height=\"205\" src=\"http:\/\/www.periodistasporlaigualdad.org\/wp-content\/uploads\/2018\/04\/PeriodistasPorLaIgualdad_simbolo.png\" class=\"image wp-image-777  attachment-full size-full\" alt=\"\" decoding=\"async\" loading=\"lazy\" style=\"max-width: 100%; height: auto;\" \/><\/div><\/div><div id=\"pgc-774-4-1\"  class=\"panel-grid-cell\" ><div id=\"panel-774-4-1-0\" class=\"so-panel widget widget_black-studio-tinymce widget_black_studio_tinymce panel-first-child panel-last-child\" data-index=\"12\" ><h3 class=\"widget-title\">\u00bfCU\u00c1NDO?<\/h3><div class=\"textwidget\"><p class=\"Standard\">El trabajo de esta asociaci\u00f3n no puede parar. El debate ha de estar permanentemente en la calle. Cuando sea necesario y cuando lo exija la asamblea.<\/p>\n<\/div><\/div><\/div><\/div><div id=\"pg-774-5\"  class=\"panel-grid panel-no-style\" ><div id=\"pgc-774-5-0\"  class=\"panel-grid-cell\" ><div id=\"panel-774-5-0-0\" class=\"so-panel widget widget_spacer-widget panel-first-child\" data-index=\"13\" ><div class=\"so-widget-spacer-widget so-widget-spacer-widget-base\">\n<div class=\"clearfix\" style=\"height:7px\"><\/div><\/div><\/div><div id=\"panel-774-5-0-1\" class=\"so-panel widget widget_media_image panel-last-child\" data-index=\"14\" ><img width=\"287\" height=\"205\" src=\"http:\/\/www.periodistasporlaigualdad.org\/wp-content\/uploads\/2018\/04\/PeriodistasPorLaIgualdad_simbolo.png\" class=\"image wp-image-777  attachment-full size-full\" alt=\"\" decoding=\"async\" loading=\"lazy\" style=\"max-width: 100%; height: auto;\" \/><\/div><\/div><div id=\"pgc-774-5-1\"  class=\"panel-grid-cell\" ><div id=\"panel-774-5-1-0\" class=\"so-panel widget widget_black-studio-tinymce widget_black_studio_tinymce panel-first-child panel-last-child\" data-index=\"15\" ><h3 class=\"widget-title\">\u00bfD\u00d3NDE?<\/h3><div class=\"textwidget\"><p class=\"Standard\">En los medios de comunicaci\u00f3n, en centros de prensa, en las instituciones, en despachos de abogados, en el poder legislativo... En espacios p\u00fablicos, en bibliotecas, librer\u00edas, centros culturales, bares...<\/p>\n<\/div><\/div><\/div><\/div><div id=\"pg-774-6\"  class=\"panel-grid panel-no-style\" ><div id=\"pgc-774-6-0\"  class=\"panel-grid-cell\" ><div id=\"panel-774-6-0-0\" class=\"so-panel widget widget_spacer-widget panel-first-child\" data-index=\"16\" ><div class=\"so-widget-spacer-widget so-widget-spacer-widget-base\">\n<div class=\"clearfix\" style=\"height:7px\"><\/div><\/div><\/div><div id=\"panel-774-6-0-1\" class=\"so-panel widget widget_media_image panel-last-child\" data-index=\"17\" ><img width=\"287\" height=\"205\" src=\"http:\/\/www.periodistasporlaigualdad.org\/wp-content\/uploads\/2018\/04\/PeriodistasPorLaIgualdad_simbolo.png\" class=\"image wp-image-777  attachment-full size-full\" alt=\"\" decoding=\"async\" loading=\"lazy\" style=\"max-width: 100%; height: auto;\" \/><\/div><\/div><div id=\"pgc-774-6-1\"  class=\"panel-grid-cell\" ><div id=\"panel-774-6-1-0\" class=\"so-panel widget widget_black-studio-tinymce widget_black_studio_tinymce panel-first-child panel-last-child\" data-index=\"18\" ><h3 class=\"widget-title\">\u00bfPOR QU\u00c9?<\/h3><div class=\"textwidget\"><p>No podemos perder el 50% del talento. La mitad de la poblaci\u00f3n quiere disfrutar de sus plenos derechos y de un periodismo que, como valor social que es, ha de ser ejercido de forma democr\u00e1tica e igualitaria.<\/p>\n<\/div><\/div><\/div><\/div><\/div>","protected":false},"excerpt":{"rendered":"<p>\u00bfQU\u00c9? La Asociaci\u00f3n de Periodistas por la Igualdad quiere acabar con todas las diferencias que separan a mujeres y hombres en el ejercicio de su profesi\u00f3n. Y pretende dignificar el periodismo a trav\u00e9s de buenas pr\u00e1cticas en la construcci\u00f3n de la imagen de la mujer. \u00bfQUI\u00c9N? Todas las personas dedicadas a la comunicaci\u00f3n pueden formar parte de esta asociaci\u00f3n. La ciudadan\u00eda tambi\u00e9n est\u00e1 invitada; es receptora y acreedora de nuestro trabajo. Feminismo para un mejor periodismo. \u00bfC\u00d3MO? Visibilizando el trabajo de las periodistas, reivindicando los mismos sueldos, denunciando casos de discriminaci\u00f3n, acoso y cosificaci\u00f3n de la mujer en los medios, generando debate sobre la ausencia de mujeres en puestos de decisi\u00f3n, creando grupos de trabajo para investigar en periodismo feminista&#8230; \u00bfCU\u00c1NDO? El trabajo de esta asociaci\u00f3n no puede parar. El debate ha de estar permanentemente en la calle. Cuando sea necesario y cuando lo exija la asamblea. \u00bfD\u00d3NDE? En los medios de comunicaci\u00f3n, en centros de prensa, en las instituciones, en despachos de abogados, en el poder legislativo&#8230; En espacios p\u00fablicos, en bibliotecas, librer\u00edas, centros culturales, bares&#8230; \u00bfPOR QU\u00c9? No podemos perder el 50% del talento. La mitad de la poblaci\u00f3n quiere disfrutar de sus plenos derechos y de un periodismo que, como valor social que es, ha de ser ejercido de forma democr\u00e1tica e igualitaria.<\/p>\n","protected":false},"author":1,"featured_media":0,"parent":0,"menu_order":0,"comment_status":"closed","ping_status":"closed","template":"","meta":[],"_links":{"self":[{"href":"http:\/\/www.periodistasporlaigualdad.org\/index.php?rest_route=\/wp\/v2\/pages\/774"}],"collection":[{"href":"http:\/\/www.periodistasporlaigualdad.org\/index.php?rest_route=\/wp\/v2\/pages"}],"about":[{"href":"http:\/\/www.periodistasporlaigualdad.org\/index.php?rest_route=\/wp\/v2\/types\/page"}],"author":[{"embeddable":true,"href":"http:\/\/www.periodistasporlaigualdad.org\/index.php?rest_route=\/wp\/v2\/users\/1"}],"replies":[{"embeddable":true,"href":"http:\/\/www.periodistasporlaigualdad.org\/index.php?rest_route=%2Fwp%2Fv2%2Fcomments&post=774"}],"version-history":[{"count":85,"href":"http:\/\/www.periodistasporlaigualdad.org\/index.php?rest_route=\/wp\/v2\/pages\/774\/revisions"}],"predecessor-version":[{"id":2969,"href":"http:\/\/www.periodistasporlaigualdad.org\/index.php?rest_route=\/wp\/v2\/pages\/774\/revisions\/2969"}],"wp:attachment":[{"href":"http:\/\/www.periodistasporlaigualdad.org\/index.php?rest_route=%2Fwp%2Fv2%2Fmedia&parent=774"}],"curies":[{"name":"wp","href":"https:\/\/api.w.org\/{rel}","templated":true}]}}