{"id":945,"date":"2018-04-06T16:07:39","date_gmt":"2018-04-06T16:07:39","guid":{"rendered":"http:\/\/www.periodistasporlaigualdad.org\/?page_id=945"},"modified":"2018-04-06T16:10:03","modified_gmt":"2018-04-06T16:10:03","slug":"maria-bosque","status":"publish","type":"page","link":"http:\/\/www.periodistasporlaigualdad.org\/?page_id=945","title":{"rendered":"Mar\u00eda Bosque"},"content":{"rendered":"<div id=\"pl-945\"  class=\"panel-layout\" ><div id=\"pg-945-0\"  class=\"panel-grid panel-no-style\" ><div id=\"pgc-945-0-0\"  class=\"panel-grid-cell\" ><div id=\"panel-945-0-0-0\" class=\"so-panel widget widget_black-studio-tinymce widget_black_studio_tinymce panel-first-child panel-last-child\" data-index=\"0\" ><div class=\"textwidget\"><h2>Mar\u00eda Bosque<\/h2>\n<p class=\"Standard\">Estudi\u00e9 Periodismo en la Complutense y un postgrado de Experto en Informaci\u00f3n Econ\u00f3mica en la Universidad de Zaragoza. Fund\u00e9 <a href=\"https:\/\/mbscomunicacion.com\">MbS Comunicaci\u00f3n<\/a> y trabajo actualmente por cuenta propia.<\/p>\n<p class=\"Standard\">Soy responsable de comunicaci\u00f3n, web site y redes sociales de la organizaci\u00f3n agraria UPA Arag\u00f3n (Uni\u00f3n de Peque\u00f1os Agricultores y Ganaderos) y de la empresa Mekanaves del Grupo Salvia; tambi\u00e9n corresponsal de Arag\u00f3n Radio en la Comarca de Cinco Villas.<\/p>\n<p class=\"Standard\">Hago locuci\u00f3n de documentales y publicidad (serie promocional del Parque del Agua de Zaragoza), organizo eventos e imparto cursos de comunicaci\u00f3n para empresas y particulares.<\/p>\n<p>&nbsp;<\/p>\n<p>&nbsp;<\/p>\n<p class=\"Textbody\" style=\"margin-bottom: .0001pt; line-height: 14.25pt;\"><span style=\"color: black;\">\u00a0<\/span><\/p>\n<p>&nbsp;<\/p>\n<\/div><\/div><\/div><div id=\"pgc-945-0-1\"  class=\"panel-grid-cell\" ><div id=\"panel-945-0-1-0\" class=\"so-panel widget widget_sow-image panel-first-child panel-last-child\" data-index=\"1\" ><div class=\"so-widget-sow-image so-widget-sow-image-default-bd5cd9da0588\">\n\n<div class=\"sow-image-container\">\n\t<img src=\"http:\/\/www.periodistasporlaigualdad.org\/wp-content\/uploads\/2018\/04\/maria.jpg\" width=\"376\" height=\"430\" srcset=\"http:\/\/www.periodistasporlaigualdad.org\/wp-content\/uploads\/2018\/04\/maria.jpg 376w, http:\/\/www.periodistasporlaigualdad.org\/wp-content\/uploads\/2018\/04\/maria-262x300.jpg 262w\" sizes=\"(max-width: 376px) 100vw, 376px\" \t\tclass=\"so-widget-image\"\/>\n<\/div>\n\n<\/div><\/div><\/div><\/div><\/div>","protected":false},"excerpt":{"rendered":"<p>Mar\u00eda Bosque Estudi\u00e9 Periodismo en la Complutense y un postgrado de Experto en Informaci\u00f3n Econ\u00f3mica en la Universidad de Zaragoza. Fund\u00e9 MbS Comunicaci\u00f3n y trabajo actualmente por cuenta propia. Soy responsable de comunicaci\u00f3n, web site y redes sociales de la organizaci\u00f3n agraria UPA Arag\u00f3n (Uni\u00f3n de Peque\u00f1os Agricultores y Ganaderos) y de la empresa Mekanaves del Grupo Salvia; tambi\u00e9n corresponsal de Arag\u00f3n Radio en la Comarca de Cinco Villas. Hago locuci\u00f3n de documentales y publicidad (serie promocional del Parque del Agua de Zaragoza), organizo eventos e imparto cursos de comunicaci\u00f3n para empresas y particulares. &nbsp; &nbsp; \u00a0 &nbsp;<\/p>\n","protected":false},"author":1,"featured_media":0,"parent":0,"menu_order":0,"comment_status":"closed","ping_status":"closed","template":"","meta":[],"_links":{"self":[{"href":"http:\/\/www.periodistasporlaigualdad.org\/index.php?rest_route=\/wp\/v2\/pages\/945"}],"collection":[{"href":"http:\/\/www.periodistasporlaigualdad.org\/index.php?rest_route=\/wp\/v2\/pages"}],"about":[{"href":"http:\/\/www.periodistasporlaigualdad.org\/index.php?rest_route=\/wp\/v2\/types\/page"}],"author":[{"embeddable":true,"href":"http:\/\/www.periodistasporlaigualdad.org\/index.php?rest_route=\/wp\/v2\/users\/1"}],"replies":[{"embeddable":true,"href":"http:\/\/www.periodistasporlaigualdad.org\/index.php?rest_route=%2Fwp%2Fv2%2Fcomments&post=945"}],"version-history":[{"count":4,"href":"http:\/\/www.periodistasporlaigualdad.org\/index.php?rest_route=\/wp\/v2\/pages\/945\/revisions"}],"predecessor-version":[{"id":949,"href":"http:\/\/www.periodistasporlaigualdad.org\/index.php?rest_route=\/wp\/v2\/pages\/945\/revisions\/949"}],"wp:attachment":[{"href":"http:\/\/www.periodistasporlaigualdad.org\/index.php?rest_route=%2Fwp%2Fv2%2Fmedia&parent=945"}],"curies":[{"name":"wp","href":"https:\/\/api.w.org\/{rel}","templated":true}]}}